{"id":19606,"date":"2024-12-09T15:05:28","date_gmt":"2024-12-09T14:05:28","guid":{"rendered":"https:\/\/www.museum-re.de\/?post_type=nb_exhibition&#038;p=19606"},"modified":"2025-09-24T15:00:37","modified_gmt":"2025-09-24T13:00:37","slug":"helen-frankenthaler-move-and-make","status":"publish","type":"nb_exhibition","link":"https:\/\/www.museum-re.de\/de\/kunst\/ausstellungen\/helen-frankenthaler-move-and-make\/","title":{"rendered":"Helen Frankenthaler. Move and Make"},"content":{"rendered":"<div class=\"ce ce-twocol      \">\n\t<div class=\"container\">\n\t\t<div class=\"row\">\n\t\t\t<div class=\"col col-custom-1\">\n\t\t\t\t<p>Verpassen Sie nicht die erste Sonderausstellung der bildenden Kunst im mre: <strong>Helen Frankenthaler. Move and Make.<\/strong> Erstmals sind die hinrei\u00dfenden Farbwelten der international gefeierten K\u00fcnstlerin aus der Sammlung Reinhard Ernst in einer gro\u00dfen Einzelausstellung zu sehen.<\/p>\n<p>Die erste Malerei-Wechselausstellung des Museums Reinhard Ernst w\u00fcrdigt den Pioniergeist Helen Frankenthalers (1928\u20132011) in einem Rundgang durch vier Jahrzehnte ihres unerm\u00fcdlichen Engagements und macht damit ihre Hingabe an das Medium Malerei sichtbar.<\/p>\n<p>Ihren Willen zur Erneuerung und ihr sch\u00f6pferisches Selbstverst\u00e4ndnis erkl\u00e4rte Frankenthaler Anfang der 1970er Jahre in jenem Zitat, das in verdichteter Form der Schau den Titel verleiht. &#8218;I\u2019d rather think and move and make than halt&#8216; (\u201eIch denke lieber, bewege und mache, als stehen zu bleiben\u201c).<\/p>\n<p>In der New Yorker Kunstszene der 1950er Jahre setzte sich die damals 23-J\u00e4hrige mit ihrer Erfindung der Soak-Stain-Technik durch, bei der sie verd\u00fcnnte Farbe in unbehandelte Leinwandbahnen einsickern lie\u00df. Als eine der ersten K\u00fcnstler:innen jener Zeit rollte sie die Leinwand auf dem Boden aus und verteilte die Farbe mit Schw\u00e4mmen und B\u00fcrsten auf der Oberfl\u00e4che \u2013 ein revolution\u00e4rer Move. Sie schuf Kompositionen, die das Verh\u00e4ltnis von Farbe, Form und Raum neu ausloteten.<\/p>\n\t\t\t<\/div>\n\t\t\t<div class=\"col col-custom-2\">\n\t\t\t\t<p>Frankenthalers Schaffen, ihr <em>Making<\/em>, ist ein wesentlicher Beitrag zu einem entschieden modernen K\u00fcnstler:innenverst\u00e4ndnis, bei dem bis in die ersten Jahrzehnte des 20. Jahrhunderts Autorenschaft und Kontrolle unangefochten im Vordergrund standen. Sie beschritt einen anderen Weg als die m\u00e4nnlichen Zeitgenossen, die actionreich Pinselhiebe und Farbtropfen fliegen lie\u00dfen. Mit ihrem ureigenen Soak-Stain er\u00f6ffnete sie der Malerei neue R\u00e4ume.<\/p>\n<p>Heute wird Helen Frankenthaler als wegweisende Vermittlerin zwischen dem Action Painting und der Farbfeldmalerei gefeiert. Sie gab der amerikanischen Nachkriegskunst eine entscheidende Wendung.<br \/>\nDie Bilder sind vom Willen zum Risiko gezeichnet: Indem Frankenthaler sich selbst in ihrem Kunstschaffen keine Grenzen setzt, entstehen gro\u00dfformatige, freie Malereien voller Strahlkraft. Ein \u0152uvre, das auch heute von hoher Relevanz ist.<\/p>\n<p><strong>Buchen Sie Ihr Ticket bequem online.<\/strong><\/p>\n<p><a class=\"cta-primary\" href=\"https:\/\/shop.museum-re.de\/de\/tickets\">Hier kaufen<\/a><\/p>\n<p>&nbsp;<\/p>\n\t\t\t<\/div>\n\t\t<\/div>\n\t<\/div>\n<\/div>\n\n\n<div class=\"ce ce-twocol      \">\n\t<div class=\"container\">\n\t\t<div class=\"row\">\n\t\t\t<div class=\"col col-custom-1\">\n\t\t\t\t\n<div class=\"brlbs-cmpnt-container brlbs-cmpnt-content-blocker brlbs-cmpnt-with-individual-styles\" data-borlabs-cookie-content-blocker-id=\"youtube-content-blocker\" data-borlabs-cookie-content=\"PGRpdiBjbGFzcz0icmVzcG9uc2l2ZS12aWRlbyI+PGlmcmFtZSB0aXRsZT0iTXVzZXVtIFJlaW5oYXJkIEVybnN0OiBIZWxlbiBGcmFua2VudGhhbGVyLiBNb3ZlIGFuZCBNYWtlIChUcmFpbGVyKSIgd2lkdGg9IjUwMCIgaGVpZ2h0PSIyODEiIHNyYz0iaHR0cHM6Ly93d3cueW91dHViZS1ub2Nvb2tpZS5jb20vZW1iZWQvMlBZTFNhMnl0Vjg\/ZmVhdHVyZT1vZW1iZWQmc2hvd2luZm89MCIgZnJhbWVib3JkZXI9IjAiIGFsbG93PSJhY2NlbGVyb21ldGVyOyBhdXRvcGxheTsgY2xpcGJvYXJkLXdyaXRlOyBlbmNyeXB0ZWQtbWVkaWE7IGd5cm9zY29wZTsgcGljdHVyZS1pbi1waWN0dXJlOyB3ZWItc2hhcmUiIHJlZmVycmVycG9saWN5PSJzdHJpY3Qtb3JpZ2luLXdoZW4tY3Jvc3Mtb3JpZ2luIiBhbGxvd2Z1bGxzY3JlZW4+PC9pZnJhbWU+PC9kaXY+\">\n<div class=\"brlbs-cmpnt-cb-preset-c brlbs-cmpnt-cb-youtube\">\n<div class=\"brlbs-cmpnt-cb-thumbnail\" style=\"background-image: url('https:\/\/www.museum-re.de\/wp-content\/uploads\/borlabs-cookie\/1\/yt_2PYLSa2ytV8_hqdefault.jpg')\"><\/div>\n<div class=\"brlbs-cmpnt-cb-main\">\n<div class=\"brlbs-cmpnt-cb-play-button\"><\/div>\n<div class=\"brlbs-cmpnt-cb-content\">\n<p class=\"brlbs-cmpnt-cb-description\">Sie sehen gerade einen Platzhalterinhalt von <strong>YouTube<\/strong>. Um auf den eigentlichen Inhalt zuzugreifen, klicken Sie auf die Schaltfl\u00e4che unten. Bitte beachten Sie, dass dabei Daten an Drittanbieter weitergegeben werden.<\/p>\n<p> <a class=\"brlbs-cmpnt-cb-provider-toggle\" href=\"#\" data-borlabs-cookie-show-provider-information role=\"button\">Mehr Informationen<\/a> <\/div>\n<div class=\"brlbs-cmpnt-cb-buttons\"> <a class=\"brlbs-cmpnt-cb-btn\" href=\"#\" data-borlabs-cookie-unblock role=\"button\">Inhalt entsperren<\/a> <a class=\"brlbs-cmpnt-cb-btn\" href=\"#\" data-borlabs-cookie-accept-service role=\"button\" style=\"display: inherit\">Erforderlichen Service akzeptieren und Inhalte entsperren<\/a> <\/div>\n<\/p><\/div>\n<\/p><\/div>\n<\/div>\n<p>&nbsp;<\/p>\n\t\t\t<\/div>\n\t\t\t<div class=\"col col-custom-2\">\n\t\t\t\t\n<div class=\"brlbs-cmpnt-container brlbs-cmpnt-content-blocker brlbs-cmpnt-with-individual-styles\" data-borlabs-cookie-content-blocker-id=\"youtube-content-blocker\" data-borlabs-cookie-content=\"PGRpdiBjbGFzcz0icmVzcG9uc2l2ZS12aWRlbyI+PGlmcmFtZSB0aXRsZT0i4oCeSGVsZW4gRnJhbmtlbnRoYWxlci4gTW92ZSBhbmQgTWFrZeKAnCBpbSBNdXNldW0gUmVpbmhhcmQgRXJuc3QiIHdpZHRoPSI1MDAiIGhlaWdodD0iMjgxIiBzcmM9Imh0dHBzOi8vd3d3LnlvdXR1YmUtbm9jb29raWUuY29tL2VtYmVkL0FQUDVuX1loYl9VP2ZlYXR1cmU9b2VtYmVkJnNob3dpbmZvPTAiIGZyYW1lYm9yZGVyPSIwIiBhbGxvdz0iYWNjZWxlcm9tZXRlcjsgYXV0b3BsYXk7IGNsaXBib2FyZC13cml0ZTsgZW5jcnlwdGVkLW1lZGlhOyBneXJvc2NvcGU7IHBpY3R1cmUtaW4tcGljdHVyZTsgd2ViLXNoYXJlIiByZWZlcnJlcnBvbGljeT0ic3RyaWN0LW9yaWdpbi13aGVuLWNyb3NzLW9yaWdpbiIgYWxsb3dmdWxsc2NyZWVuPjwvaWZyYW1lPjwvZGl2Pg==\">\n<div class=\"brlbs-cmpnt-cb-preset-c brlbs-cmpnt-cb-youtube\">\n<div class=\"brlbs-cmpnt-cb-thumbnail\" style=\"background-image: url('https:\/\/www.museum-re.de\/wp-content\/uploads\/borlabs-cookie\/1\/yt_APP5n_Yhb_U_hqdefault.jpg')\"><\/div>\n<div class=\"brlbs-cmpnt-cb-main\">\n<div class=\"brlbs-cmpnt-cb-play-button\"><\/div>\n<div class=\"brlbs-cmpnt-cb-content\">\n<p class=\"brlbs-cmpnt-cb-description\">Sie sehen gerade einen Platzhalterinhalt von <strong>YouTube<\/strong>. Um auf den eigentlichen Inhalt zuzugreifen, klicken Sie auf die Schaltfl\u00e4che unten. Bitte beachten Sie, dass dabei Daten an Drittanbieter weitergegeben werden.<\/p>\n<p> <a class=\"brlbs-cmpnt-cb-provider-toggle\" href=\"#\" data-borlabs-cookie-show-provider-information role=\"button\">Mehr Informationen<\/a> <\/div>\n<div class=\"brlbs-cmpnt-cb-buttons\"> <a class=\"brlbs-cmpnt-cb-btn\" href=\"#\" data-borlabs-cookie-unblock role=\"button\">Inhalt entsperren<\/a> <a class=\"brlbs-cmpnt-cb-btn\" href=\"#\" data-borlabs-cookie-accept-service role=\"button\" style=\"display: inherit\">Erforderlichen Service akzeptieren und Inhalte entsperren<\/a> <\/div>\n<\/p><\/div>\n<\/p><\/div>\n<\/div>\n<p>&nbsp;<\/p>\n\t\t\t<\/div>\n\t\t<\/div>\n\t<\/div>\n<\/div>\n\n\n\t\t<div class=\"ce ce-accordion      \">\n\t\t  <div class=\"container\">\n\t\t\t<div class=\"row\">\n\t\t\t  <div class=\"col\">\n\t\t\t\t<div class=\"accordion\"><div class=\"accordion-panel\" data-panel-id=\"katalog\">\n\t<div class=\"accordion-headline\">\n\t\t<h4>Katalog<\/h4>\n\t<\/div>\n\t<div class=\"accordion-content\">\n\t\t<div class=\"accordion-content-inner\">\n\n\n<div class=\"ce ce-twocol      \">\n\t<div class=\"container\">\n\t\t<div class=\"row\">\n\t\t\t<div class=\"col col-custom-1\">\n\t\t\t\t\t\t\t<\/div>\n\t\t\t<div class=\"col col-custom-2\">\n\t\t\t\t\t\t\t<\/div>\n\t\t<\/div>\n\t<\/div>\n<\/div>\n\n\n<div class=\"ce ce-twocol    layout-4-8  \">\n\t<div class=\"container\">\n\t\t<div class=\"row\">\n\t\t\t<div class=\"col col-custom-1\">\n\t\t\t\t<figure><img loading=\"lazy\" decoding=\"async\" class=\"alignnone wp-image-23004 size-full\" src=\"https:\/\/www.museum-re.de\/wp-content\/uploads\/2024\/12\/Hirmer_Katalog_Helen-Frankenthaler.png\" alt=\"\" width=\"350\" height=\"459\" \/><\/figure>\n\t\t\t<\/div>\n\t\t\t<div class=\"col col-custom-2\">\n\t\t\t\t<p><strong>Helen Frankenthaler<\/strong><br \/>\nHg. Reinhard und Sonja Ernst-Stiftung<br \/>\nBeitr\u00e4ge von D. Dreishpoon, R. Ernst, L. Kikol, O. Kornhoff, L. Sch\u00e4fer<br \/>\nDeutsch-englische Ausgabe<br \/>\n160 Seiten, 75 Abbildungen in Farbe<br \/>\n25 \u00d7 30,7 cm, gebunden<br \/>\n978-3-7774-4538-0<\/p>\n<p><a class=\"cta-primary\" href=\"https:\/\/shop.museum-re.de\/de\/shopartikel\/buecher\/helen-frankenthaler-katalog\">Hier kaufen<\/a><\/p>\n\t\t\t<\/div>\n\t\t<\/div>\n\t<\/div>\n<\/div>\n\n\n<\/div><\/div><\/div><div class=\"accordion-panel\" data-panel-id=\"plakat\">\n\t<div class=\"accordion-headline\">\n\t\t<h4>Plakat<\/h4>\n\t<\/div>\n\t<div class=\"accordion-content\">\n\t\t<div class=\"accordion-content-inner\">\n\n\n<div class=\"ce ce-gallery lightbox-gallery      \">\n\t<div class=\"container\">\n\t\t<div class=\"row\">\n\t\t\t\t\t\t\t<div class=\"gallery-item is-portrait\">\n\t\t\t\t\t<a href=\"https:\/\/www.museum-re.de\/wp-content\/uploads\/2024\/12\/NEU_mre_Frankenthaler-A1-reduziert-250221_04_final.jpg\" data-fancybox=\"gallery-1\">\n\t\t\t\t\t\t<figure>\n\t\t\t\t\t\t\t<div class=\"img-wrapper\">\n\t\t\t\t\t\t\t\t<img loading=\"lazy\" decoding=\"async\" width=\"570\" height=\"800\" src=\"https:\/\/www.museum-re.de\/wp-content\/uploads\/2024\/12\/NEU_mre_Frankenthaler-A1-reduziert-250221_04_final-570x800.jpg\" class=\"attachment-medium size-medium\" alt=\"\" srcset=\"https:\/\/www.museum-re.de\/wp-content\/uploads\/2024\/12\/NEU_mre_Frankenthaler-A1-reduziert-250221_04_final-570x800.jpg 570w, https:\/\/www.museum-re.de\/wp-content\/uploads\/2024\/12\/NEU_mre_Frankenthaler-A1-reduziert-250221_04_final-729x1024.jpg 729w, https:\/\/www.museum-re.de\/wp-content\/uploads\/2024\/12\/NEU_mre_Frankenthaler-A1-reduziert-250221_04_final-768x1079.jpg 768w, https:\/\/www.museum-re.de\/wp-content\/uploads\/2024\/12\/NEU_mre_Frankenthaler-A1-reduziert-250221_04_final-1094x1536.jpg 1094w, https:\/\/www.museum-re.de\/wp-content\/uploads\/2024\/12\/NEU_mre_Frankenthaler-A1-reduziert-250221_04_final-1458x2048.jpg 1458w\" sizes=\"auto, (max-width: 570px) 100vw, 570px\" \/>\t\t\t\t\t\t\t<\/div>\n\t\t\t\t\t\t\t<figcaption>\n\t\t\t\t\t\t\t\t\t\t\t\t\t\t\t\t\t\t\t\t\t\t\t<\/figcaption>\n\t\t\t\t\t\t<\/figure>\n\t\t\t\t\t<\/a>\n\t\t\t\t<\/div>\n\t\t\t\t\t<\/div>\n\t<\/div>\n<\/div>\n\n<div class=\"ce ce-onecol      \">\n\t<div class=\"container\">\n\t\t<div class=\"row\">\n\t\t\t<div class=\"col\">\n\t\t\t\t<p>Erh\u00e4ltlich in unserem Museumsshop an der Wilhelmstra\u00dfe 1.<\/p>\n\t\t\t<\/div>\n\t\t<\/div>\n\t<\/div>\n<\/div>\n\n\n<\/div><\/div><\/div><div class=\"accordion-panel\" data-panel-id=\"begleitprogramm\">\n\t<div class=\"accordion-headline\">\n\t\t<h4>Begleitprogramm<\/h4>\n\t<\/div>\n\t<div class=\"accordion-content\">\n\t\t<div class=\"accordion-content-inner\">\n\n\n<div class=\"ce ce-twocol      \">\n\t<div class=\"container\">\n\t\t<div class=\"row\">\n\t\t\t<div class=\"col col-custom-1\">\n\t\t\t\t<p><strong>ARTE-Filmpremiere<\/strong><br \/>\nMalen ohne Regeln \u2013 Amerikanische K\u00fcnstlerinnen<br \/>\nder Nachkriegszeit. Dokumentation von Maria Anna Tappeiner; ARTE\/ZDF 2025, 52 Min.<br \/>\nMittwoch, 2. April 2025<br \/>\n18.30 Uhr<br \/>\nEintritt frei mit Anmeldung (Tickets online ausgebucht)<\/p>\n<p><strong>Kurze Nacht der Galerien und Museen in Wiesbaden<\/strong><br \/>\nSamstag, 5. April 2025<br \/>\n19\u201324 Uhr, Eintritt frei<\/p>\n<p>Um 19 und 21 Uhr zeigen wir den ARTE-Film<br \/>\n<em>Malen ohne Regeln \u2013 Amerikanische K\u00fcnstlerinnen<\/em><br \/>\n<em>der Nachkriegszeit<\/em>.<\/p>\n<p><strong>F\u00fchrung mit der Kuratorin Lea Sch\u00e4fer<\/strong><br \/>\n26.3., 21.5. und 10.9.2025<br \/>\n18 Uhr<br \/>\nDauer: 60 Minuten<br \/>\nPreis: 15 \u20ac pro Person zzgl. Eintrittspreis<\/p>\n\t\t\t<\/div>\n\t\t\t<div class=\"col col-custom-2\">\n\t\t\t\t<p><strong>Internationale Maifestspiele<\/strong><br \/>\nMit dem Star-Choreografen William Forsythe kommt der Tanz ins Museum Reinhard Ernst.<br \/>\n2.\u20134. Mai 2025<br \/>\n19 Uhr<br \/>\nTickets: <a href=\"http:\/\/stth-wi-shop.comfortticket.de\">stth-wi-shop.comfortticket.de<\/a> (AUSVERKAUFT)<\/p>\n<p><strong>Vortrag von Lise Motherwell: Helen Frankenthaler: Zu Hause und im Atelier<\/strong><br \/>\nSonntag, 28. September, 16 Uhr<br \/>\nEintritt: 8 \u20ac. Tickets k\u00f6nnen online <a href=\"https:\/\/shop.museum-re.de\/en\/tickets\/vortrag-lise-motherwell?date=2025-09-28&amp;time=16:00#priceKindsTitleFocus\">hier <\/a>gebucht werden. Mit dem Erwerb des Vortragtickets erhalten Sie erm\u00e4\u00dfigten Eintritt in die Ausstellungsr\u00e4ume. Bitte zeigen Sie hierf\u00fcr Ihr Vortragsticket an der Museumskasse vor.<\/p>\n\t\t\t<\/div>\n\t\t<\/div>\n\t<\/div>\n<\/div>\n\n\n<\/div><\/div><\/div><div class=\"accordion-panel\" data-panel-id=\"soak-stain-workshops\">\n\t<div class=\"accordion-headline\">\n\t\t<h4>Soak-Stain Workshops<\/h4>\n\t<\/div>\n\t<div class=\"accordion-content\">\n\t\t<div class=\"accordion-content-inner\">\n\n\n<div class=\"ce ce-twocol      \">\n\t<div class=\"container\">\n\t\t<div class=\"row\">\n\t\t\t<div class=\"col col-custom-1\">\n\t\t\t\t<p>Begleitend zur Sonderausstellung \u201eHelen Frankenthaler. Move and Make\u201c im Museum Reinhard Ernst Wiesbaden bietet Lara Stamm von <a href=\"https:\/\/www.studiostiller.com\/\"><strong>Studio Stiller<\/strong><\/a> einen exklusiven Workshop an, der Sie einl\u00e4dt, die innovative Soak-Stain-Technik der amerikanischen K\u00fcnstlerin selbst zu erleben.<\/p>\n<p>Im<strong> <a href=\"https:\/\/www.studiostiller.com\/produkt\/move-make\">Workshop<\/a><\/strong> gestalten Sie unter professioneller Anleitung Ihr eigenes textiles Kunstwerk und tauchen dabei in die faszinierende Welt der Farben ein. Egal ob Sie bereits mit Frankenthalers Werk vertraut sind oder einfach Ihre kreative Seite entdecken m\u00f6chten \u2013 dieser Workshop bietet Ihnen die perfekte Gelegenheit dazu.<\/p>\n<p>&nbsp;<\/p>\n<p><a class=\"cta-primary\" href=\"https:\/\/www.studiostiller.com\/produkt\/move-make\">Jetzt buchen<\/a><\/p>\n\t\t\t<\/div>\n\t\t\t<div class=\"col col-custom-2\">\n\t\t\t\t<figure><img loading=\"lazy\" decoding=\"async\" class=\"alignnone size-full wp-image-25849\" src=\"https:\/\/www.museum-re.de\/wp-content\/uploads\/2024\/12\/Workshop_Studio-Stiller_animiert.gif\" alt=\"\" width=\"800\" height=\"500\" \/><\/figure>\n\t\t\t<\/div>\n\t\t<\/div>\n\t<\/div>\n<\/div>\n\n\n<\/div><\/div><\/div><div class=\"accordion-panel\" data-panel-id=\"podcast\">\n\t<div class=\"accordion-headline\">\n\t\t<h4>Podcast<\/h4>\n\t<\/div>\n\t<div class=\"accordion-content\">\n\t\t<div class=\"accordion-content-inner\">\n\n\n<div class=\"ce ce-twocol      \">\n\t<div class=\"container\">\n\t\t<div class=\"row\">\n\t\t\t<div class=\"col col-custom-1\">\n\t\t\t\t<p><script class=\"podigee-podcast-player\" src=\"https:\/\/player.podigee-cdn.net\/podcast-player\/javascripts\/podigee-podcast-player.js\" data-configuration=\"https:\/\/helenfrankenthaler.podigee.io\/embed?context=external\"><\/script><\/p>\n\t\t\t<\/div>\n\t\t\t<div class=\"col col-custom-2\">\n\t\t\t\t\t\t\t<\/div>\n\t\t<\/div>\n\t<\/div>\n<\/div>\n\n\n<\/div><\/div><\/div><\/div><\/div><\/div><\/div><\/div>","protected":false},"excerpt":{"rendered":"","protected":false},"featured_media":34855,"template":"","class_list":["post-19606","nb_exhibition","type-nb_exhibition","status-publish","has-post-thumbnail","hentry"],"acf":[],"_links":{"self":[{"href":"https:\/\/www.museum-re.de\/de\/wp-json\/wp\/v2\/nb_exhibition\/19606","targetHints":{"allow":["GET"]}}],"collection":[{"href":"https:\/\/www.museum-re.de\/de\/wp-json\/wp\/v2\/nb_exhibition"}],"about":[{"href":"https:\/\/www.museum-re.de\/de\/wp-json\/wp\/v2\/types\/nb_exhibition"}],"wp:featuredmedia":[{"embeddable":true,"href":"https:\/\/www.museum-re.de\/de\/wp-json\/wp\/v2\/media\/34855"}],"wp:attachment":[{"href":"https:\/\/www.museum-re.de\/de\/wp-json\/wp\/v2\/media?parent=19606"}],"curies":[{"name":"wp","href":"https:\/\/api.w.org\/{rel}","templated":true}]}}