{"id":2166,"date":"2023-02-08T15:40:11","date_gmt":"2023-02-08T14:40:11","guid":{"rendered":"https:\/\/www.museum-re.de\/lernen-erleben\/angebote-fuer-gruppen\/"},"modified":"2026-02-23T14:53:42","modified_gmt":"2026-02-23T13:53:42","slug":"angebote-fuer-gruppen","status":"publish","type":"page","link":"https:\/\/www.museum-re.de\/de\/lernen-erleben\/angebote-fuer-gruppen\/","title":{"rendered":"Angebote f\u00fcr Gruppen"},"content":{"rendered":"<div class=\"ce ce-hero       fullwidth\">\n\t<div class=\"container\">\n\t\t<div class=\"row\">\n\t\t\t<div class=\"col\">\n\t\t\t\t<figure>\n\t\t\t\t\t<div class=\"img-wrapper\">\n\t\t\t\t\t\t\t\t\t\t\t\t\t<img loading=\"lazy\" decoding=\"async\" width=\"1800\" height=\"800\" src=\"https:\/\/www.museum-re.de\/wp-content\/uploads\/2024\/04\/Gruppen_Foyer_Hero.png\" class=\"attachment-full size-full\" alt=\"\" srcset=\"https:\/\/www.museum-re.de\/wp-content\/uploads\/2024\/04\/Gruppen_Foyer_Hero.png 1800w, https:\/\/www.museum-re.de\/wp-content\/uploads\/2024\/04\/Gruppen_Foyer_Hero-800x356.png 800w, https:\/\/www.museum-re.de\/wp-content\/uploads\/2024\/04\/Gruppen_Foyer_Hero-1024x455.png 1024w, https:\/\/www.museum-re.de\/wp-content\/uploads\/2024\/04\/Gruppen_Foyer_Hero-768x341.png 768w, https:\/\/www.museum-re.de\/wp-content\/uploads\/2024\/04\/Gruppen_Foyer_Hero-1536x683.png 1536w\" sizes=\"auto, (max-width: 1800px) 100vw, 1800px\" \/>\t\t\t\t\t\t\t\t\t\t\t<\/div>\n\t\t\t\t\t\t\t\t\t<\/figure>\n\t\t\t<\/div>\n\t\t<\/div>\n\t<\/div>\n<\/div>\n\n\n<div class=\"ce ce-onecol   pb-medium   \">\n\t<div class=\"container\">\n\t\t<div class=\"row\">\n\t\t\t<div class=\"col\">\n\t\t\t\t<h1>Mit Ihrer Gruppe ins mre<\/h1>\n\t\t\t<\/div>\n\t\t<\/div>\n\t<\/div>\n<\/div>\n\n\n<div class=\"ce ce-twocol    layout-6-5  \">\n\t<div class=\"container\">\n\t\t<div class=\"row\">\n\t\t\t<div class=\"col col-custom-1\">\n\t\t\t\t<p><strong>Sie m\u00f6chten gerne mit Ihrem Verein im mre vorbeischauen, den n\u00e4chsten Kindergeburtstag planen oder eines unserer Formate ganz exklusiv buchen?<\/strong><\/p>\n<p>Als Gruppe von mehr als zehn Personen profitieren Sie von unserem erm\u00e4\u00dfigten Eintritt. Die Tickets erhalten Sie an der Museumskasse.<br \/>\nWenn Sie auf Ihrem Rundgang durch die Sammlungspr\u00e4sentation oder die Sonderausstellung kompetent und unterhaltsam begleitet werden m\u00f6chten, ber\u00e4t Sie unser Team von Lernen &amp; Erleben gerne zu einem Gruppenangebot, oder Sie reservieren sich direkt einen passenden Termin mit entsprechender Vorlaufzeit.<\/p>\n<p>Wie w\u00e4re es mit einem Kaffee oder einer kulinarischen K\u00f6stlichkeit im Anschluss? Im rue 1 by gollner\u2018s klingt ein Besuch im mre stilvoll aus.<\/p>\n<p>&nbsp;<\/p>\n<p><a  href=\"#\" class=\"q-mail-protect cta-primary\" data-email=\"KC0oABstNzEDQhFKETstKnMDN1RCWk98Oj9PGD4=\" data-email-protected=\"1\" data-render=\"delayed\" >Gruppenrundgang anfragen<\/a><\/p>\n\t\t\t<\/div>\n\t\t\t<div class=\"col col-custom-2\">\n\t\t\t\t<figure><img loading=\"lazy\" decoding=\"async\" class=\"alignnone wp-image-8126 size-full\" src=\"https:\/\/www.museum-re.de\/wp-content\/uploads\/2024\/04\/Gruppenbesuch_800500.png\" alt=\"\" width=\"800\" height=\"500\" srcset=\"https:\/\/www.museum-re.de\/wp-content\/uploads\/2024\/04\/Gruppenbesuch_800500.png 800w, https:\/\/www.museum-re.de\/wp-content\/uploads\/2024\/04\/Gruppenbesuch_800500-768x480.png 768w\" sizes=\"auto, (max-width: 800px) 100vw, 800px\" \/><\/figure>\n\t\t\t<\/div>\n\t\t<\/div>\n\t<\/div>\n<\/div>\n\n\n<div class=\"ce ce-onecol  pt-small   bgr-white \">\n\t<div class=\"container\">\n\t\t<div class=\"row\">\n\t\t\t<div class=\"col\">\n\t\t\t\t<h2>Angebote f\u00fcr Gruppen<\/h2>\n<p><strong>\u00a0<\/strong><\/p>\n\t\t\t<\/div>\n\t\t<\/div>\n\t<\/div>\n<\/div>\n\n\n<div class=\"ce ce-twocol   pb-medium layout-6-5 bgr-white  vertically-centered\">\n\t<div class=\"container\">\n\t\t<div class=\"row\">\n\t\t\t<div class=\"col col-custom-1\">\n\t\t\t\t<figure><img loading=\"lazy\" decoding=\"async\" class=\"alignnone wp-image-5069 size-full\" src=\"https:\/\/www.museum-re.de\/wp-content\/uploads\/2023\/02\/Shimamoto_Teaser.png\" alt=\"\" width=\"800\" height=\"500\" srcset=\"https:\/\/www.museum-re.de\/wp-content\/uploads\/2023\/02\/Shimamoto_Teaser.png 800w, https:\/\/www.museum-re.de\/wp-content\/uploads\/2023\/02\/Shimamoto_Teaser-768x480.png 768w, https:\/\/www.museum-re.de\/wp-content\/uploads\/2023\/02\/Shimamoto_Teaser-300x188.png 300w\" sizes=\"auto, (max-width: 800px) 100vw, 800px\" \/><\/figure>\n\t\t\t<\/div>\n\t\t\t<div class=\"col col-custom-2\">\n\t\t\t\t<h2>Farbe ist alles! \u2013 Rundgang Sammlungspr\u00e4sentation f\u00fcr Gruppen<\/h2>\n<p>Bei einem abwechslungsreichen Rundgang durch die Sammlungspr\u00e4sentation <em>Farbe ist alles! <\/em>geben wir Einblicke in die Kunst der Sammlung Reinhard Ernst. Wir stellen unsere kuratorischen Ideen vor und laden zum gemeinsamen Austausch \u00fcber die Werke ein. Neben einem umfassenden \u00dcberblick erfahren Sie mehr zur Entstehung und den Hintergr\u00fcnden einzelner Highlights der Ausstellung.<\/p>\n<p>&nbsp;<\/p>\n<p><a class=\"cta-primary\" href=\"https:\/\/shop.museum-re.de\/de\/rundgaenge-workshops\/gruppen\/farbe-ist-alles-rundgang-sammlungspraesentation-fuer-gruppen\">jetzt anfragen<\/a><\/p>\n\t\t\t<\/div>\n\t\t<\/div>\n\t<\/div>\n<\/div>\n\n\n<div class=\"ce ce-twocol   pb-medium layout-6-5 bgr-white  vertically-centered\">\n\t<div class=\"container\">\n\t\t<div class=\"row\">\n\t\t\t<div class=\"col col-custom-1\">\n\t\t\t\t<figure><img loading=\"lazy\" decoding=\"async\" class=\"alignnone size-full wp-image-41052\" src=\"https:\/\/www.museum-re.de\/wp-content\/uploads\/2026\/02\/pHsgksCkwk8zvNZw4LSeogCprp80CAtQqqGNsuok.webp\" alt=\"\" width=\"800\" height=\"500\" srcset=\"https:\/\/www.museum-re.de\/wp-content\/uploads\/2026\/02\/pHsgksCkwk8zvNZw4LSeogCprp80CAtQqqGNsuok.webp 800w, https:\/\/www.museum-re.de\/wp-content\/uploads\/2026\/02\/pHsgksCkwk8zvNZw4LSeogCprp80CAtQqqGNsuok-768x480.webp 768w\" sizes=\"auto, (max-width: 800px) 100vw, 800px\" \/><\/figure>\n\t\t\t<\/div>\n\t\t\t<div class=\"col col-custom-2\">\n\t\t\t\t<h2>Wolfgang Hollegha. Denk nicht, schau! \u2013 Rundgang Sonderausstellung f\u00fcr Gruppen<\/h2>\n<p>Kommen Sie mit uns auf eine Reise in die Bildwelten Wolfgang Holleghas \u2013 einem der bedeutendsten Maler \u00d6sterreichs nach 1945, dessen Oeuvre nun erstmals als gro\u00dfe monografische Museumspr\u00e4sentation in Deutschland am mre zu sehen ist.<\/p>\n<p>Vom Big Apple auf den Rechberg, vom R\u00fcckzug aus der Gesellschaft, um sich dem Sichtbaren ganz anzun\u00e4hern. Von diesen so zeitgem\u00e4\u00dfen Bed\u00fcrfnissen erz\u00e4hlt die abstrakte Kunst Wolfgang Holleghas. Lassen Sie sich inspirieren!<\/p>\n<p><a class=\"cta-primary\" href=\"https:\/\/shop.museum-re.de\/de\/rundgaenge-workshops\/gruppen\/wolfgang-hollegha-rundgang-sonderausstellung-gruppen\">jetzt anfragen<\/a><\/p>\n\t\t\t<\/div>\n\t\t<\/div>\n\t<\/div>\n<\/div>\n\n\n<div class=\"ce ce-twocol   pb-medium layout-6-5 bgr-white  vertically-centered\">\n\t<div class=\"container\">\n\t\t<div class=\"row\">\n\t\t\t<div class=\"col col-custom-1\">\n\t\t\t\t<figure><img loading=\"lazy\" decoding=\"async\" class=\"alignnone size-full wp-image-27198\" src=\"https:\/\/www.museum-re.de\/wp-content\/uploads\/2025\/03\/0843nE4pLGX63ImGUgnuksZWq87g7xuXpf0IAzjQ.webp\" alt=\"\" width=\"800\" height=\"500\" srcset=\"https:\/\/www.museum-re.de\/wp-content\/uploads\/2025\/03\/0843nE4pLGX63ImGUgnuksZWq87g7xuXpf0IAzjQ.webp 800w, https:\/\/www.museum-re.de\/wp-content\/uploads\/2025\/03\/0843nE4pLGX63ImGUgnuksZWq87g7xuXpf0IAzjQ-768x480.webp 768w\" sizes=\"auto, (max-width: 800px) 100vw, 800px\" \/><\/figure>\n\t\t\t<\/div>\n\t\t\t<div class=\"col col-custom-2\">\n\t\t\t\t<h2>Alles Kunst! \u00dcbersichtsf\u00fchrung Sammlung und Sonderausstellung f\u00fcr Gruppen<\/h2>\n<p>Das Beste von allem? <em>Alles Kunst!<\/em><\/p>\n<p>Lassen Sie uns tief in die Farb- und Formwelten der abstrakten Kunst aus der Sammlung Reinhard Ernst eintauchen! Auf diesem Rundgang erkundet Ihre Gruppe exklusiv und mit fachkundiger Begleitung die aktuelle Sonderausstellung sowie ausgew\u00e4hlte R\u00e4ume der Sammlungspr\u00e4sentation.<\/p>\n<p>&nbsp;<\/p>\n<p><a class=\"cta-primary\" href=\"https:\/\/shop.museum-re.de\/de\/rundgaenge-workshops\/gruppen\/alles-kunst-uebersichtsfuehrung-sammlung-und-sonderausstellung-fuer-gruppen\">jetzt anfragen<\/a><\/p>\n\t\t\t<\/div>\n\t\t<\/div>\n\t<\/div>\n<\/div>\n\n\n<div class=\"ce ce-twocol   pb-medium layout-6-5 bgr-white  vertically-centered\">\n\t<div class=\"container\">\n\t\t<div class=\"row\">\n\t\t\t<div class=\"col col-custom-1\">\n\t\t\t\t<figure><img loading=\"lazy\" decoding=\"async\" class=\"alignnone wp-image-8118 size-full\" src=\"https:\/\/www.museum-re.de\/wp-content\/uploads\/2024\/04\/Farbe-ist-alles-und-Architektur_800500.png\" alt=\"\" width=\"800\" height=\"500\" srcset=\"https:\/\/www.museum-re.de\/wp-content\/uploads\/2024\/04\/Farbe-ist-alles-und-Architektur_800500.png 800w, https:\/\/www.museum-re.de\/wp-content\/uploads\/2024\/04\/Farbe-ist-alles-und-Architektur_800500-768x480.png 768w\" sizes=\"auto, (max-width: 800px) 100vw, 800px\" \/><\/figure>\n\t\t\t<\/div>\n\t\t\t<div class=\"col col-custom-2\">\n\t\t\t\t<h2>Kunst und Architektur \u2013 Rundgang Museum und Sammlung f\u00fcr Gruppen<\/h2>\n<p>Museum Reinhard Ernst pur!<\/p>\n<p>Erleben Sie die preisgekr\u00f6nte Architektur von Fumihiko Maki und Highlights aus der Sammlungspr\u00e4sentation Farbe ist alles! unter fachkundiger F\u00fchrung. Auf diesem Rundgang teilen wir mit Ihnen das Wissen \u00fcber die besonderen Gestaltungselemente der mre Museumsarchitektur und beleuchten Hintergr\u00fcnde zu den ausgestellten Werken der Sammlung.<\/p>\n<p>&nbsp;<\/p>\n<p><a class=\"cta-primary\" href=\"https:\/\/shop.museum-re.de\/de\/rundgaenge-workshops\/gruppen\/kunst-und-architektur-rundgang-museum-und-sammlung-fuer-gruppen\">jetzt anfragen<\/a><\/p>\n\t\t\t<\/div>\n\t\t<\/div>\n\t<\/div>\n<\/div>\n\n\n<div class=\"ce ce-onecol  pt-small   bgr-white \">\n\t<div class=\"container\">\n\t\t<div class=\"row\">\n\t\t\t<div class=\"col\">\n\t\t\t\t<h2>Hinweise f\u00fcr Gruppen<\/h2>\n\t\t\t<\/div>\n\t\t<\/div>\n\t<\/div>\n<\/div>\n\n\n\t\t<div class=\"ce ce-accordion      \">\n\t\t  <div class=\"container\">\n\t\t\t<div class=\"row\">\n\t\t\t  <div class=\"col\">\n\t\t\t\t<div class=\"accordion\"><div class=\"accordion-panel\" data-panel-id=\"wie-besuche-ich-als-gruppe-das-mre\">\n\t<div class=\"accordion-headline\">\n\t\t<h4>Wie besuche ich als Gruppe das mre?<\/h4>\n\t<\/div>\n\t<div class=\"accordion-content\">\n\t\t<div class=\"accordion-content-inner\">\n\n\n<div class=\"ce ce-onecol      \">\n\t<div class=\"container\">\n\t\t<div class=\"row\">\n\t\t\t<div class=\"col\">\n\t\t\t\t<p>Wir danken, dass Sie auf selbst durchgef\u00fchrte F\u00fchrungen im Museum verzichten, und stattdessen eines unserer Angebote buchen.<\/p>\n\t\t\t<\/div>\n\t\t<\/div>\n\t<\/div>\n<\/div>\n\n\n<\/div><\/div><\/div><div class=\"accordion-panel\" data-panel-id=\"wie-gross-darf-meine-gruppe-sein\">\n\t<div class=\"accordion-headline\">\n\t\t<h4>Wie gro\u00df darf meine Gruppe sein?<\/h4>\n\t<\/div>\n\t<div class=\"accordion-content\">\n\t\t<div class=\"accordion-content-inner\">\n\n\n<div class=\"ce ce-onecol      \">\n\t<div class=\"container\">\n\t\t<div class=\"row\">\n\t\t\t<div class=\"col\">\n\t\t\t\t<p>Bei unseren Gruppenangeboten k\u00f6nnen bis zu 20 Personen teilnehmen. Gr\u00f6\u00dfere Gruppen werden geteilt. Beachten Sie bitte die Gruppengr\u00f6\u00dfe bei der Reservierung des Angebots.<\/p>\n\t\t\t<\/div>\n\t\t<\/div>\n\t<\/div>\n<\/div>\n\n\n<\/div><\/div><\/div><div class=\"accordion-panel\" data-panel-id=\"wie-lange-vor-meinem-besuch-kann-ich-reservieren\">\n\t<div class=\"accordion-headline\">\n\t\t<h4>Wie lange vor meinem Besuch kann ich reservieren?<\/h4>\n\t<\/div>\n\t<div class=\"accordion-content\">\n\t\t<div class=\"accordion-content-inner\">\n\n\n<div class=\"ce ce-onecol      \">\n\t<div class=\"container\">\n\t\t<div class=\"row\">\n\t\t\t<div class=\"col\">\n\t\t\t\t<p>Bitte reservieren Sie Ihr Gruppenangebot bis mindestens 1\u00a0Woche vor dem gew\u00fcnschten Termin. Nachdem wir die Verf\u00fcgbarkeiten unseres Vermittlungsteams gepr\u00fcft haben, erhalten Sie eine Reservierungsbest\u00e4tigung von uns.<\/p>\n\t\t\t<\/div>\n\t\t<\/div>\n\t<\/div>\n<\/div>\n\n\n<\/div><\/div><\/div><div class=\"accordion-panel\" data-panel-id=\"wo-zahle-ich-meine-buchung\">\n\t<div class=\"accordion-headline\">\n\t\t<h4>Wo zahle ich meine Buchung?<\/h4>\n\t<\/div>\n\t<div class=\"accordion-content\">\n\t\t<div class=\"accordion-content-inner\">\n\n\n<div class=\"ce ce-onecol      \">\n\t<div class=\"container\">\n\t\t<div class=\"row\">\n\t\t\t<div class=\"col\">\n\t\t\t\t<p>Ihr reserviertes Gruppenangebot und die Eintrittstickets zahlen Sie an der Museumskasse am Tag des Besuchs.<\/p>\n\t\t\t<\/div>\n\t\t<\/div>\n\t<\/div>\n<\/div>\n\n\n<\/div><\/div><\/div><div class=\"accordion-panel\" data-panel-id=\"was-muss-ich-sonst-noch-beachten\">\n\t<div class=\"accordion-headline\">\n\t\t<h4>Was muss ich sonst noch beachten?<\/h4>\n\t<\/div>\n\t<div class=\"accordion-content\">\n\t\t<div class=\"accordion-content-inner\">\n\n\n<div class=\"ce ce-onecol      \">\n\t<div class=\"container\">\n\t\t<div class=\"row\">\n\t\t\t<div class=\"col\">\n\t\t\t\t<p>Bitte planen Sie bei Ihrem Besuch gen\u00fcgend Zeit f\u00fcr das Einschlie\u00dfen von Taschen und Jacken ein. Eine ausreichende Anzahl an Spinden finden Sie im Untergeschoss.<\/p>\n\t\t\t<\/div>\n\t\t<\/div>\n\t<\/div>\n<\/div>\n\n\n<\/div><\/div><\/div><div class=\"accordion-panel\" data-panel-id=\"kann-ich-meine-fuehrung-stornieren\">\n\t<div class=\"accordion-headline\">\n\t\t<h4>Kann ich meine F\u00fchrung stornieren?<\/h4>\n\t<\/div>\n\t<div class=\"accordion-content\">\n\t\t<div class=\"accordion-content-inner\">\n\n\n<div class=\"ce ce-onecol      \">\n\t<div class=\"container\">\n\t\t<div class=\"row\">\n\t\t\t<div class=\"col\">\n\t\t\t\t<p>Die Reservierung kann bis 48 Stunden vor dem Termin kostenfrei storniert werden. Danach werden die Kosten zu 50% in Rechnung gestellt.<\/p>\n\t\t\t<\/div>\n\t\t<\/div>\n\t<\/div>\n<\/div>\n\n\n<\/div><\/div><\/div><div class=\"accordion-panel\" data-panel-id=\"wo-kann-ich-etwas-essen-und-trinken\">\n\t<div class=\"accordion-headline\">\n\t\t<h4>Wo kann ich etwas essen und trinken?<\/h4>\n\t<\/div>\n\t<div class=\"accordion-content\">\n\t\t<div class=\"accordion-content-inner\">\n\n\n<div class=\"ce ce-onecol      \">\n\t<div class=\"container\">\n\t\t<div class=\"row\">\n\t\t\t<div class=\"col\">\n\t\t\t\t<p>Einen Kaffee oder eine kulinarische K\u00f6stlichkeit im Anschluss? Das <strong>rue 1 by gollner\u2019s<\/strong> nimmt gerne Ihre Reservierung entgegen unter <a  href=\"#\" class=\"q-mail-protect\" data-email=\"Jz4+AykpNyJfAVpDAS4=\" data-email-protected=\"1\" data-render=\"delayed\" ><span class=\"q-mail-local q-mail-reversed\">&#111;&#102;&#110;&#105;<\/span><span class=\"q-mail-at\">&#64;<\/span><bdi class=\"q-mail-domain\">&#114;&#117;&#101;&#45;&#49;<\/bdi><span class=\"q-mail-tld\">&#99;&#111;&#109;<\/span><\/a> oder 0611\/76 38 3330.<\/p>\n\t\t\t<\/div>\n\t\t<\/div>\n\t<\/div>\n<\/div>\n\n\n<\/div><\/div><\/div><\/div><\/div><\/div><\/div><\/div>\n\n<div class=\"ce ce-onecol  pt-medium pb-medium  bgr-white \">\n\t<div class=\"container\">\n\t\t<div class=\"row\">\n\t\t\t<div class=\"col\">\n\t\t\t\t<p>Unser Team von Lernen &amp; Erleben ber\u00e4t Sie gerne zu allen Fragen rund um Ihren Besuch unter<br \/>\n<a  href=\"#\" class=\"q-mail-protect\" data-email=\"KC0oABstNzEDQhFKETstKnMDN1RCWk98Oj9PGD4=\" data-email-protected=\"1\" data-render=\"delayed\" ><span class=\"q-mail-local q-mail-reversed\">&#110;&#101;&#98;&#101;&#108;&#114;&#101;&#100;&#110;&#117;&#110;&#101;&#110;&#114;&#101;&#108;<\/span><span class=\"q-mail-at\">&#64;<\/span><bdi class=\"q-mail-domain\">&#109;&#117;&#115;&#101;&#117;&#109;&#45;&#114;&#101;<\/bdi><span class=\"q-mail-tld\">&#100;&#101;<\/span><\/a> oder <a href=\"tel:+49 (0) 611 763 8888 30.\">+49 (0) 611 763 8888 30.<\/a><\/p>\n\t\t\t<\/div>\n\t\t<\/div>\n\t<\/div>\n<\/div>\n\n\n\t<div class=\"ce ce-teaser-slider  min-2-items min-3-items  pt-xlarge  is-threecol  \">\n\t\t<div class=\"container\">\n\t\t\t<div class=\"row\">\n\t\t\t\t<div class=\"col\">\n\t\t\t\t\t<div class=\"teaser-header\">\n\t\t\t\t\t\t\t\t\t\t\t\t\t<h4>Das k\u00f6nnte Sie auch interessieren:<\/h4>\t\t\t\t\t\t\t\t\t\t\t\t<div class=\"swiper-button-next\"><\/div>\n\t\t\t\t\t\t<div class=\"swiper-button-prev\"><\/div>\n\t\t\t\t\t<\/div>\n\t\t\t\t\t<div class=\"swiper\">\n\t\t\t\t\t\t<div class=\"swiper-container\">\n\t\t\t\t\t\t\t<div class=\"swiper-wrapper\">\n                                                                    <div class=\"swiper-slide\">\n                                        \n\n<div class=\"teaser\">\n\t\t\t<a href=\"https:\/\/shop.museum-re.de\/de\" target=\"\">\n\t\t\t<figure>\n\t<div class=\"teaser-img\">\n\t\t<div class=\"img-wrapper\">\n\t\t\t<img loading=\"lazy\" decoding=\"async\" width=\"500\" height=\"313\" src=\"https:\/\/www.museum-re.de\/wp-content\/uploads\/2023\/01\/Shop_Teaser_500313.png\" class=\"attachment-full size-full\" alt=\"\" \/>\t\t<\/div>\n\t<\/div>\n\t<figcaption class=\"teaser-caption\">\n\t\t\t\t\t<h4 class=\"teaser-title\">Shop<\/h4>\t\t\t\t\t<\/figcaption>\n<\/figure>\n\t\t<\/a>\n\t<\/div>\n                                    <\/div>\n                                                                    <div class=\"swiper-slide\">\n                                        \n\n<div class=\"teaser\">\n\t\t\t<a href=\"https:\/\/www.museum-re.de\/de\/besuch\/gastronomie\/\" target=\"\">\n\t\t\t<figure>\n\t<div class=\"teaser-img\">\n\t\t<div class=\"img-wrapper\">\n\t\t\t<img loading=\"lazy\" decoding=\"async\" width=\"800\" height=\"500\" src=\"https:\/\/www.museum-re.de\/wp-content\/uploads\/2023\/01\/rue1_800500-1.png\" class=\"attachment-full size-full\" alt=\"\" srcset=\"https:\/\/www.museum-re.de\/wp-content\/uploads\/2023\/01\/rue1_800500-1.png 800w, https:\/\/www.museum-re.de\/wp-content\/uploads\/2023\/01\/rue1_800500-1-768x480.png 768w\" sizes=\"auto, (max-width: 800px) 100vw, 800px\" \/>\t\t<\/div>\n\t<\/div>\n\t<figcaption class=\"teaser-caption\">\n\t\t\t\t\t<h4 class=\"teaser-title\">Gastronomie<\/h4>\t\t\t\t\t<\/figcaption>\n<\/figure>\n\t\t<\/a>\n\t<\/div>\n                                    <\/div>\n                                                                    <div class=\"swiper-slide\">\n                                        \n\n<div class=\"teaser\">\n\t\t\t<a href=\"https:\/\/www.museum-re.de\/de\/museum\/anmieten\/\" target=\"\">\n\t\t\t<figure>\n\t<div class=\"teaser-img\">\n\t\t<div class=\"img-wrapper\">\n\t\t\t<img loading=\"lazy\" decoding=\"async\" width=\"500\" height=\"313\" src=\"https:\/\/www.museum-re.de\/wp-content\/uploads\/2023\/01\/Maki-Forum_500313.png\" class=\"attachment-full size-full\" alt=\"\" \/>\t\t<\/div>\n\t<\/div>\n\t<figcaption class=\"teaser-caption\">\n\t\t\t\t\t<h4 class=\"teaser-title\">Anmieten<\/h4>\t\t\t\t\t<\/figcaption>\n<\/figure>\n\t\t<\/a>\n\t<\/div>\n                                    <\/div>\n                                \t\t\t\t\t\t\t<\/div>\n\t\t\t\t\t\t<\/div>\n\t\t\t\t\t<\/div>\n\t\t\t\t\t\t\t\t\t<\/div>\n\t\t\t<\/div>\n\t\t<\/div>\n\t<\/div>\n","protected":false},"excerpt":{"rendered":"","protected":false},"author":6,"featured_media":0,"parent":20,"menu_order":6,"comment_status":"closed","ping_status":"closed","template":"","meta":{"_acf_changed":false,"content-type":"","_relevanssi_hide_post":"","_relevanssi_hide_content":"","_relevanssi_pin_for_all":"","_relevanssi_pin_keywords":"","_relevanssi_unpin_keywords":"","_relevanssi_related_keywords":"","_relevanssi_related_include_ids":"","_relevanssi_related_exclude_ids":"","_relevanssi_related_no_append":"","_relevanssi_related_not_related":"","_relevanssi_related_posts":"256,272,1243,265","_relevanssi_noindex_reason":"","footnotes":""},"class_list":["post-2166","page","type-page","status-publish","hentry"],"acf":[],"_links":{"self":[{"href":"https:\/\/www.museum-re.de\/de\/wp-json\/wp\/v2\/pages\/2166","targetHints":{"allow":["GET"]}}],"collection":[{"href":"https:\/\/www.museum-re.de\/de\/wp-json\/wp\/v2\/pages"}],"about":[{"href":"https:\/\/www.museum-re.de\/de\/wp-json\/wp\/v2\/types\/page"}],"author":[{"embeddable":true,"href":"https:\/\/www.museum-re.de\/de\/wp-json\/wp\/v2\/users\/6"}],"replies":[{"embeddable":true,"href":"https:\/\/www.museum-re.de\/de\/wp-json\/wp\/v2\/comments?post=2166"}],"version-history":[{"count":5,"href":"https:\/\/www.museum-re.de\/de\/wp-json\/wp\/v2\/pages\/2166\/revisions"}],"predecessor-version":[{"id":41430,"href":"https:\/\/www.museum-re.de\/de\/wp-json\/wp\/v2\/pages\/2166\/revisions\/41430"}],"up":[{"embeddable":true,"href":"https:\/\/www.museum-re.de\/de\/wp-json\/wp\/v2\/pages\/20"}],"wp:attachment":[{"href":"https:\/\/www.museum-re.de\/de\/wp-json\/wp\/v2\/media?parent=2166"}],"curies":[{"name":"wp","href":"https:\/\/api.w.org\/{rel}","templated":true}]}}