{"id":2234,"date":"2023-02-09T22:21:52","date_gmt":"2023-02-09T21:21:30","guid":{"rendered":"https:\/\/www.museum-re.de\/lernen-erleben\/vermittlung-am-mre-2-2-3\/"},"modified":"2026-03-27T10:14:36","modified_gmt":"2026-03-27T09:14:36","slug":"rundgaenge-2","status":"publish","type":"page","link":"https:\/\/www.museum-re.de\/de\/lernen-erleben\/rundgaenge-2\/","title":{"rendered":"\u00d6ffentliche F\u00fchrungen"},"content":{"rendered":"<div class=\"ce ce-hero       fullwidth\">\n\t<div class=\"container\">\n\t\t<div class=\"row\">\n\t\t\t<div class=\"col\">\n\t\t\t\t<figure>\n\t\t\t\t\t<div class=\"img-wrapper\">\n\t\t\t\t\t\t\t\t\t\t\t\t\t<img loading=\"lazy\" decoding=\"async\" width=\"1800\" height=\"800\" src=\"https:\/\/www.museum-re.de\/wp-content\/uploads\/2024\/04\/Oeffentliche-Formate_Hero.png\" class=\"attachment-full size-full\" alt=\"\" srcset=\"https:\/\/www.museum-re.de\/wp-content\/uploads\/2024\/04\/Oeffentliche-Formate_Hero.png 1800w, https:\/\/www.museum-re.de\/wp-content\/uploads\/2024\/04\/Oeffentliche-Formate_Hero-800x356.png 800w, https:\/\/www.museum-re.de\/wp-content\/uploads\/2024\/04\/Oeffentliche-Formate_Hero-1024x455.png 1024w, https:\/\/www.museum-re.de\/wp-content\/uploads\/2024\/04\/Oeffentliche-Formate_Hero-768x341.png 768w, https:\/\/www.museum-re.de\/wp-content\/uploads\/2024\/04\/Oeffentliche-Formate_Hero-1536x683.png 1536w\" sizes=\"auto, (max-width: 1800px) 100vw, 1800px\" \/>\t\t\t\t\t\t\t\t\t\t\t<\/div>\n\t\t\t\t\t\t\t\t\t<\/figure>\n\t\t\t<\/div>\n\t\t<\/div>\n\t<\/div>\n<\/div>\n\n\n<div class=\"ce ce-onecol   pb-medium layout-6  \">\n\t<div class=\"container\">\n\t\t<div class=\"row\">\n\t\t\t<div class=\"col\">\n\t\t\t\t<h1>\u00d6ffentliche F\u00fchrungen<\/h1>\n\t\t\t<\/div>\n\t\t<\/div>\n\t<\/div>\n<\/div>\n\n\n<div class=\"ce ce-twocol    layout-5-6  \">\n\t<div class=\"container\">\n\t\t<div class=\"row\">\n\t\t\t<div class=\"col col-custom-1\">\n\t\t\t\t<p><strong>Machen Sie sich bereit, f\u00fcr Ihr ganz pers\u00f6nliches mre Raum- und Kunsterlebnis mit unseren \u00f6ffentlichen F\u00fchrungen!<\/strong><\/p>\n<p>Haben Sie sich schon immer gefragt, was sich hinter dem Begriff der Abstraktion verbirgt? Auf unseren Touren durch die Sammlungspr\u00e4sentation und stetig wechselnden Sonderausstellungen haben Sie Gelegenheit, dieser Frage auf den Grund zu gehen und die Begegnung mit abstrakter Kunst selbst zu erleben.<\/p>\n<p>Erkunden Sie gemeinsam mit uns die spektakul\u00e4re Architektur des \u201eZuckerw\u00fcrfels\u201c, erfahren Sie spannende Infos zur Entstehung des mre und was genau Kunst mit dem K\u00f6rper zu tun hat.<\/p>\n\t\t\t<\/div>\n\t\t\t<div class=\"col col-custom-2\">\n\t\t\t\t<figure><img loading=\"lazy\" decoding=\"async\" class=\"alignnone size-full wp-image-6107\" src=\"https:\/\/www.museum-re.de\/wp-content\/uploads\/2023\/08\/800-x-500-Sponsoring.png\" alt=\"\" width=\"786\" height=\"491\" srcset=\"https:\/\/www.museum-re.de\/wp-content\/uploads\/2023\/08\/800-x-500-Sponsoring.png 786w, https:\/\/www.museum-re.de\/wp-content\/uploads\/2023\/08\/800-x-500-Sponsoring-768x480.png 768w\" sizes=\"auto, (max-width: 786px) 100vw, 786px\" \/><\/figure>\n\t\t\t<\/div>\n\t\t<\/div>\n\t<\/div>\n<\/div>\n\n\n<div class=\"ce ce-onecol  pt-medium   bgr-white \">\n\t<div class=\"container\">\n\t\t<div class=\"row\">\n\t\t\t<div class=\"col\">\n\t\t\t\t<h2>Angebote<\/h2>\n\t\t\t<\/div>\n\t\t<\/div>\n\t<\/div>\n<\/div>\n\n\n<div class=\"ce ce-twocol   pb-medium layout-6-5 bgr-white  vertically-centered\">\n\t<div class=\"container\">\n\t\t<div class=\"row\">\n\t\t\t<div class=\"col col-custom-1\">\n\t\t\t\t<figure><img loading=\"lazy\" decoding=\"async\" class=\"alignnone wp-image-36188 size-full\" src=\"https:\/\/www.museum-re.de\/wp-content\/uploads\/2025\/10\/Hollega_Detail_800x500.webp\" alt=\"\" width=\"800\" height=\"500\" srcset=\"https:\/\/www.museum-re.de\/wp-content\/uploads\/2025\/10\/Hollega_Detail_800x500.webp 800w, https:\/\/www.museum-re.de\/wp-content\/uploads\/2025\/10\/Hollega_Detail_800x500-768x480.webp 768w\" sizes=\"auto, (max-width: 800px) 100vw, 800px\" \/><\/figure>\n\t\t\t<\/div>\n\t\t\t<div class=\"col col-custom-2\">\n\t\t\t\t<h2>Rundgang Sonderausstellung \u2013 Wolfgang Hollegha. Denk nicht, schau!<\/h2>\n<p>Erleben Sie das monumentale und farbenpr\u00e4chtige Werk des Ausnahmemalers und Meisters der pr\u00e4zisen Verdichtung und Reduktion \u2013 Wolfgang Hollegha.<\/p>\n<p>Ausgehend von Natur- und Alltagsmotiven verwandelt <span class=\"hover:entity-accent entity-underline inline cursor-pointer align-baseline\"><span class=\"whitespace-normal\">der K\u00fcnstler<\/span><\/span>\u00a0das Sichtbare in abstrakte Bildr\u00e4ume voller Bewegung, Tiefe und Rhythmus. Der Rundgang durch die Sonderausstellung des \u00f6sterreichischen Malers Wolfgang Hollegha l\u00e4dt zum Staunen und Innehalten ein. Denk nicht, schau!<\/p>\n<p><a class=\"cta-primary\" href=\"https:\/\/shop.museum-re.de\/de\/rundgaenge-workshops\/erwachsene\/hollegha-rundgang-sonderausstellung\">Zum Angebot<\/a><\/p>\n\t\t\t<\/div>\n\t\t<\/div>\n\t<\/div>\n<\/div>\n\n\n<div class=\"ce ce-twocol   pb-medium layout-6-5 bgr-white  vertically-centered\">\n\t<div class=\"container\">\n\t\t<div class=\"row\">\n\t\t\t<div class=\"col col-custom-1\">\n\t\t\t\t<figure><img loading=\"lazy\" decoding=\"async\" class=\"alignnone size-full wp-image-42087\" src=\"https:\/\/www.museum-re.de\/wp-content\/uploads\/2026\/03\/2_Hollegha_Ausstellungsansicht_Besucherinnen_800x500-c-Dekubanowski.jpg\" alt=\"\" width=\"800\" height=\"500\" srcset=\"https:\/\/www.museum-re.de\/wp-content\/uploads\/2026\/03\/2_Hollegha_Ausstellungsansicht_Besucherinnen_800x500-c-Dekubanowski.jpg 800w, https:\/\/www.museum-re.de\/wp-content\/uploads\/2026\/03\/2_Hollegha_Ausstellungsansicht_Besucherinnen_800x500-c-Dekubanowski-768x480.jpg 768w\" sizes=\"auto, (max-width: 800px) 100vw, 800px\" \/><\/figure>\n\t\t\t<\/div>\n\t\t\t<div class=\"col col-custom-2\">\n\t\t\t\t<h2>mre Mutiger Mittwoch<\/h2>\n<p>Augen schlie\u00dfen, atmen, wahrnehmen\u00a0\u2013 Schauen!<\/p>\n<p>Der mre Mutiger Mittwoch\u00a0zur Sonderausstellung <em>Wolfgang Hollegha. Denk nicht, schau!<\/em> l\u00e4dt zu einem ganz besonderen Erlebnis ein. Auf einem Rundgang mit achtsamkeitsbasierten Elementen lernen wir das intensive Farbspektakel des Malers mit den Augen sinnlich zu erfassen &#8211; ganz im Sinne des \u00f6sterreichischen Ausnahmemalers, der das Schauen an den Anfang aller kreativer M\u00f6glichkeiten stellte.<\/p>\n<p>&nbsp;<\/p>\n<p><a class=\"cta-primary\" href=\"https:\/\/shop.museum-re.de\/de\/rundgaenge-workshops\/erwachsene\/mre-mutiger-mittwoch\">Zum Angebot<\/a><\/p>\n\t\t\t<\/div>\n\t\t<\/div>\n\t<\/div>\n<\/div>\n\n\n<div class=\"ce ce-twocol   pb-medium layout-6-5 bgr-white  vertically-centered\">\n\t<div class=\"container\">\n\t\t<div class=\"row\">\n\t\t\t<div class=\"col col-custom-1\">\n\t\t\t\t<figure><img loading=\"lazy\" decoding=\"async\" class=\"alignnone size-full wp-image-41563\" src=\"https:\/\/www.museum-re.de\/wp-content\/uploads\/2026\/02\/zneFsQHZ7fhlqJjTDUKUhfvMqXhHQeaMgrNE0ZGj.webp\" alt=\"\" width=\"800\" height=\"500\" srcset=\"https:\/\/www.museum-re.de\/wp-content\/uploads\/2026\/02\/zneFsQHZ7fhlqJjTDUKUhfvMqXhHQeaMgrNE0ZGj.webp 800w, https:\/\/www.museum-re.de\/wp-content\/uploads\/2026\/02\/zneFsQHZ7fhlqJjTDUKUhfvMqXhHQeaMgrNE0ZGj-768x480.webp 768w\" sizes=\"auto, (max-width: 800px) 100vw, 800px\" \/><\/figure>\n\t\t\t<\/div>\n\t\t\t<div class=\"col col-custom-2\">\n\t\t\t\t<h2>Kuratorinnenf\u00fchrung mit Lea Sch\u00e4fer<\/h2>\n<p><span class=\"TextRun SCXW85913456 BCX8\" lang=\"DE-DE\" xml:lang=\"DE-DE\" data-contrast=\"auto\"><span class=\"NormalTextRun SCXW85913456 BCX8\">Erleben Sie das farbenpr\u00e4chtige Werk Wolfgang Holleghas in Begleitung mit besonderer Expertise.<\/span><\/span><\/p>\n<p><span class=\"TextRun SCXW85913456 BCX8\" lang=\"DE-DE\" xml:lang=\"DE-DE\" data-contrast=\"auto\"><span class=\"NormalTextRun SCXW85913456 BCX8\">Unsere mre Kuratorin, Lea Sch\u00e4fer, weiht Sie in Holleghas Vorgang des genauen Schauens ein. <\/span><span class=\"NormalTextRun SCXW85913456 BCX8\">Entdecken Sie dabei die beeindruckende Geschichte dieses Ausnahmemalers und erfahren Sie, auf welchem Weg seine Werke vom Berg nach Wiesbaden gelangten.<\/span><\/span><\/p>\n<p>&nbsp;<\/p>\n<p><a class=\"cta-primary\" href=\"https:\/\/shop.museum-re.de\/de\/rundgaenge-workshops\/erwachsene\/kuratorinnenfuehrung-mit-lea-schaefer\">Zum Angebot<\/a><\/p>\n\t\t\t<\/div>\n\t\t<\/div>\n\t<\/div>\n<\/div>\n\n\n<div class=\"ce ce-twocol   pb-medium layout-6-5 bgr-white  vertically-centered\">\n\t<div class=\"container\">\n\t\t<div class=\"row\">\n\t\t\t<div class=\"col col-custom-1\">\n\t\t\t\t<figure><img loading=\"lazy\" decoding=\"async\" class=\"alignnone size-full wp-image-10822\" src=\"https:\/\/www.museum-re.de\/wp-content\/uploads\/2024\/06\/ZrTqW2qmbSBCOiyVkxJBtPStYBRWP4Ty1WVSRBZz.png\" alt=\"\" width=\"800\" height=\"500\" srcset=\"https:\/\/www.museum-re.de\/wp-content\/uploads\/2024\/06\/ZrTqW2qmbSBCOiyVkxJBtPStYBRWP4Ty1WVSRBZz.png 800w, https:\/\/www.museum-re.de\/wp-content\/uploads\/2024\/06\/ZrTqW2qmbSBCOiyVkxJBtPStYBRWP4Ty1WVSRBZz-768x480.png 768w\" sizes=\"auto, (max-width: 800px) 100vw, 800px\" \/><\/figure>\n\t\t\t<\/div>\n\t\t\t<div class=\"col col-custom-2\">\n\t\t\t\t<h2>mre Blickwinkel \u2013 Architekturf\u00fchrung<\/h2>\n<p>Lassen Sie uns gemeinsam die flie\u00dfenden R\u00e4ume um den lichtdurchfluteten Innenhof erkunden und uns so auf die Spuren des k\u00fcnstlerischen Entwurfs von Fumihiko Maki begeben!<\/p>\n<p>Erleben Sie, was sich hinter Makis Konzept des &#8222;geliehenen Lichts&#8220; verbirgt und die Magie, die das Zusammenspiel von Glas, Holz, Stein und der Farbe Wei\u00df entfacht.<\/p>\n<p>&nbsp;<\/p>\n<p><a class=\"cta-primary\" href=\"https:\/\/shop.museum-re.de\/de\/rundgaenge-workshops\/erwachsene\/mre-blickwinkel-architekturfuehrung-\">Zum Angebot<\/a><\/p>\n\t\t\t<\/div>\n\t\t<\/div>\n\t<\/div>\n<\/div>\n\n\n<div class=\"ce ce-twocol   pb-medium layout-6-5 bgr-white  vertically-centered\">\n\t<div class=\"container\">\n\t\t<div class=\"row\">\n\t\t\t<div class=\"col col-custom-1\">\n\t\t\t\t<figure><img loading=\"lazy\" decoding=\"async\" class=\"alignnone size-medium wp-image-36552\" src=\"https:\/\/www.museum-re.de\/wp-content\/uploads\/2025\/10\/MRE_04.2024_2847-800x533.jpg\" alt=\"\" width=\"800\" height=\"533\" srcset=\"https:\/\/www.museum-re.de\/wp-content\/uploads\/2025\/10\/MRE_04.2024_2847-800x533.jpg 800w, https:\/\/www.museum-re.de\/wp-content\/uploads\/2025\/10\/MRE_04.2024_2847-1024x682.jpg 1024w, https:\/\/www.museum-re.de\/wp-content\/uploads\/2025\/10\/MRE_04.2024_2847-768x512.jpg 768w, https:\/\/www.museum-re.de\/wp-content\/uploads\/2025\/10\/MRE_04.2024_2847.jpg 1181w\" sizes=\"auto, (max-width: 800px) 100vw, 800px\" \/><\/figure>\n\t\t\t<\/div>\n\t\t\t<div class=\"col col-custom-2\">\n\t\t\t\t<h2>Alles Kunst! \u00dcbersichtsf\u00fchrung Sammlung und Sonderausstellung<\/h2>\n<p>Genie\u00dfen Sie die Vielfalt abstrakter Kunst auf diesem \u00dcberblicksrundgang durch die aktuellen Ausstellungen des Museum Reinhard Ernst.<\/p>\n<p>In <em>Alles Kunst!<\/em> entdecken Sie mit fachkundiger Begleitung die Highlights unserer aktuellen Sonderausstellung <em>Helen Frankenthaler moves Jenny Brosinski, Ina Gerken, Adrian Schiess<\/em> sowie der Sammlungspr\u00e4sentation <em>Farbe ist Alles!<\/em><\/p>\n<p>&nbsp;<\/p>\n<p><a class=\"cta-primary\" href=\"https:\/\/shop.museum-re.de\/de\/rundgaenge-workshops\/erwachsene\/alles-kunst-uebersichtsfuehrung-sammlung-und-sonderausstellung\">Zum Angebot<\/a><\/p>\n\t\t\t<\/div>\n\t\t<\/div>\n\t<\/div>\n<\/div>\n\n\n<div class=\"ce ce-twocol   pb-medium layout-6-5 bgr-white  vertically-centered\">\n\t<div class=\"container\">\n\t\t<div class=\"row\">\n\t\t\t<div class=\"col col-custom-1\">\n\t\t\t\t<figure><img loading=\"lazy\" decoding=\"async\" class=\"alignnone size-full wp-image-35569\" src=\"https:\/\/www.museum-re.de\/wp-content\/uploads\/2025\/09\/rtX6rEkOrhj4aqrMuMttYqUc7ri0W0CAcbuxWL1U.webp\" alt=\"\" width=\"800\" height=\"500\" srcset=\"https:\/\/www.museum-re.de\/wp-content\/uploads\/2025\/09\/rtX6rEkOrhj4aqrMuMttYqUc7ri0W0CAcbuxWL1U.webp 800w, https:\/\/www.museum-re.de\/wp-content\/uploads\/2025\/09\/rtX6rEkOrhj4aqrMuMttYqUc7ri0W0CAcbuxWL1U-768x480.webp 768w\" sizes=\"auto, (max-width: 800px) 100vw, 800px\" \/><\/figure>\n\t\t\t<\/div>\n\t\t\t<div class=\"col col-custom-2\">\n\t\t\t\t<h2>RaumKunst \u2013 Kombif\u00fchrung Architektur und Ausstellungen<\/h2>\n<p>mre pur! Auf diesem Rundgang beleuchten wir das Thema Abstraktion facettenreich &#8211; von der Leinwand bis zum Museumsraum.<\/p>\n<p>Erleben Sie Highlights aus unserer aktuellen Sonderausstellung sowie Sammlungspr\u00e4sentation und entdecken Sie dabei das Konzept hinter den Gestaltungselementen der Architektur von Fumihiko Maki, die eigens f\u00fcr diese hochkar\u00e4tige Sammlung abstrakter Kunst entworfen worden ist.<\/p>\n<p>&nbsp;<\/p>\n<p><a class=\"cta-primary\" href=\"https:\/\/shop.museum-re.de\/de\/rundgaenge-workshops\/erwachsene\/raumkunst-kombifuehrung-architektur-und-ausstellungen\">Zum Angebot<\/a><\/p>\n\t\t\t<\/div>\n\t\t<\/div>\n\t<\/div>\n<\/div>\n","protected":false},"excerpt":{"rendered":"","protected":false},"author":6,"featured_media":0,"parent":20,"menu_order":1,"comment_status":"closed","ping_status":"closed","template":"","meta":{"_acf_changed":false,"content-type":"","_relevanssi_hide_post":"","_relevanssi_hide_content":"","_relevanssi_pin_for_all":"","_relevanssi_pin_keywords":"","_relevanssi_unpin_keywords":"","_relevanssi_related_keywords":"","_relevanssi_related_include_ids":"","_relevanssi_related_exclude_ids":"","_relevanssi_related_no_append":"","_relevanssi_related_not_related":"","_relevanssi_related_posts":"272,265,256","_relevanssi_noindex_reason":"","footnotes":""},"class_list":["post-2234","page","type-page","status-publish","hentry"],"acf":[],"_links":{"self":[{"href":"https:\/\/www.museum-re.de\/de\/wp-json\/wp\/v2\/pages\/2234","targetHints":{"allow":["GET"]}}],"collection":[{"href":"https:\/\/www.museum-re.de\/de\/wp-json\/wp\/v2\/pages"}],"about":[{"href":"https:\/\/www.museum-re.de\/de\/wp-json\/wp\/v2\/types\/page"}],"author":[{"embeddable":true,"href":"https:\/\/www.museum-re.de\/de\/wp-json\/wp\/v2\/users\/6"}],"replies":[{"embeddable":true,"href":"https:\/\/www.museum-re.de\/de\/wp-json\/wp\/v2\/comments?post=2234"}],"version-history":[{"count":6,"href":"https:\/\/www.museum-re.de\/de\/wp-json\/wp\/v2\/pages\/2234\/revisions"}],"predecessor-version":[{"id":42878,"href":"https:\/\/www.museum-re.de\/de\/wp-json\/wp\/v2\/pages\/2234\/revisions\/42878"}],"up":[{"embeddable":true,"href":"https:\/\/www.museum-re.de\/de\/wp-json\/wp\/v2\/pages\/20"}],"wp:attachment":[{"href":"https:\/\/www.museum-re.de\/de\/wp-json\/wp\/v2\/media?parent=2234"}],"curies":[{"name":"wp","href":"https:\/\/api.w.org\/{rel}","templated":true}]}}