{"id":33050,"date":"2025-07-30T11:38:52","date_gmt":"2025-07-30T09:38:22","guid":{"rendered":"https:\/\/www.museum-re.de\/newsletter-2\/"},"modified":"2025-08-15T07:44:50","modified_gmt":"2025-08-15T05:44:50","slug":"haeufig-gestellte-fragen","status":"publish","type":"page","link":"https:\/\/www.museum-re.de\/de\/haeufig-gestellte-fragen\/","title":{"rendered":"H\u00e4ufig gestellte Fragen"},"content":{"rendered":"\t\t<div class=\"ce ce-accordion      \">\n\t\t  <div class=\"container\">\n\t\t\t<div class=\"row\">\n\t\t\t  <div class=\"col\">\n\t\t\t\t<div class=\"accordion\"><div class=\"accordion-panel\" data-panel-id=\"praktische-fragen\">\n\t<div class=\"accordion-headline\">\n\t\t<h4>Praktische Fragen<\/h4>\n\t<\/div>\n\t<div class=\"accordion-content\">\n\t\t<div class=\"accordion-content-inner\">\n\n\n<div class=\"ce ce-onecol      \">\n\t<div class=\"container\">\n\t\t<div class=\"row\">\n\t\t\t<div class=\"col\">\n\t\t\t\t<p><b><span data-contrast=\"auto\">Welche Taschen d\u00fcrfen in die Ausstellungsr\u00e4ume mitgenommen werden?<\/span><\/b><br \/>\n<span data-contrast=\"auto\">Als Faustregel gilt: Taschen, die kleiner sind als A4, d\u00fcrfen in die R\u00e4ume mitgenommen werden. Rucks\u00e4cke, egal wie gro\u00df, m\u00fcssen immer abgegeben werden.<\/span><span data-ccp-props=\"{}\">\u00a0<\/span><\/p>\n<p><b><span data-contrast=\"auto\">Welche M\u00fcnzen werden f\u00fcr die Schlie\u00dff\u00e4cher im Untergescho\u00df ben\u00f6tigt?<\/span><\/b><br \/>\n<span data-contrast=\"auto\">1 Euro oder 2 Euro St\u00fccke, bitte werfen Sie keine Plastikchips ein. Metallchips werden an der Kasse ausgegeben. <\/span><span data-ccp-props=\"{}\">\u00a0<\/span><\/p>\n<p><b><span data-contrast=\"auto\">Kann ich einen Kinderwagen mit in die Ausstellung nehmen?<\/span><\/b><br \/>\n<span data-contrast=\"auto\">Ja<\/span><span data-ccp-props=\"{}\">\u00a0<\/span><\/p>\n<p><b><span data-contrast=\"auto\">Kann ich bei Ihnen einen Rollstuhl reservieren?<\/span><\/b><br \/>\n<span data-contrast=\"auto\">Selbstverst\u00e4ndlich. Weitere Antworten zum Thema Barrierefreiheit finden Sie hier: <\/span><a href=\"https:\/\/www.museum-re.de\/de\/besuch\/besuch-planen\/\"><span data-contrast=\"none\">https:\/\/www.museum-re.de\/de\/besuch\/besuch-planen\/<\/span><\/a><span data-contrast=\"auto\"> (bitte scrollen)<\/span><span data-ccp-props=\"{}\">\u00a0<\/span><\/p>\n<p><b><span data-contrast=\"auto\">Gibt es Sitzgelegenheiten \/ Ausstellungsst\u00fchle, die ich in die Ausstellungsr\u00e4ume mitnehmen kann?<\/span><\/b><br \/>\n<span data-contrast=\"auto\">Im Foyer gibt es keine Sitzgelegenheiten. Im Untergeschoss und in den Ausstellungsr\u00e4umen sowie in den G\u00e4ngen im ersten und zweiten Obergeschoss stehen viele Sitzgelegenheiten zur Verf\u00fcgung. Sollten Sie sich l\u00e4nger im Foyer aufhalten, fragen Sie das Kassenpersonal nach einem Sitzhocker. Bitte beachten Sie, dass dieser nicht in die Ausstellungsr\u00e4ume mitgenommen werden darf.\u00a0<\/span><\/p>\n<p><b><span data-contrast=\"auto\">Wohin mit Regenschirmen?<\/span><\/b><br \/>\n<span data-contrast=\"auto\">Bitte schlie\u00dfen Sie Ihre Regenschirme im Schirmst\u00e4nder vor dem Museumseingang ein, unser Aufsichtspersonal ist Ihnen dabei behilflich.<\/span><\/p>\n<p><b><span data-contrast=\"auto\">Gehstock \/ Walkingst\u00f6cke \/ Regenschirme die auch als Gehstock oder St\u00fctze fungieren<\/span><\/b><br \/>\n<span data-contrast=\"auto\">Bitte beachten Sie, dass Gehst\u00f6cke nur erlaubt sind, wenn sie eine gummierte Stockspitze haben, da ansonsten die Gefahr besteht, dass sie den Boden zerkratzen.<\/span><span data-ccp-props=\"{}\">\u00a0<\/span><\/p>\n<p><b><span data-contrast=\"auto\">Wie sind die \u00d6ffnungszeiten?<\/span><\/b><br \/>\n<span data-contrast=\"auto\">Mo. geschlossen, Di., Do., Fr., Sa., So. von 12-18 Uhr, Mittwoch 12-21 Uhr<\/span><br \/>\n<span data-contrast=\"auto\">Die aktuellen \u00d6ffnungszeiten finden Sie auch auf unserer Website: <a href=\"https:\/\/www.museum-re.de\/de\/besuch\/besuch-planen\/\">https:\/\/www.museum-re.de\/de\/besuch\/besuch-planen\/<\/a><\/span><span data-ccp-props=\"{}\">\u00a0<\/span><\/p>\n<p><b><span data-contrast=\"auto\">Haben Sie an Feiertagen ge\u00f6ffnet?<\/span><\/b><br \/>\n<span data-contrast=\"auto\">Aktuelle Informationen zu den \u00d6ffnungszeiten an Feiertagen finden Sie auf unserer Website. <\/span><a href=\"https:\/\/www.museum-re.de\/de\/besuch\/besuch-planen\/\"><span data-contrast=\"auto\">https:\/\/www.museum-re.de\/de\/besuch\/besuch-planen\/<\/span><\/a><\/p>\n<p><b><span data-contrast=\"auto\">Wann hat das Restaurant Rue1 ge\u00f6ffnet?<\/span><\/b><br \/>\n<span data-contrast=\"auto\">Aktuelle Zeiten entnehmen Sie bitte der Website des Rue1: <a href=\"https:\/\/www.gollners.de\/rue1-by-gollners\">https:\/\/www.gollners.de\/rue1-by-gollners<\/a><\/span><\/p>\n\t\t\t<\/div>\n\t\t<\/div>\n\t<\/div>\n<\/div>\n\n\n<\/div><\/div><\/div><div class=\"accordion-panel\" data-panel-id=\"fragen-zu-eintrittspreisen-ermaessigungen-tickets\">\n\t<div class=\"accordion-headline\">\n\t\t<h4>Fragen zu Eintrittspreisen \/ Erm\u00e4\u00dfigungen \/ Tickets<\/h4>\n\t<\/div>\n\t<div class=\"accordion-content\">\n\t\t<div class=\"accordion-content-inner\">\n\n\n<div class=\"ce ce-onecol      \">\n\t<div class=\"container\">\n\t\t<div class=\"row\">\n\t\t\t<div class=\"col\">\n\t\t\t\t<p><b><span data-contrast=\"auto\">Gibt es Erm\u00e4\u00dfigungen f\u00fcr Rentner?<\/span><\/b><br \/>\n<span data-contrast=\"auto\">Nein, f\u00fcr Rentner gibt es keine Erm\u00e4\u00dfigungen. Informationen zu Erm\u00e4\u00dfigungen und kostenfreien Eintritten finden Sie hier: <a href=\"https:\/\/www.museum-re.de\/de\/besuch\/tickets\/\">https:\/\/www.museum-re.de\/de\/besuch\/tickets\/<\/a><\/span><span data-ccp-props=\"{}\">\u00a0<\/span><\/p>\n<p><strong>Kann ich mein Ticket stornieren?\u00a0<\/strong><\/p>\n<p>Unsere Tickets sind aus technischen Gr\u00fcnden datumsgebunden, da sie am Eingang des Ausstellungsbereiches gescannt werden, um den Zugang zu erm\u00f6glichen. Das Umbuchen auf ein anderes Datum ist daher nicht f\u00fcr bereits ausgestellte Tickets m\u00f6glich.<\/p>\n<p>Zudem fallen diese datumsgebundenen Eintrittskarten unter die nicht stornierbaren Artikel gem\u00e4\u00df \u00a7 312g Abs. 2 Nr. 9 BGB. Dies ist in unseren AGBs vermerkt, in die Sie beim Kauf der Tickets eingewilligen.<\/p>\n<p><strong>Kann ich die von mir gebuchte F\u00fchrung stornieren?<\/strong><\/p>\n<p>Eine Stornierung eines privat gebuchten Angebots der Kunstvermittlung sowie von gebuchten Angeboten f\u00fcr p\u00e4dagogische Gruppen kann nur schriftlich per E-Mail erfolgen. Anmeldungen k\u00f6nnen bis 48 Stunden vor dem Veranstaltungstag kostenlos storniert werden. \u00d6ffentliche F\u00fchrungen fallen als datumsgebundene Eintrittskarten unter die nicht stornierbaren Artikel gem\u00e4\u00df \u00a7 312g Abs. 2 Nr. 9 BGB.<\/p>\n<p><b><span data-contrast=\"auto\">Kann ich mit meinem Ticket zwischendurch das Museum verlassen und wiederkommen?<\/span><\/b><br \/>\n<span data-contrast=\"auto\">Ja, denn Ihre Eintrittskarte ist ein Tagesticket.<\/span><span data-ccp-props=\"{}\">\u00a0<\/span><\/p>\n<p><b><span data-contrast=\"auto\">Wie viel kosten die Jahreskarten und wodurch unterscheiden sich die 3 Varianten?<\/span><\/b><br \/>\n<span data-contrast=\"auto\">Ultramarin Blau 45 \u20ac\/\/ Karminrot 90 \u20ac\/\/ Cadmiumgelb 120 \u20ac\u2013 weitere Informationen finden Sie <a href=\"https:\/\/shop.museum-re.de\/de\/jahreskarten\">hier.<\/a><\/span><\/p>\n\t\t\t<\/div>\n\t\t<\/div>\n\t<\/div>\n<\/div>\n\n\n<\/div><\/div><\/div><div class=\"accordion-panel\" data-panel-id=\"fragen-zur-architektur-zum-bauherrn-und-zum-architekten\">\n\t<div class=\"accordion-headline\">\n\t\t<h4>Fragen zur Architektur, zum Bauherrn und zum Architekten<\/h4>\n\t<\/div>\n\t<div class=\"accordion-content\">\n\t\t<div class=\"accordion-content-inner\">\n\n\n<div class=\"ce ce-onecol      \">\n\t<div class=\"container\">\n\t\t<div class=\"row\">\n\t\t\t<div class=\"col\">\n\t\t\t\t<p><b><span data-contrast=\"auto\">Wann wurde das Museum Reinhard Ernst er\u00f6ffnet?<\/span><\/b><br \/>\n<span data-contrast=\"auto\">Das Museum wurde am 23.6.2024 nach dreij\u00e4hriger Planungszeit und f\u00fcnfj\u00e4hriger Bauzeit er\u00f6ffnet.<\/span><span data-ccp-props=\"{}\">\u00a0<\/span><\/p>\n<p><b><span data-contrast=\"auto\">Wer hat das Geb\u00e4ude entworfen?<\/span><\/b><br \/>\n<span data-contrast=\"auto\">Der japanische Architekt und Pritzker-Preistr\u00e4ger Fumihiko Maki (1928-2024) und das Tokyoter Architekturb\u00fcro Maki and Associates. Maki hat im Laufe seiner Karriere zehn Museen gebaut, in Nordamerika, Indien, China und in Japan. Das mre ist sein erstes Museum in Europa (und zugleich sein letztes). In M\u00fcnchen hat Maki and Associates den Isar B\u00fcro Park gebaut und in Basel den Novartis Campus. <\/span><\/p>\n<p><b><span data-contrast=\"auto\">Wie viel hat der Bau des Geb\u00e4udes gekostet?<\/span><\/b><br \/>\n<span data-contrast=\"auto\">Der Bau hat rund 80 Millionen Euro gekostet.<\/span><\/p>\n<p><b><span data-contrast=\"auto\">Was befand sich vorher auf dem Gel\u00e4nde?<\/span><\/b><br \/>\n<span data-contrast=\"auto\">Die Wilhelmstra\u00dfe 1 war viele Jahre die Adresse des Kurhotels Viktoria, das 1945 bei einem Bombenangriff zerst\u00f6rt wurde. Das Hotel wurde nicht wieder aufgebaut. Das Gel\u00e4nde wurde als Parkplatz verwendet, und drei\u00dfig Jahre lang, bis 2019, stand ein mehrst\u00f6ckiges Parkhaus an dieser Stelle. (Im Volksmund: Giraffenk\u00e4fig, offizieller Name: Parkhaus Rhein-Main-Hallen). <\/span><span data-ccp-props=\"{}\">\u00a0<\/span><\/p>\n<p><b><span data-contrast=\"auto\">Welches Material wurde f\u00fcr die Fu\u00dfb\u00f6den verwendet?<\/span><\/b><br \/>\n<span data-contrast=\"auto\">In den Ausstellungsr\u00e4umen im ersten und zweiten Obergeschoss wurden bis zu 7 Meter lange Dielen aus astarmen Eichenholz eingesetzt. In den beiden R\u00e4umen mit Tageslichteinfall wurde vor Ort Terrazzoboden gegossen. Vor dem Museumseingang und im Foyer wurde Cape Green Granit aus Kapstadt verwendet.<\/span><\/p>\n<p><b><span data-contrast=\"auto\">Welche Baumart steht im Innenhof? Wie alt ist der Baum?<\/span><\/b><br \/>\n<span data-contrast=\"auto\">Im Innenhof wurde ein in japanischer F\u00e4cherahorn angepflanzt, der \u00fcber 60 Jahre alt ist. Der F\u00e4cherahorn stammt \u00fcbrigens nicht aus Japan, sondern aus einer Baumschule an der niederl\u00e4ndischen Grenze. Herr und Frau Ernst haben den Baum ausgew\u00e4hlt.\u00a0<\/span><span data-ccp-props=\"{}\">\u00a0<\/span><\/p>\n<p><b><span data-contrast=\"auto\">Welche K\u00fcnstlerin hat die Glasarbeit am Farblabor entworfen und wer hat sie gebaut?<\/span><\/b><br \/>\n<span data-contrast=\"auto\">Die K\u00fcnstlerin Katharina Grosse und das Glasstudio Derix in Taunusstein. Die Glasarbeit hei\u00dft \u201eEin Glas Wasser, bitte\u201c. Sie ist 715 cm breit und 398 cm und ist in 8 Glaspanele unterteilt. Die Arbeit wiegt \u00fcber 2 Tonnen (jedes der gro\u00dfen Panele wiegt 330 kg)<\/span><span data-ccp-props=\"{}\">.<\/span><\/p>\n\t\t\t<\/div>\n\t\t<\/div>\n\t<\/div>\n<\/div>\n\n\n<\/div><\/div><\/div><div class=\"accordion-panel\" data-panel-id=\"fragen-zur-sammlung-reinhard-ernst\">\n\t<div class=\"accordion-headline\">\n\t\t<h4>Fragen zur Sammlung Reinhard Ernst<\/h4>\n\t<\/div>\n\t<div class=\"accordion-content\">\n\t\t<div class=\"accordion-content-inner\">\n\n\n<div class=\"ce ce-onecol      \">\n\t<div class=\"container\">\n\t\t<div class=\"row\">\n\t\t\t<div class=\"col\">\n\t\t\t\t<p><b><span data-contrast=\"auto\">Sammelt Frau Ernst auch Kunst?<\/span><\/b><br \/>\n<span data-contrast=\"auto\">Nein, Frau Ernst sammelt nicht.\u00a0<\/span><b><span data-contrast=\"auto\">\u00a0<\/span><\/b><span data-ccp-props=\"{}\">\u00a0<\/span><\/p>\n<p><b><span data-contrast=\"auto\">Wie viele Werke sind in der Sammlung von Herrn Ernst?<\/span><\/b><br \/>\n<span data-contrast=\"auto\">Die Sammlung von Reinhard Ernst umfasst rund 1000 Arbeiten und w\u00e4chst weiterhin.<\/span><span data-ccp-props=\"{}\">\u00a0<\/span><\/p>\n<p><b><span data-contrast=\"auto\">Welchen Schwerpunkt hat die Sammlung?<\/span><\/b><br \/>\n<span data-contrast=\"auto\">Abstrakte Malerei und Skulptur nach 1945 \/\/ Regionale Schwerpunkte: Japan, Amerika, Europa<\/span><span data-ccp-props=\"{}\">\u00a0<\/span><\/p>\n\t\t\t<\/div>\n\t\t<\/div>\n\t<\/div>\n<\/div>\n\n\n<\/div><\/div><\/div><div class=\"accordion-panel\" data-panel-id=\"fragen-zum-farblabor-und-zu-angeboten-fuer-familien-und-kinder\">\n\t<div class=\"accordion-headline\">\n\t\t<h4>Fragen zum Farblabor und zu Angeboten f\u00fcr Familien und Kinder<\/h4>\n\t<\/div>\n\t<div class=\"accordion-content\">\n\t\t<div class=\"accordion-content-inner\">\n\n\n<div class=\"ce ce-onecol      \">\n\t<div class=\"container\">\n\t\t<div class=\"row\">\n\t\t\t<div class=\"col\">\n\t\t\t\t<p><b><span data-contrast=\"auto\">Wann hat das Farblabor ge\u00f6ffnet?<\/span><\/b><br \/>\n<span data-contrast=\"auto\">Offenes Farblabor \u2013 jeden Samstag ab 12 Uhr<\/span><span data-ccp-props=\"{}\">\u00a0<\/span><\/p>\n<p><b><span data-contrast=\"auto\">F\u00fcr welches Alter ist das Farblabor geeignet?<\/span><\/b><br \/>\n<span data-contrast=\"auto\">Das Farblabor ist f\u00fcr alle geeignet, von 4 bis 99\u00a0<\/span><span data-ccp-props=\"{}\">\u00a0<\/span><\/p>\n<p><b><span data-contrast=\"auto\">Welche Angebote haben Sie f\u00fcr Kinder?<\/span><\/b><br \/>\n<span data-contrast=\"auto\">Wir bieten verschiedene F\u00fchrungen und Workshops f\u00fcr Kinder auch, auch k\u00f6nnen Kinder ihren Geburtstag im Farblabor feiern. \u2013 mehr Information finden Sie <a href=\"https:\/\/www.museum-re.de\/de\/lernen-erleben\/kinder\/\">hier<\/a>.<\/span><\/p>\n<p><b><span data-contrast=\"auto\">Kann ich vormittags mit meinen Enkeln vorbeikommen?<\/span><\/b><br \/>\n<span data-contrast=\"auto\">Nein, der Vormittag ist ausschlie\u00dflich Kindern und Jugendlichen vorbethalten, die mit ihrer Kita- und, Kindergartengruppe oder Schulklasse kommen.<\/span><span data-ccp-props=\"{}\">\u00a0<\/span><\/p>\n\t\t\t<\/div>\n\t\t<\/div>\n\t<\/div>\n<\/div>\n\n\n<\/div><\/div><\/div><div class=\"accordion-panel\" data-panel-id=\"fragen-zum-vermittlungsprogramm\">\n\t<div class=\"accordion-headline\">\n\t\t<h4>Fragen zum Vermittlungsprogramm <\/h4>\n\t<\/div>\n\t<div class=\"accordion-content\">\n\t\t<div class=\"accordion-content-inner\">\n\n\n<div class=\"ce ce-onecol      \">\n\t<div class=\"container\">\n\t\t<div class=\"row\">\n\t\t\t<div class=\"col\">\n\t\t\t\t<p><b><span data-contrast=\"auto\">Wo finde ich Informationen zu Ihrem Vermittlungsprogramm?<\/span><\/b><br \/>\n<a href=\"https:\/\/www.museum-re.de\/de\/lernen-erleben\/vermittlung-im-mre\/\"><span data-contrast=\"none\">https:\/\/www.museum-re.de\/de\/lernen-erleben\/vermittlung-im-mre\/<\/span><\/a><span data-contrast=\"auto\">\u00a0<\/span><span data-ccp-props=\"{}\">\u00a0<\/span><\/p>\n<p><b><span data-contrast=\"auto\">Wo finde ich Informationen zu Ihren Veranstaltungen?<\/span><\/b><br \/>\n<span data-contrast=\"auto\">Bitte besuchen Sie unseren <a href=\"https:\/\/www.museum-re.de\/de\/besuch\/veranstaltungskalender\/\">Veranstaltungskalender<\/a>.\u00a0<\/span><\/p>\n<p><b><span data-contrast=\"auto\">Wann bieten Sie F\u00fchrungen an und was kostet die Teilnahme?<\/span><\/b><br \/>\n<span data-contrast=\"auto\">Informationen entnehmen Sie bitte dem <a href=\"https:\/\/www.museum-re.de\/de\/besuch\/veranstaltungskalender\/\">Veranstaltungskalender<\/a> auf unserer Website <\/span><br \/>\n<span data-contrast=\"auto\">\u00d6ffentliche F\u00fchrungen kosten 5 \u20ac pro Person (zzgl. zum Eintrittspreis)<\/span><span data-ccp-props=\"{}\">\u00a0<\/span><\/p>\n<p><b><span data-contrast=\"auto\">Was kosten private F\u00fchrungen und wie melde ich mich daf\u00fcr an?<\/span><\/b><br \/>\n<span data-contrast=\"auto\">Aktuelle Informationen und Preise finden Sie <a href=\"https:\/\/www.museum-re.de\/de\/besuch\/fuehrungen\/\">hier<\/a>. <\/span><span data-contrast=\"auto\">Private F\u00fchrungen k\u00f6nnen Sie <a href=\"https:\/\/www.museum-re.de\/de\/lernen-erleben\/angebote-fuer-gruppen\/\">hier<\/a> anfragen.\u00a0<\/span><\/p>\n<p><b><span data-contrast=\"auto\">Ich m\u00f6chte das Museum mit einer Schulklasse besuchen, wo melde ich das an?<\/span><\/b><br \/>\n<span data-contrast=\"auto\">Ausschlie\u00dflich per E-Mail (<\/span><a  href=\"#\" class=\"q-mail-protect\" data-email=\"KC0oABstNzEDQhFKETstKnMDN1RCWk98Oj9PGD4=\" data-email-protected=\"1\" data-render=\"delayed\" ><span class=\"q-mail-local q-mail-reversed\">&#110;&#101;&#98;&#101;&#108;&#114;&#101;&#100;&#110;&#117;&#110;&#101;&#110;&#114;&#101;&#108;<\/span><span class=\"q-mail-at\">&#64;<\/span><bdi class=\"q-mail-domain\">&#109;&#117;&#115;&#101;&#117;&#109;&#45;&#114;&#101;<\/bdi><span class=\"q-mail-tld\">&#100;&#101;<\/span><\/a><span data-contrast=\"auto\">) oder <a href=\"https:\/\/www.museum-re.de\/de\/lernen-erleben\/schulen\/\">hier<\/a><\/span><span data-contrast=\"auto\"> anfragen.<\/span><span data-ccp-props=\"{}\">\u00a0<\/span><\/p>\n\t\t\t<\/div>\n\t\t<\/div>\n\t<\/div>\n<\/div>\n\n\n<\/div><\/div><\/div><\/div><\/div><\/div><\/div><\/div>","protected":false},"excerpt":{"rendered":"","protected":false},"author":6,"featured_media":0,"parent":0,"menu_order":7,"comment_status":"closed","ping_status":"closed","template":"","meta":{"_acf_changed":false,"content-type":"","_relevanssi_hide_post":"","_relevanssi_hide_content":"","_relevanssi_pin_for_all":"","_relevanssi_pin_keywords":"","_relevanssi_unpin_keywords":"","_relevanssi_related_keywords":"","_relevanssi_related_include_ids":"","_relevanssi_related_exclude_ids":"","_relevanssi_related_no_append":"","_relevanssi_related_not_related":"","_relevanssi_related_posts":"265,272,256","_relevanssi_noindex_reason":"","footnotes":""},"class_list":["post-33050","page","type-page","status-publish","hentry"],"acf":[],"_links":{"self":[{"href":"https:\/\/www.museum-re.de\/de\/wp-json\/wp\/v2\/pages\/33050","targetHints":{"allow":["GET"]}}],"collection":[{"href":"https:\/\/www.museum-re.de\/de\/wp-json\/wp\/v2\/pages"}],"about":[{"href":"https:\/\/www.museum-re.de\/de\/wp-json\/wp\/v2\/types\/page"}],"author":[{"embeddable":true,"href":"https:\/\/www.museum-re.de\/de\/wp-json\/wp\/v2\/users\/6"}],"replies":[{"embeddable":true,"href":"https:\/\/www.museum-re.de\/de\/wp-json\/wp\/v2\/comments?post=33050"}],"version-history":[{"count":5,"href":"https:\/\/www.museum-re.de\/de\/wp-json\/wp\/v2\/pages\/33050\/revisions"}],"predecessor-version":[{"id":34265,"href":"https:\/\/www.museum-re.de\/de\/wp-json\/wp\/v2\/pages\/33050\/revisions\/34265"}],"wp:attachment":[{"href":"https:\/\/www.museum-re.de\/de\/wp-json\/wp\/v2\/media?parent=33050"}],"curies":[{"name":"wp","href":"https:\/\/api.w.org\/{rel}","templated":true}]}}