{"id":3863,"date":"2023-03-10T11:13:52","date_gmt":"2023-03-10T10:13:23","guid":{"rendered":"https:\/\/www.museum-re.de\/lernen-erleben\/vermittlung-am-mre-2-2-4\/"},"modified":"2025-10-23T16:20:58","modified_gmt":"2025-10-23T14:20:58","slug":"vermittlung-im-mre","status":"publish","type":"page","link":"https:\/\/www.museum-re.de\/de\/lernen-erleben\/vermittlung-im-mre\/","title":{"rendered":"Vermittlung im mre"},"content":{"rendered":"<div class=\"ce ce-hero       fullwidth\">\n\t<div class=\"container\">\n\t\t<div class=\"row\">\n\t\t\t<div class=\"col\">\n\t\t\t\t<figure>\n\t\t\t\t\t<div class=\"img-wrapper\">\n\t\t\t\t\t\t\t\t\t\t\t\t\t<img loading=\"lazy\" decoding=\"async\" width=\"1800\" height=\"800\" src=\"https:\/\/www.museum-re.de\/wp-content\/uploads\/2024\/04\/Vermittlung-im-mre_Fuehrung_Hero.png\" class=\"attachment-full size-full\" alt=\"\" srcset=\"https:\/\/www.museum-re.de\/wp-content\/uploads\/2024\/04\/Vermittlung-im-mre_Fuehrung_Hero.png 1800w, https:\/\/www.museum-re.de\/wp-content\/uploads\/2024\/04\/Vermittlung-im-mre_Fuehrung_Hero-800x356.png 800w, https:\/\/www.museum-re.de\/wp-content\/uploads\/2024\/04\/Vermittlung-im-mre_Fuehrung_Hero-1024x455.png 1024w, https:\/\/www.museum-re.de\/wp-content\/uploads\/2024\/04\/Vermittlung-im-mre_Fuehrung_Hero-768x341.png 768w, https:\/\/www.museum-re.de\/wp-content\/uploads\/2024\/04\/Vermittlung-im-mre_Fuehrung_Hero-1536x683.png 1536w\" sizes=\"auto, (max-width: 1800px) 100vw, 1800px\" \/>\t\t\t\t\t\t\t\t\t\t\t<\/div>\n\t\t\t\t\t\t\t\t\t<\/figure>\n\t\t\t<\/div>\n\t\t<\/div>\n\t<\/div>\n<\/div>\n\n\n<div class=\"ce ce-onecol    layout-8  \">\n\t<div class=\"container\">\n\t\t<div class=\"row\">\n\t\t\t<div class=\"col\">\n\t\t\t\t<h1>Willkommen bei Lernen &amp; Erleben<br \/>\n\u2013 der Kunstvermittlung im mre<\/h1>\n\t\t\t<\/div>\n\t\t<\/div>\n\t<\/div>\n<\/div>\n\n\n<div class=\"ce ce-twocol   pb-medium layout-6-5  \">\n\t<div class=\"container\">\n\t\t<div class=\"row\">\n\t\t\t<div class=\"col col-custom-1\">\n\t\t\t\t<p><span data-contrast=\"auto\">Bei uns dreht sich alles um das pers\u00f6nliche Kunsterlebnis! Entdecken Sie in unseren F\u00fchrungen hochkar\u00e4tige Werke der abstrakten Kunst aus der Sammlung Reinhard Ernst in der lichtdurchfluteten Museumsarchitektur des japanischen Architekten Fumihiko Maki.<\/span><span data-ccp-props=\"{}\">\u00a0<\/span><\/p>\n<h2>Abstrakte Kunst ist eine Einladung!<\/h2>\n<p><span data-contrast=\"auto\">Sie als Besucher:innen bringen bereits alles mit, damit die Kunstwerke auf Sie wirken k\u00f6nnen und ein ganz pers\u00f6nlicher Resonanzraum entstehen darf \u2013 Ihre Sinne, pers\u00f6nlichen Geschichten, Vorlieben und Sehns\u00fcchte. Lassen Sie sich von dem Erlebnis \u00fcberraschen, das bei der Betrachtung abstrakter Kunst entsteht! Unser Vermittlungsteam begleitet Sie auf dieser Reise und l\u00e4dt zum gemeinsamen Austausch ein. <\/span><\/p>\n<p><span data-contrast=\"auto\">In unseren F\u00fchrungen erhalten Sie spannende Einblicke in die Entstehung eines der wenigen Museen weltweit mit einer Sammlung rein abstrakter K<\/span><span data-contrast=\"auto\">unst und erfahren mehr \u00fcber das pers\u00f6nliche Anliegen des Stifterpaars Reinhard und Sonja Ernst \u2013 Kunst f\u00fcr Jede:n erlebbar zu machen.<\/span><span data-ccp-props=\"{}\">\u00a0<\/span><\/p>\n<p><strong>Ein ganz besonderes Angebot erwartet unsere jungen Museumsentdecker:innen! <\/strong><\/p>\n<p><span data-contrast=\"auto\">Ob in den Familienformaten oder unserem speziell auf p\u00e4dagogische Gruppen zugeschnittenen Vormittagsprogramm \u2013 unter 18 Jahren sind der Eintritt und die Teilnahme an unseren Vermittlungsangeboten f\u00fcr Dich kostenfrei!<\/span><span data-ccp-props=\"{}\">\u00a0<\/span><\/p>\n<p>&nbsp;<\/p>\n\t\t\t<\/div>\n\t\t\t<div class=\"col col-custom-2\">\n\t\t\t\t<figure><img loading=\"lazy\" decoding=\"async\" class=\"alignnone size-full wp-image-31996\" src=\"https:\/\/www.museum-re.de\/wp-content\/uploads\/2025\/07\/Vermittlungs-Team-Team-Foto_1800x1200.jpg\" alt=\"\" width=\"1800\" height=\"1200\" srcset=\"https:\/\/www.museum-re.de\/wp-content\/uploads\/2025\/07\/Vermittlungs-Team-Team-Foto_1800x1200.jpg 1800w, https:\/\/www.museum-re.de\/wp-content\/uploads\/2025\/07\/Vermittlungs-Team-Team-Foto_1800x1200-800x533.jpg 800w, https:\/\/www.museum-re.de\/wp-content\/uploads\/2025\/07\/Vermittlungs-Team-Team-Foto_1800x1200-1024x683.jpg 1024w, https:\/\/www.museum-re.de\/wp-content\/uploads\/2025\/07\/Vermittlungs-Team-Team-Foto_1800x1200-768x512.jpg 768w, https:\/\/www.museum-re.de\/wp-content\/uploads\/2025\/07\/Vermittlungs-Team-Team-Foto_1800x1200-1536x1024.jpg 1536w\" sizes=\"auto, (max-width: 1800px) 100vw, 1800px\" \/><\/figure>\n<p><span data-contrast=\"auto\">Unsere F\u00fchrungen k\u00f6nnen Sie vor Ort sowie <a href=\"https:\/\/shop.museum-re.de\/de\/rundgaenge-workshops\" target=\"_blank\" rel=\"noopener\">online buchen<\/a> \u2013 oder als exklusiven Rundgang in einer privaten Gruppe <a  href=\"#\" class=\"q-mail-protect\" data-email=\"KC0oABstNzEDQhFKETstKnMDN1RCWk98Oj9PGD4=\" data-email-protected=\"1\" data-render=\"delayed\" target=\"_blank\" rel=\"noopener\">anfragen<\/a>.\u00a0<\/span><\/p>\n<p><span data-contrast=\"auto\">Das <a href=\"https:\/\/www.museum-re.de\/de\/lernen-erleben\/farblabor\/\" target=\"_blank\" rel=\"noopener\">Farblabor<\/a>, unser Vermittlungsraum, wartet mit Games und Medienstationen darauf, die im Museum gesammelten Eindr\u00fccke in Experimenten und mit teils vollem K\u00f6rpereinsatz zum Ausdruck zu bringen \u2013 mal kollaborativ, mal kompetitiv.<\/span><span data-ccp-props=\"{}\">\u00a0<\/span><\/p>\n<p><span data-contrast=\"auto\">Das Team der Kunstvermittlung freut sich auf Deinen \/ Ihren Besuch!<\/span><span data-ccp-props=\"{}\">\u00a0<\/span><\/p>\n\t\t\t<\/div>\n\t\t<\/div>\n\t<\/div>\n<\/div>\n\n\n\t<div class=\"ce ce-teaser-list  min-2-items min-3-items min-4-items  pt-large pb-large is-fourcol bgr-white \">\n\t\t<div class=\"container\">\n\t\t\t<div class=\"row\">\n\t\t\t\t<div class=\"col\">\n\t\t\t\t\t<div class=\"teaser-header\">\n\t\t\t\t\t\t\t\t\t\t\t\t\t<h2>Unsere Vermittlungsangebote<\/h2>\t\t\t\t\t\t\t\t\t\t\t<\/div>\n\t\t\t\t\t<div class=\"teaser-list\">\n\t\t\t\t\t\t\n\n<div class=\"teaser\">\n\t\t\t<a href=\"https:\/\/www.museum-re.de\/de\/lernen-erleben\/rundgaenge\/\" target=\"\">\n\t\t\t<figure>\n\t<div class=\"teaser-img\">\n\t\t<div class=\"img-wrapper\">\n\t\t\t<img loading=\"lazy\" decoding=\"async\" width=\"500\" height=\"313\" src=\"https:\/\/www.museum-re.de\/wp-content\/uploads\/2023\/01\/Fuehrungen-Rundgaenge_500313.png\" class=\"attachment-full size-full\" alt=\"\" \/>\t\t<\/div>\n\t<\/div>\n\t<figcaption class=\"teaser-caption\">\n\t\t\t\t\t<h4 class=\"teaser-title\">\u00d6ffentliche F\u00fchrungen<\/h4>\t\t\t\t\t<\/figcaption>\n<\/figure>\n\t\t<\/a>\n\t<\/div>\n\n\n<div class=\"teaser\">\n\t\t\t<a href=\"https:\/\/www.museum-re.de\/de\/lernen-erleben\/angebote-fuer-gruppen\/\" target=\"\">\n\t\t\t<figure>\n\t<div class=\"teaser-img\">\n\t\t<div class=\"img-wrapper\">\n\t\t\t<img loading=\"lazy\" decoding=\"async\" width=\"500\" height=\"313\" src=\"https:\/\/www.museum-re.de\/wp-content\/uploads\/2023\/01\/Angebote-fuer-Gruppen_500313.png\" class=\"attachment-full size-full\" alt=\"\" \/>\t\t<\/div>\n\t<\/div>\n\t<figcaption class=\"teaser-caption\">\n\t\t\t\t\t<h4 class=\"teaser-title\">Angebote f\u00fcr Gruppen<\/h4>\t\t\t\t\t<\/figcaption>\n<\/figure>\n\t\t<\/a>\n\t<\/div>\n\n\n<div class=\"teaser\">\n\t\t\t<a href=\"https:\/\/www.museum-re.de\/de\/lernen-erleben\/kinder\/\" target=\"\">\n\t\t\t<figure>\n\t<div class=\"teaser-img\">\n\t\t<div class=\"img-wrapper\">\n\t\t\t<img loading=\"lazy\" decoding=\"async\" width=\"500\" height=\"313\" src=\"https:\/\/www.museum-re.de\/wp-content\/uploads\/2023\/01\/Kinder-Familien_500313.png\" class=\"attachment-full size-full\" alt=\"\" \/>\t\t<\/div>\n\t<\/div>\n\t<figcaption class=\"teaser-caption\">\n\t\t\t\t\t<h4 class=\"teaser-title\">Kinder &amp; Familien<\/h4>\t\t\t\t\t<\/figcaption>\n<\/figure>\n\t\t<\/a>\n\t<\/div>\n\n\n<div class=\"teaser\">\n\t\t\t<a href=\"https:\/\/www.museum-re.de\/de\/lernen-erleben\/schulen\/\" target=\"\">\n\t\t\t<figure>\n\t<div class=\"teaser-img\">\n\t\t<div class=\"img-wrapper\">\n\t\t\t<img loading=\"lazy\" decoding=\"async\" width=\"500\" height=\"313\" src=\"https:\/\/www.museum-re.de\/wp-content\/uploads\/2023\/01\/Schulen-Bildungsorte_500313.png\" class=\"attachment-full size-full\" alt=\"\" \/>\t\t<\/div>\n\t<\/div>\n\t<figcaption class=\"teaser-caption\">\n\t\t\t\t\t<h4 class=\"teaser-title\">Schulen &amp; Bildungsorte<\/h4>\t\t\t\t\t<\/figcaption>\n<\/figure>\n\t\t<\/a>\n\t<\/div>\n\t\t\t\t\t<\/div>\n\t\t\t\t\t\t\t\t\t<\/div>\n\t\t\t<\/div>\n\t\t<\/div>\n\t<\/div>\n\n\n<div class=\"ce ce-twocol  pt-large pb-xlarge layout-5-6 bgr-white  vertically-centered\">\n\t<div class=\"container\">\n\t\t<div class=\"row\">\n\t\t\t<div class=\"col col-custom-1\">\n\t\t\t\t<figure><img loading=\"lazy\" decoding=\"async\" class=\"alignnone size-medium wp-image-36580\" src=\"https:\/\/www.museum-re.de\/wp-content\/uploads\/2025\/10\/MRE_04.2024_3123-800x533.jpg\" alt=\"\" width=\"800\" height=\"533\" srcset=\"https:\/\/www.museum-re.de\/wp-content\/uploads\/2025\/10\/MRE_04.2024_3123-800x533.jpg 800w, https:\/\/www.museum-re.de\/wp-content\/uploads\/2025\/10\/MRE_04.2024_3123-1024x682.jpg 1024w, https:\/\/www.museum-re.de\/wp-content\/uploads\/2025\/10\/MRE_04.2024_3123-768x512.jpg 768w, https:\/\/www.museum-re.de\/wp-content\/uploads\/2025\/10\/MRE_04.2024_3123.jpg 1181w\" sizes=\"auto, (max-width: 800px) 100vw, 800px\" \/><\/figure>\n\t\t\t<\/div>\n\t\t\t<div class=\"col col-custom-2\">\n\t\t\t\t<h2>Der mre-Mediaguide<\/h2>\n<p>Wenn Sie lieber allein durch das Museum flanieren m\u00f6chten, begleitet Sie jederzeit unser Mediaguide.<\/p>\n<p>Lauschen Sie unseren kuratierten Touren, erfahren Sie tiefergehende Informationen zu den K\u00fcnstler:innen und Werken und erleben Sie mit Augmented Reality die Kunst aus ganz neuen Blickwinkeln.<\/p>\n<p><a class=\"cta-primary\" href=\"https:\/\/www.museum-re.de\/de\/besuch\/mediaguide\/\">Hier entdecken<\/a><\/p>\n\t\t\t<\/div>\n\t\t<\/div>\n\t<\/div>\n<\/div>\n\n\n\t<div class=\"ce ce-teaser-list  min-2-items min-3-items  pt-large pb-large is-fourcol bgr-white \">\n\t\t<div class=\"container\">\n\t\t\t<div class=\"row\">\n\t\t\t\t<div class=\"col\">\n\t\t\t\t\t<div class=\"teaser-header\">\n\t\t\t\t\t\t\t\t\t\t\t\t\t<h2>Unsere Kooperationspartner:innen<\/h2>\t\t\t\t\t\t\t\t\t\t\t<\/div>\n\t\t\t\t\t<div class=\"teaser-list\">\n\t\t\t\t\t\t\n\n<div class=\"teaser\">\n\t\t\t<span>\n\t\t\t<figure>\n\t<div class=\"teaser-img\">\n\t\t<div class=\"img-wrapper\">\n\t\t\t<img loading=\"lazy\" decoding=\"async\" width=\"1421\" height=\"1000\" src=\"https:\/\/www.museum-re.de\/wp-content\/uploads\/2025\/10\/RuV_CMYK_blau.jpg\" class=\"attachment-full size-full\" alt=\"\" srcset=\"https:\/\/www.museum-re.de\/wp-content\/uploads\/2025\/10\/RuV_CMYK_blau.jpg 1421w, https:\/\/www.museum-re.de\/wp-content\/uploads\/2025\/10\/RuV_CMYK_blau-800x563.jpg 800w, https:\/\/www.museum-re.de\/wp-content\/uploads\/2025\/10\/RuV_CMYK_blau-1024x721.jpg 1024w, https:\/\/www.museum-re.de\/wp-content\/uploads\/2025\/10\/RuV_CMYK_blau-768x540.jpg 768w\" sizes=\"auto, (max-width: 1421px) 100vw, 1421px\" \/>\t\t<\/div>\n\t<\/div>\n\t<figcaption class=\"teaser-caption\">\n\t\t\t\t\t<\/figcaption>\n<\/figure>\n\t\t<\/span>\n\t<\/div>\n\n\n<div class=\"teaser\">\n\t\t\t<a href=\"https:\/\/jawlenskyschule.de\/kooperationen\/\" target=\"\">\n\t\t\t<figure>\n\t<div class=\"teaser-img\">\n\t\t<div class=\"img-wrapper\">\n\t\t\t<img loading=\"lazy\" decoding=\"async\" width=\"283\" height=\"240\" src=\"https:\/\/www.museum-re.de\/wp-content\/uploads\/2025\/10\/Logo-neu.png\" class=\"attachment-full size-full\" alt=\"\" \/>\t\t<\/div>\n\t<\/div>\n\t<figcaption class=\"teaser-caption\">\n\t\t\t\t\t<\/figcaption>\n<\/figure>\n\t\t<\/a>\n\t<\/div>\n\n\n<div class=\"teaser\">\n\t\t\t<a href=\"https:\/\/nurmut.online\/mutiger-mittwoch\/\" target=\"\">\n\t\t\t<figure>\n\t<div class=\"teaser-img\">\n\t\t<div class=\"img-wrapper\">\n\t\t\t<img loading=\"lazy\" decoding=\"async\" width=\"1000\" height=\"722\" src=\"https:\/\/www.museum-re.de\/wp-content\/uploads\/2025\/10\/Logo_Blau_klein.png\" class=\"attachment-full size-full\" alt=\"\" srcset=\"https:\/\/www.museum-re.de\/wp-content\/uploads\/2025\/10\/Logo_Blau_klein.png 1000w, https:\/\/www.museum-re.de\/wp-content\/uploads\/2025\/10\/Logo_Blau_klein-800x578.png 800w, https:\/\/www.museum-re.de\/wp-content\/uploads\/2025\/10\/Logo_Blau_klein-768x554.png 768w\" sizes=\"auto, (max-width: 1000px) 100vw, 1000px\" \/>\t\t<\/div>\n\t<\/div>\n\t<figcaption class=\"teaser-caption\">\n\t\t\t\t\t<\/figcaption>\n<\/figure>\n\t\t<\/a>\n\t<\/div>\n\t\t\t\t\t<\/div>\n\t\t\t\t\t\t\t\t\t<\/div>\n\t\t\t<\/div>\n\t\t<\/div>\n\t<\/div>\n\n\n<div class=\"ce ce-twocol  pt-small    \">\n\t<div class=\"container\">\n\t\t<div class=\"row\">\n\t\t\t<div class=\"col col-custom-1\">\n\t\t\t\t<div class=\"col col-custom-1\">\n<h2 style=\"text-align: left;\">Bleiben Sie auf dem Laufenden!<\/h2>\n<p style=\"text-align: left;\">Hier k\u00f6nnen Sie unseren Lernen &amp; Erleben Newsletter abonnieren.<\/p>\n<\/div>\n\t\t\t<\/div>\n\t\t\t<div class=\"col col-custom-2\">\n\t\t\t\t<p>Erhalten Sie alle Informationen und Vermittlungsangebote des Museums Reinhard Ernst direkt in Ihre Inbox.<\/p>\n<p><script charset=\"utf-8\" type=\"text\/javascript\" src=\"\/\/js-eu1.hsforms.net\/forms\/embed\/v2.js\"><\/script><br \/>\n<script>\n  hbspt.forms.create({\n    portalId: \"25488603\",\n    formId: \"6863ad92-f227-4d39-8a33-3f602aa15d2f\",\n    region: \"eu1\"\n  });\n<\/script><\/p>\n<p>&nbsp;<\/p>\n<p>&nbsp;<\/p>\n\t\t\t<\/div>\n\t\t<\/div>\n\t<\/div>\n<\/div>\n\n\n","protected":false},"excerpt":{"rendered":"","protected":false},"author":6,"featured_media":0,"parent":20,"menu_order":0,"comment_status":"closed","ping_status":"closed","template":"","meta":{"_acf_changed":false,"content-type":"","_relevanssi_hide_post":"","_relevanssi_hide_content":"","_relevanssi_pin_for_all":"","_relevanssi_pin_keywords":"","_relevanssi_unpin_keywords":"","_relevanssi_related_keywords":"","_relevanssi_related_include_ids":"","_relevanssi_related_exclude_ids":"","_relevanssi_related_no_append":"","_relevanssi_related_not_related":"","_relevanssi_related_posts":"272,265,256","_relevanssi_noindex_reason":"","footnotes":""},"class_list":["post-3863","page","type-page","status-publish","hentry"],"acf":[],"_links":{"self":[{"href":"https:\/\/www.museum-re.de\/de\/wp-json\/wp\/v2\/pages\/3863","targetHints":{"allow":["GET"]}}],"collection":[{"href":"https:\/\/www.museum-re.de\/de\/wp-json\/wp\/v2\/pages"}],"about":[{"href":"https:\/\/www.museum-re.de\/de\/wp-json\/wp\/v2\/types\/page"}],"author":[{"embeddable":true,"href":"https:\/\/www.museum-re.de\/de\/wp-json\/wp\/v2\/users\/6"}],"replies":[{"embeddable":true,"href":"https:\/\/www.museum-re.de\/de\/wp-json\/wp\/v2\/comments?post=3863"}],"version-history":[{"count":69,"href":"https:\/\/www.museum-re.de\/de\/wp-json\/wp\/v2\/pages\/3863\/revisions"}],"predecessor-version":[{"id":44006,"href":"https:\/\/www.museum-re.de\/de\/wp-json\/wp\/v2\/pages\/3863\/revisions\/44006"}],"up":[{"embeddable":true,"href":"https:\/\/www.museum-re.de\/de\/wp-json\/wp\/v2\/pages\/20"}],"wp:attachment":[{"href":"https:\/\/www.museum-re.de\/de\/wp-json\/wp\/v2\/media?parent=3863"}],"curies":[{"name":"wp","href":"https:\/\/api.w.org\/{rel}","templated":true}]}}