{"id":59,"date":"2022-09-08T12:22:52","date_gmt":"2022-09-08T10:22:53","guid":{"rendered":"https:\/\/www.museum-re.de\/besuch\/forum\/"},"modified":"2025-05-21T15:21:07","modified_gmt":"2025-05-21T13:21:07","slug":"foyer","status":"publish","type":"page","link":"https:\/\/www.museum-re.de\/de\/besuch\/foyer\/","title":{"rendered":"Foyer"},"content":{"rendered":"<div class=\"ce ce-hero       fullwidth\">\n\t<div class=\"container\">\n\t\t<div class=\"row\">\n\t\t\t<div class=\"col\">\n\t\t\t\t<figure>\n\t\t\t\t\t<div class=\"img-wrapper\">\n\t\t\t\t\t\t\t\t\t\t\t\t\t<img loading=\"lazy\" decoding=\"async\" width=\"2500\" height=\"1111\" src=\"https:\/\/www.museum-re.de\/wp-content\/uploads\/2024\/05\/Menschen_Foyer_Hero.png\" class=\"attachment-full size-full\" alt=\"\" srcset=\"https:\/\/www.museum-re.de\/wp-content\/uploads\/2024\/05\/Menschen_Foyer_Hero.png 2500w, https:\/\/www.museum-re.de\/wp-content\/uploads\/2024\/05\/Menschen_Foyer_Hero-800x356.png 800w, https:\/\/www.museum-re.de\/wp-content\/uploads\/2024\/05\/Menschen_Foyer_Hero-1024x455.png 1024w, https:\/\/www.museum-re.de\/wp-content\/uploads\/2024\/05\/Menschen_Foyer_Hero-768x341.png 768w, https:\/\/www.museum-re.de\/wp-content\/uploads\/2024\/05\/Menschen_Foyer_Hero-1536x683.png 1536w, https:\/\/www.museum-re.de\/wp-content\/uploads\/2024\/05\/Menschen_Foyer_Hero-2048x910.png 2048w\" sizes=\"auto, (max-width: 2500px) 100vw, 2500px\" \/>\t\t\t\t\t\t\t\t\t\t\t<\/div>\n\t\t\t\t\t\t\t\t\t<\/figure>\n\t\t\t<\/div>\n\t\t<\/div>\n\t<\/div>\n<\/div>\n\n\n<div class=\"ce ce-onecol      \">\n\t<div class=\"container\">\n\t\t<div class=\"row\">\n\t\t\t<div class=\"col\">\n\t\t\t\t<h1>Foyer<\/h1>\n\t\t\t<\/div>\n\t\t<\/div>\n\t<\/div>\n<\/div>\n\n\n<div class=\"ce ce-twocol   pb-large   \">\n\t<div class=\"container\">\n\t\t<div class=\"row\">\n\t\t\t<div class=\"col col-custom-1\">\n\t\t\t\t<p>Sch\u00f6n, dass Sie da sind! Willkommen wird bei uns gro\u00dfgeschrieben. Das Museum Reinhard Ernst ist nicht nur ein Haus f\u00fcr das Sammeln, Bewahren, Erforschen, Ausstellen und Vermitteln von Kunst. Es ist ganz entschieden auch ein Ort zum Leben von Gemeinschaft. Unser daf\u00fcr buchst\u00e4blich zentrales Angebot ist das mre-Foyer.<\/p>\n<p>Die geschlossene Fassadenverkleidung des mre l\u00e4sst von au\u00dfen ein weihevoll-sp\u00e4rlich beleuchtetes Schatzhaus vermuten. Stattdessen \u00fcberrascht im Inneren ein gl\u00e4sernes Atrium, das das gesamte Geb\u00e4ude erhellt.<\/p>\n\t\t\t<\/div>\n\t\t\t<div class=\"col col-custom-2\">\n\t\t\t\t<p>Rund um den lichtdurchfluteten Innenhof begegnen sich im mre-Foyer Museum und Stadt, G\u00e4ste und Einheimische, Kunstfans und andere, die sich nur mal umschauen m\u00f6chten.<\/p>\n<p>Erweitern Sie Ihren Spaziergang \u00fcber Wiesbadens Flaniermeile Wilhelmstra\u00dfe um einen kunstvollen Schlenker ins mre. Genie\u00dfen Sie bereits im Museumsfoyer die Bandbreite abstrakter Kunst.<\/p>\n\t\t\t<\/div>\n\t\t<\/div>\n\t<\/div>\n<\/div>\n\n\n<div class=\"ce ce-img-slider   pb-small   \">\n\t<div class=\"container\">\n\t\t<div class=\"row\">\n\t\t\t<div class=\"col\">\n\t\t\t\t<div class=\"img-slider\">\n\t\t\t\t\t<div class=\"swiper\">\n\t\t\t\t\t\t<div class=\"swiper-container\">\n\t\t\t\t\t\t\t<div class=\"swiper-wrapper\">\n\t\t\t\t\t\t\t\t\t\t\t\t\t\t\t\t\t<div class=\"swiper-slide\">\n\t\t\t\t\t\t\t\t\t\t<figure>\n\t\t\t\t\t\t\t\t\t\t\t<img loading=\"lazy\" decoding=\"async\" width=\"2000\" height=\"1200\" src=\"https:\/\/www.museum-re.de\/wp-content\/uploads\/2025\/05\/Chillida_cAD.png\" class=\"attachment-full size-full\" alt=\"\" srcset=\"https:\/\/www.museum-re.de\/wp-content\/uploads\/2025\/05\/Chillida_cAD.png 2000w, https:\/\/www.museum-re.de\/wp-content\/uploads\/2025\/05\/Chillida_cAD-800x480.png 800w, https:\/\/www.museum-re.de\/wp-content\/uploads\/2025\/05\/Chillida_cAD-1024x614.png 1024w, https:\/\/www.museum-re.de\/wp-content\/uploads\/2025\/05\/Chillida_cAD-768x461.png 768w, https:\/\/www.museum-re.de\/wp-content\/uploads\/2025\/05\/Chillida_cAD-1536x922.png 1536w\" sizes=\"auto, (max-width: 2000px) 100vw, 2000px\" \/>\t\t\t\t\t\t\t\t\t\t\t\t\t\t\t\t\t\t\t\t\t<\/figure>\n\t\t\t\t\t\t\t\t\t<\/div>\n\t\t\t\t\t\t\t\t\t\t\t\t\t\t\t\t\t<div class=\"swiper-slide\">\n\t\t\t\t\t\t\t\t\t\t<figure>\n\t\t\t\t\t\t\t\t\t\t\t<img loading=\"lazy\" decoding=\"async\" width=\"1500\" height=\"904\" src=\"https:\/\/www.museum-re.de\/wp-content\/uploads\/2024\/04\/Grosse_2_1500904.png\" class=\"attachment-full size-full\" alt=\"Katharina Grosse \u2013 Ein Glas Wasser, bitte\" srcset=\"https:\/\/www.museum-re.de\/wp-content\/uploads\/2024\/04\/Grosse_2_1500904.png 1500w, https:\/\/www.museum-re.de\/wp-content\/uploads\/2024\/04\/Grosse_2_1500904-800x482.png 800w, https:\/\/www.museum-re.de\/wp-content\/uploads\/2024\/04\/Grosse_2_1500904-1024x617.png 1024w, https:\/\/www.museum-re.de\/wp-content\/uploads\/2024\/04\/Grosse_2_1500904-768x463.png 768w\" sizes=\"auto, (max-width: 1500px) 100vw, 1500px\" \/>\t\t\t\t\t\t\t\t\t\t\t\t\t\t\t\t\t\t\t\t\t\t\t<figcaption>Katharina Grosse, Ein Glas Wasser, bitte, 2024 \u00a9 VG Bild-Kunst, Bonn, 2024<\/figcaption>\n\t\t\t\t\t\t\t\t\t\t\t\t\t\t\t\t\t\t\t\t\t<\/figure>\n\t\t\t\t\t\t\t\t\t<\/div>\n\t\t\t\t\t\t\t\t\t\t\t\t\t\t\t\t\t<div class=\"swiper-slide\">\n\t\t\t\t\t\t\t\t\t\t<figure>\n\t\t\t\t\t\t\t\t\t\t\t<img loading=\"lazy\" decoding=\"async\" width=\"2000\" height=\"1200\" src=\"https:\/\/www.museum-re.de\/wp-content\/uploads\/2024\/06\/Bettina-Pousttchi.jpg\" class=\"attachment-full size-full\" alt=\"\" srcset=\"https:\/\/www.museum-re.de\/wp-content\/uploads\/2024\/06\/Bettina-Pousttchi.jpg 2000w, https:\/\/www.museum-re.de\/wp-content\/uploads\/2024\/06\/Bettina-Pousttchi-800x480.jpg 800w, https:\/\/www.museum-re.de\/wp-content\/uploads\/2024\/06\/Bettina-Pousttchi-1024x614.jpg 1024w, https:\/\/www.museum-re.de\/wp-content\/uploads\/2024\/06\/Bettina-Pousttchi-768x461.jpg 768w, https:\/\/www.museum-re.de\/wp-content\/uploads\/2024\/06\/Bettina-Pousttchi-1536x922.jpg 1536w\" sizes=\"auto, (max-width: 2000px) 100vw, 2000px\" \/>\t\t\t\t\t\t\t\t\t\t\t\t\t\t\t\t\t\t\t\t\t\t\t<figcaption>Bettina Pousttchi, Vertical Highways \u2013 Progressions 4 (Detail), 2024 Foto: Sascha Kopp<\/figcaption>\n\t\t\t\t\t\t\t\t\t\t\t\t\t\t\t\t\t\t\t\t\t<\/figure>\n\t\t\t\t\t\t\t\t\t<\/div>\n\t\t\t\t\t\t\t\t\t\t\t\t\t\t\t\t\t<div class=\"swiper-slide\">\n\t\t\t\t\t\t\t\t\t\t<figure>\n\t\t\t\t\t\t\t\t\t\t\t<img loading=\"lazy\" decoding=\"async\" width=\"4252\" height=\"2835\" src=\"https:\/\/www.museum-re.de\/wp-content\/uploads\/2024\/06\/Karl-Martin_Hartmann.jpg\" class=\"attachment-full size-full\" alt=\"\" srcset=\"https:\/\/www.museum-re.de\/wp-content\/uploads\/2024\/06\/Karl-Martin_Hartmann.jpg 4252w, https:\/\/www.museum-re.de\/wp-content\/uploads\/2024\/06\/Karl-Martin_Hartmann-800x533.jpg 800w, https:\/\/www.museum-re.de\/wp-content\/uploads\/2024\/06\/Karl-Martin_Hartmann-1024x683.jpg 1024w, https:\/\/www.museum-re.de\/wp-content\/uploads\/2024\/06\/Karl-Martin_Hartmann-768x512.jpg 768w, https:\/\/www.museum-re.de\/wp-content\/uploads\/2024\/06\/Karl-Martin_Hartmann-1536x1024.jpg 1536w, https:\/\/www.museum-re.de\/wp-content\/uploads\/2024\/06\/Karl-Martin_Hartmann-2048x1365.jpg 2048w\" sizes=\"auto, (max-width: 4252px) 100vw, 4252px\" \/>\t\t\t\t\t\t\t\t\t\t\t\t\t\t\t\t\t\t\t\t\t\t\t<figcaption>Karl-Martin Hartmann, The Ladybird, the Innocence and the Cars, 2024<\/figcaption>\n\t\t\t\t\t\t\t\t\t\t\t\t\t\t\t\t\t\t\t\t\t<\/figure>\n\t\t\t\t\t\t\t\t\t<\/div>\n\t\t\t\t\t\t\t\t\t\t\t\t\t\t\t\t\t<div class=\"swiper-slide\">\n\t\t\t\t\t\t\t\t\t\t<figure>\n\t\t\t\t\t\t\t\t\t\t\t<img loading=\"lazy\" decoding=\"async\" width=\"2000\" height=\"1200\" src=\"https:\/\/www.museum-re.de\/wp-content\/uploads\/2025\/05\/MadC-Wandering-Thoughts-cHelbig-Marburger.png\" class=\"attachment-full size-full\" alt=\"\" srcset=\"https:\/\/www.museum-re.de\/wp-content\/uploads\/2025\/05\/MadC-Wandering-Thoughts-cHelbig-Marburger.png 2000w, https:\/\/www.museum-re.de\/wp-content\/uploads\/2025\/05\/MadC-Wandering-Thoughts-cHelbig-Marburger-800x480.png 800w, https:\/\/www.museum-re.de\/wp-content\/uploads\/2025\/05\/MadC-Wandering-Thoughts-cHelbig-Marburger-1024x614.png 1024w, https:\/\/www.museum-re.de\/wp-content\/uploads\/2025\/05\/MadC-Wandering-Thoughts-cHelbig-Marburger-768x461.png 768w, https:\/\/www.museum-re.de\/wp-content\/uploads\/2025\/05\/MadC-Wandering-Thoughts-cHelbig-Marburger-1536x922.png 1536w\" sizes=\"auto, (max-width: 2000px) 100vw, 2000px\" \/>\t\t\t\t\t\t\t\t\t\t\t\t\t\t\t\t\t\t\t\t\t<\/figure>\n\t\t\t\t\t\t\t\t\t<\/div>\n\t\t\t\t\t\t\t\t\t\t\t\t\t\t\t<\/div>\n\t\t\t\t\t\t<\/div>\n\t\t\t\t\t\t<div class=\"swiper-pagination\"><\/div>\n\t\t\t\t\t<\/div>\n\t\t\t\t\t<div class=\"swiper-button-next\"><\/div>\n\t\t\t\t\t<div class=\"swiper-button-prev\"><\/div>\n\t\t\t\t<\/div>\n\t\t\t<\/div>\n\t\t<\/div>\n\t<\/div>\n<\/div>\n\n\n\n<div class=\"ce ce-twocol  pt-small    \">\n\t<div class=\"container\">\n\t\t<div class=\"row\">\n\t\t\t<div class=\"col col-custom-1\">\n\t\t\t\t<p><strong>Abstraktion ist universell:<\/strong> Erleben Sie, wie im Innenhof die Architektur Fumihiko Makis, die Skulptur von Eduardo Chillida und der gro\u00dfe Ahornbaum gemeinsam das Licht feiern.<\/p>\n<p><strong> Abstraktion \u00fcberschreitet Grenzen:<\/strong> Erfreuen Sie sich daran, wie Katharina Grosse in ihrer farbenpr\u00e4chtigen Glaswand Malerei neu denkt.<\/p>\n<p><strong> Abstraktion vereint Gegens\u00e4tze:<\/strong> Entdecken Sie, was Karl-Martin Hartmann hinter seinen gl\u00e4sernen Vorh\u00e4ngen f\u00fcr Sie bereith\u00e4lt.<\/p>\n<p><strong>Abstraktion regt an:<\/strong> Lassen Sie sich von Bettina Pousttchis dynamischen Metallstrukturen zum Tanz verleiten.<\/p>\n\t\t\t<\/div>\n\t\t\t<div class=\"col col-custom-2\">\n\t\t\t\t<p><strong>Abstraktion ist nahbar: <\/strong>Der Eintritt ins mre-Foyer ist f\u00fcr alle G\u00e4ste frei. Genauso wie der Besuch f\u00fcr Kinder und Jugendliche bis zum Alter von 18 Jahren im gesamten Museum kostenlos ist. \u00dcberhaupt ist das Museum bis 12 Uhr ausschlie\u00dflich f\u00fcr Schulen, Kinderg\u00e4rten und Bildungseinrichtungen ge\u00f6ffnet.<\/p>\n<p>Als Privatmuseum, das stark auf Einnahmen aus Eintrittsgeldern angewiesen ist, veranschaulicht dies bestm\u00f6glich unsere Motivation, Kinder und Jugendliche an abstrakte Kunst heranzuf\u00fchren und ihnen Kunst-Orte zum (Er)Leben von Gemeinschaft zu er\u00f6ffnen. Wir bieten R\u00e4ume voller Kunst, einladend, gesch\u00fctzt und kommunikativ, die alle Besucher:innen willkommen hei\u00dfen. Das ist unser Verst\u00e4ndnis eines zeitgem\u00e4\u00dfen Museums.<\/p>\n<h4><strong>Das ist unsere Idee eines Museums f\u00fcr alle.<\/strong><\/h4>\n<p>Weitere Informationen zu den Kunstwerken im Foyer erhalten Sie <a href=\"https:\/\/www.museum-re.de\/de\/kunst\/kunst-im-foyer-2\/\">hier<\/a>.<\/p>\n\t\t\t<\/div>\n\t\t<\/div>\n\t<\/div>\n<\/div>\n\n\n\t<div class=\"ce ce-teaser-slider  min-2-items min-3-items  pt-medium pb-large is-threecol  \">\n\t\t<div class=\"container\">\n\t\t\t<div class=\"row\">\n\t\t\t\t<div class=\"col\">\n\t\t\t\t\t<div class=\"teaser-header\">\n\t\t\t\t\t\t\t\t\t\t\t\t\t<h4>Das k\u00f6nnte Sie auch interessieren:<\/h4>\t\t\t\t\t\t\t\t\t\t\t\t<div class=\"swiper-button-next\"><\/div>\n\t\t\t\t\t\t<div class=\"swiper-button-prev\"><\/div>\n\t\t\t\t\t<\/div>\n\t\t\t\t\t<div class=\"swiper\">\n\t\t\t\t\t\t<div class=\"swiper-container\">\n\t\t\t\t\t\t\t<div class=\"swiper-wrapper\">\n                                                                    <div class=\"swiper-slide\">\n                                        \n\n<div class=\"teaser\">\n\t\t\t<a href=\"https:\/\/www.museum-re.de\/de\/museum\/museum\/\" target=\"\">\n\t\t\t<figure>\n\t<div class=\"teaser-img\">\n\t\t<div class=\"img-wrapper\">\n\t\t\t<img loading=\"lazy\" decoding=\"async\" width=\"800\" height=\"500\" src=\"https:\/\/www.museum-re.de\/wp-content\/uploads\/2023\/02\/Museum_Teaser_800500.png\" class=\"attachment-full size-full\" alt=\"\" srcset=\"https:\/\/www.museum-re.de\/wp-content\/uploads\/2023\/02\/Museum_Teaser_800500.png 800w, https:\/\/www.museum-re.de\/wp-content\/uploads\/2023\/02\/Museum_Teaser_800500-768x480.png 768w\" sizes=\"auto, (max-width: 800px) 100vw, 800px\" \/>\t\t<\/div>\n\t<\/div>\n\t<figcaption class=\"teaser-caption\">\n\t\t\t\t\t<h4 class=\"teaser-title\">Museum<\/h4>\t\t\t\t\t<\/figcaption>\n<\/figure>\n\t\t<\/a>\n\t<\/div>\n                                    <\/div>\n                                                                    <div class=\"swiper-slide\">\n                                        \n\n<div class=\"teaser\">\n\t\t\t<a href=\"https:\/\/www.museum-re.de\/de\/kunst\/ausstellungen\/\" target=\"\">\n\t\t\t<figure>\n\t<div class=\"teaser-img\">\n\t\t<div class=\"img-wrapper\">\n\t\t\t<img loading=\"lazy\" decoding=\"async\" width=\"800\" height=\"500\" src=\"https:\/\/www.museum-re.de\/wp-content\/uploads\/2023\/02\/Shimamoto_Teaser.png\" class=\"attachment-full size-full\" alt=\"\" srcset=\"https:\/\/www.museum-re.de\/wp-content\/uploads\/2023\/02\/Shimamoto_Teaser.png 800w, https:\/\/www.museum-re.de\/wp-content\/uploads\/2023\/02\/Shimamoto_Teaser-768x480.png 768w, https:\/\/www.museum-re.de\/wp-content\/uploads\/2023\/02\/Shimamoto_Teaser-300x188.png 300w\" sizes=\"auto, (max-width: 800px) 100vw, 800px\" \/>\t\t<\/div>\n\t<\/div>\n\t<figcaption class=\"teaser-caption\">\n\t\t\t\t\t<h4 class=\"teaser-title\">Aktuelle Ausstellungen<\/h4>\t\t\t\t\t<\/figcaption>\n<\/figure>\n\t\t<\/a>\n\t<\/div>\n                                    <\/div>\n                                                                    <div class=\"swiper-slide\">\n                                        \n\n<div class=\"teaser\">\n\t\t\t<a href=\"https:\/\/www.museum-re.de\/de\/lernen-erleben\/rundgaenge-2\/\" target=\"\">\n\t\t\t<figure>\n\t<div class=\"teaser-img\">\n\t\t<div class=\"img-wrapper\">\n\t\t\t<img loading=\"lazy\" decoding=\"async\" width=\"800\" height=\"500\" src=\"https:\/\/www.museum-re.de\/wp-content\/uploads\/2023\/02\/mre-A-wie-Abstrakt_500313.png\" class=\"attachment-full size-full\" alt=\"\" srcset=\"https:\/\/www.museum-re.de\/wp-content\/uploads\/2023\/02\/mre-A-wie-Abstrakt_500313.png 800w, https:\/\/www.museum-re.de\/wp-content\/uploads\/2023\/02\/mre-A-wie-Abstrakt_500313-768x480.png 768w\" sizes=\"auto, (max-width: 800px) 100vw, 800px\" \/>\t\t<\/div>\n\t<\/div>\n\t<figcaption class=\"teaser-caption\">\n\t\t\t\t\t<h4 class=\"teaser-title\">F\u00fchrungen<\/h4>\t\t\t\t\t<\/figcaption>\n<\/figure>\n\t\t<\/a>\n\t<\/div>\n                                    <\/div>\n                                \t\t\t\t\t\t\t<\/div>\n\t\t\t\t\t\t<\/div>\n\t\t\t\t\t<\/div>\n\t\t\t\t\t\t\t\t\t<\/div>\n\t\t\t<\/div>\n\t\t<\/div>\n\t<\/div>\n","protected":false},"excerpt":{"rendered":"","protected":false},"author":1,"featured_media":0,"parent":14,"menu_order":7,"comment_status":"closed","ping_status":"closed","template":"","meta":{"_acf_changed":false,"content-type":"","_relevanssi_hide_post":"","_relevanssi_hide_content":"","_relevanssi_pin_for_all":"","_relevanssi_pin_keywords":"","_relevanssi_unpin_keywords":"","_relevanssi_related_keywords":"","_relevanssi_related_include_ids":"","_relevanssi_related_exclude_ids":"","_relevanssi_related_no_append":"","_relevanssi_related_not_related":"","_relevanssi_related_posts":"272,265,256","_relevanssi_noindex_reason":"","footnotes":""},"class_list":["post-59","page","type-page","status-publish","hentry"],"acf":[],"_links":{"self":[{"href":"https:\/\/www.museum-re.de\/de\/wp-json\/wp\/v2\/pages\/59","targetHints":{"allow":["GET"]}}],"collection":[{"href":"https:\/\/www.museum-re.de\/de\/wp-json\/wp\/v2\/pages"}],"about":[{"href":"https:\/\/www.museum-re.de\/de\/wp-json\/wp\/v2\/types\/page"}],"author":[{"embeddable":true,"href":"https:\/\/www.museum-re.de\/de\/wp-json\/wp\/v2\/users\/1"}],"replies":[{"embeddable":true,"href":"https:\/\/www.museum-re.de\/de\/wp-json\/wp\/v2\/comments?post=59"}],"version-history":[{"count":139,"href":"https:\/\/www.museum-re.de\/de\/wp-json\/wp\/v2\/pages\/59\/revisions"}],"predecessor-version":[{"id":29748,"href":"https:\/\/www.museum-re.de\/de\/wp-json\/wp\/v2\/pages\/59\/revisions\/29748"}],"up":[{"embeddable":true,"href":"https:\/\/www.museum-re.de\/de\/wp-json\/wp\/v2\/pages\/14"}],"wp:attachment":[{"href":"https:\/\/www.museum-re.de\/de\/wp-json\/wp\/v2\/media?parent=59"}],"curies":[{"name":"wp","href":"https:\/\/api.w.org\/{rel}","templated":true}]}}