{"id":6071,"date":"2023-08-10T06:41:52","date_gmt":"2023-08-10T04:41:30","guid":{"rendered":"https:\/\/www.museum-re.de\/presse-2\/"},"modified":"2025-08-27T08:56:06","modified_gmt":"2025-08-27T06:56:06","slug":"engagement","status":"publish","type":"page","link":"https:\/\/www.museum-re.de\/de\/engagement\/","title":{"rendered":"Engagement"},"content":{"rendered":"<div class=\"ce ce-hero       fullwidth\">\n\t<div class=\"container\">\n\t\t<div class=\"row\">\n\t\t\t<div class=\"col\">\n\t\t\t\t<figure>\n\t\t\t\t\t<div class=\"img-wrapper\">\n\t\t\t\t\t\t\t\t\t\t\t\t\t<img loading=\"lazy\" decoding=\"async\" width=\"1800\" height=\"800\" src=\"https:\/\/www.museum-re.de\/wp-content\/uploads\/2024\/04\/Engagement_Hero.png\" class=\"attachment-full size-full\" alt=\"\" srcset=\"https:\/\/www.museum-re.de\/wp-content\/uploads\/2024\/04\/Engagement_Hero.png 1800w, https:\/\/www.museum-re.de\/wp-content\/uploads\/2024\/04\/Engagement_Hero-800x356.png 800w, https:\/\/www.museum-re.de\/wp-content\/uploads\/2024\/04\/Engagement_Hero-1024x455.png 1024w, https:\/\/www.museum-re.de\/wp-content\/uploads\/2024\/04\/Engagement_Hero-768x341.png 768w, https:\/\/www.museum-re.de\/wp-content\/uploads\/2024\/04\/Engagement_Hero-1536x683.png 1536w\" sizes=\"auto, (max-width: 1800px) 100vw, 1800px\" \/>\t\t\t\t\t\t\t\t\t\t\t<\/div>\n\t\t\t\t\t\t\t\t\t<\/figure>\n\t\t\t<\/div>\n\t\t<\/div>\n\t<\/div>\n<\/div>\n\n\n<div class=\"ce ce-onecol      \">\n\t<div class=\"container\">\n\t\t<div class=\"row\">\n\t\t\t<div class=\"col\">\n\t\t\t\t<h1>Engagement<\/h1>\n\t\t\t<\/div>\n\t\t<\/div>\n\t<\/div>\n<\/div>\n\n\n<div class=\"ce ce-onecol   pb-large   \">\n\t<div class=\"container\">\n\t\t<div class=\"row\">\n\t\t\t<div class=\"col\">\n\t\t\t\t<p>Das Museum Reinhard Ernst (mre) verbindet Architektur und abstrakte internationale Kunst auf h\u00f6chstem Niveau. Es ist eines der neuesten Museen Deutschlands. Das mre ist ein \u00f6ffentliches Museum, durch b\u00fcrgerschaftliches Engagement von einer gemeinn\u00fctzigen Stiftung, der Reinhard &amp; Sonja Ernst-Stiftung, erm\u00f6glicht. Auch das Betreiben des Museums erfolgt durch die Stiftung, ohne jegliche Steuermittel. Eine hochkar\u00e4tige Sammlung abstrakter Kunst wurde dem Museum von den Stiftern zur Verf\u00fcgung gestellt.<\/p>\n<p>Dieses Engagement schafft R\u00e4ume der Begegnung inmitten der Kunst. Es verbindet, \u00f6ffnet T\u00fcren und st\u00e4rkt unsere Gesellschaft.<br \/>\nSeien Sie von Beginn an Teil des mre-Erlebnisses \u2013 wir freuen uns auf Ihre Kontaktaufnahme!<\/p>\n\t\t\t<\/div>\n\t\t<\/div>\n\t<\/div>\n<\/div>\n\n\n<div class=\"ce ce-onecol  pt-medium pb-small  bgr-white \">\n\t<div class=\"container\">\n\t\t<div class=\"row\">\n\t\t\t<div class=\"col\">\n\t\t\t\t<h2>Sie machen den Unterschied!<\/h2>\n\t\t\t<\/div>\n\t\t<\/div>\n\t<\/div>\n<\/div>\n\n\n\t\t<div class=\"ce ce-accordion     bgr-white \">\n\t\t  <div class=\"container\">\n\t\t\t<div class=\"row\">\n\t\t\t  <div class=\"col\">\n\t\t\t\t<div class=\"accordion\"><div class=\"accordion-panel\" data-panel-id=\"museumspartnerschaft\">\n\t<div class=\"accordion-headline\">\n\t\t<h4>Museumspartnerschaft<\/h4>\n\t<\/div>\n\t<div class=\"accordion-content\">\n\t\t<div class=\"accordion-content-inner\">\n\n\n<div class=\"ce ce-twocol   pb-medium layout-6-5 bgr-white  swap-columns vertically-centered\">\n\t<div class=\"container\">\n\t\t<div class=\"row\">\n\t\t\t<div class=\"col col-custom-1\">\n\t\t\t\t<figure><img loading=\"lazy\" decoding=\"async\" class=\"alignnone wp-image-8235 size-full\" src=\"https:\/\/www.museum-re.de\/wp-content\/uploads\/2024\/04\/Unternehmenspartnerschaft_Foyer_Sekt_800500.png\" alt=\"\" width=\"800\" height=\"500\" srcset=\"https:\/\/www.museum-re.de\/wp-content\/uploads\/2024\/04\/Unternehmenspartnerschaft_Foyer_Sekt_800500.png 800w, https:\/\/www.museum-re.de\/wp-content\/uploads\/2024\/04\/Unternehmenspartnerschaft_Foyer_Sekt_800500-768x480.png 768w\" sizes=\"auto, (max-width: 800px) 100vw, 800px\" \/><\/figure>\n\t\t\t<\/div>\n\t\t\t<div class=\"col col-custom-2\">\n\t\t\t\t<p>Sie genie\u00dfen das Prestige und die Vorteile unseres einzigartigen Museums.<\/p>\n<p>Architektur und Kunst von Weltrang, ein Maki-Forum, das bei der Ausrichtung von Veranstaltungen keine W\u00fcnsche offen l\u00e4sst, und die kunstvolle Umgebung unseres Museums-Foyers erm\u00f6glichen unvergessliche Erlebnisse \u2013 f\u00fcr Ihr Unternehmen, Ihre Kunden und Ihre Mitarbeiter:innen.<\/p>\n<p>Wir bieten eine au\u00dfergew\u00f6hnliche und verl\u00e4ssliche Partnerschaft, die Ihren Gesch\u00e4ftszielen optimal entspricht.<\/p>\n<p><a  href=\"#\" class=\"q-mail-protect cta-primary\" data-email=\"Iz45Dx0+JSITVzRJCzItI0lUOkAeQ0c=\" data-email-protected=\"1\" data-render=\"delayed\" target=\"_blank\" rel=\"noopener\">Partnerschaft anfragen<\/a><\/p>\n\t\t\t<\/div>\n\t\t<\/div>\n\t<\/div>\n<\/div>\n\n\n<\/div><\/div><\/div><div class=\"accordion-panel\" data-panel-id=\"sponsoring\">\n\t<div class=\"accordion-headline\">\n\t\t<h4>Sponsoring<\/h4>\n\t<\/div>\n\t<div class=\"accordion-content\">\n\t\t<div class=\"accordion-content-inner\">\n\n\n<div class=\"ce ce-twocol   pb-medium layout-6-5 bgr-white  swap-columns vertically-centered\">\n\t<div class=\"container\">\n\t\t<div class=\"row\">\n\t\t\t<div class=\"col col-custom-1\">\n\t\t\t\t<figure><img loading=\"lazy\" decoding=\"async\" class=\"alignnone wp-image-8233 size-full\" src=\"https:\/\/www.museum-re.de\/wp-content\/uploads\/2024\/04\/Sponsorship_Gruppe_800500.png\" alt=\"\" width=\"800\" height=\"500\" srcset=\"https:\/\/www.museum-re.de\/wp-content\/uploads\/2024\/04\/Sponsorship_Gruppe_800500.png 800w, https:\/\/www.museum-re.de\/wp-content\/uploads\/2024\/04\/Sponsorship_Gruppe_800500-768x480.png 768w\" sizes=\"auto, (max-width: 800px) 100vw, 800px\" \/><\/figure>\n\t\t\t<\/div>\n\t\t\t<div class=\"col col-custom-2\">\n\t\t\t\t<p>Sie wollen mit Ihrem Unternehmen etwas bewegen und gleichzeitig mit Ihrem Engagement ein Vorbild sein, dann kontaktieren Sie gerne Catherine S. Dallmer.<\/p>\n<p>W\u00e4hlen Sie einen Bereich im mre, der Ihnen am Herzen liegt und unterst\u00fctzen Sie internationale Ausstellungen, Kunsterlebnisse f\u00fcr die Kleinen und Kleinsten oder spezielle Veranstaltungen.<br \/>\nMachen auch Sie Kunst und Kultur zu jenem Bindemittel, das unsere Gesellschaft zusammenh\u00e4lt. Hei\u00dfen Sie im mre willkommen! Ihre Freund:innen und Kund:innen k\u00f6nnen sich auf Architektur von Weltklasse, eine einzigartige Sammlung und ein Museum mit ganz besonderen Werten freuen!<\/p>\n<p><a  href=\"#\" class=\"q-mail-protect cta-primary\" data-email=\"Iz45Dx0+JSITVzRJCzItI0lUOkAeQ0c=\" data-email-protected=\"1\" data-render=\"delayed\" target=\"_blank\" rel=\"noopener\">Sponsorship anfragen<\/a><\/p>\n\t\t\t<\/div>\n\t\t<\/div>\n\t<\/div>\n<\/div>\n\n\n<\/div><\/div><\/div><div class=\"accordion-panel\" data-panel-id=\"zustiftung-schenkung-und-nachlass\">\n\t<div class=\"accordion-headline\">\n\t\t<h4>Zustiftung, Schenkung und Nachlass<\/h4>\n\t<\/div>\n\t<div class=\"accordion-content\">\n\t\t<div class=\"accordion-content-inner\">\n\n\n<div class=\"ce ce-twocol   pb-large layout-6-5 bgr-white  swap-columns vertically-centered\">\n\t<div class=\"container\">\n\t\t<div class=\"row\">\n\t\t\t<div class=\"col col-custom-1\">\n\t\t\t\t<figure><img loading=\"lazy\" decoding=\"async\" class=\"alignnone wp-image-8237 size-full\" src=\"https:\/\/www.museum-re.de\/wp-content\/uploads\/2024\/04\/Zustiftung_Ausstellung_800500.png\" alt=\"\" width=\"800\" height=\"500\" srcset=\"https:\/\/www.museum-re.de\/wp-content\/uploads\/2024\/04\/Zustiftung_Ausstellung_800500.png 800w, https:\/\/www.museum-re.de\/wp-content\/uploads\/2024\/04\/Zustiftung_Ausstellung_800500-768x480.png 768w\" sizes=\"auto, (max-width: 800px) 100vw, 800px\" \/><\/figure>\n\t\t\t<\/div>\n\t\t\t<div class=\"col col-custom-2\">\n\t\t\t\t<p>Wer den Leitgedanken des Gr\u00fcnder- und Stifterpaares teilen m\u00f6chte, ist herzlich willkommen!<\/p>\n<p>Als ausgebildete Stiftungsmanagerin steht Ihnen Catherine S. Dallmer gerne zur Seite und stellt Ihnen gerne den Kontakt zu den Stiftern her.<\/p>\n<p><a class=\"cta-primary\" href=\"https:\/\/www.ernst-stiftung.de\/spenden-zustiften\/\" target=\"_blank\" rel=\"noopener\">mehr erfahren<\/a><\/p>\n\t\t\t<\/div>\n\t\t<\/div>\n\t<\/div>\n<\/div>\n\n\n<\/div><\/div><\/div><\/div><\/div><\/div><\/div><\/div>\n\n<div class=\"ce ce-onecol  pt-medium    \">\n\t<div class=\"container\">\n\t\t<div class=\"row\">\n\t\t\t<div class=\"col\">\n\t\t\t\t<p>Unsere Museumspartner:<\/p>\n\t\t\t<\/div>\n\t\t<\/div>\n\t<\/div>\n<\/div>\n\n\n\t<div class=\"ce ce-teaser-slider is-fourcol min-2-items min-3-items min-4-items min-5-items      \">\n\t\t<div class=\"container\">\n\t\t\t<div class=\"row\">\n\t\t\t\t<div class=\"col\">\n\t\t\t\t\t<div class=\"teaser-header\">\n\t\t\t\t\t\t\t\t\t\t\t\t<div class=\"swiper-button-next\"><\/div>\n\t\t\t\t\t\t<div class=\"swiper-button-prev\"><\/div>\n\t\t\t\t\t<\/div>\n\t\t\t\t\t<div class=\"swiper\">\n\t\t\t\t\t\t<div class=\"swiper-container\">\n\t\t\t\t\t\t\t<div class=\"swiper-wrapper\">\n                                                                    <div class=\"swiper-slide\">\n                                        \n\n<div class=\"teaser\">\n\t\t\t<a href=\"https:\/\/www.cosnova.com\/de\" target=\"_blank\">\n\t\t\t<figure>\n\t<div class=\"teaser-img\">\n\t\t<div class=\"img-wrapper\">\n\t\t\t<img loading=\"lazy\" decoding=\"async\" width=\"600\" height=\"200\" src=\"https:\/\/www.museum-re.de\/wp-content\/uploads\/2025\/08\/Logo_cosnova_bildmarke.png\" class=\"attachment-full size-full\" alt=\"\" \/>\t\t<\/div>\n\t<\/div>\n\t<figcaption class=\"teaser-caption\">\n\t\t\t\t\t<\/figcaption>\n<\/figure>\n\t\t<\/a>\n\t<\/div>\n                                    <\/div>\n                                                                    <div class=\"swiper-slide\">\n                                        \n\n<div class=\"teaser\">\n\t\t\t<span>\n\t\t\t<figure>\n\t<div class=\"teaser-img\">\n\t\t<div class=\"img-wrapper\">\n\t\t\t<img loading=\"lazy\" decoding=\"async\" width=\"600\" height=\"200\" src=\"https:\/\/www.museum-re.de\/wp-content\/uploads\/2025\/08\/Logo_Britta-und-Stephan-Grauke-1.png\" class=\"attachment-full size-full\" alt=\"\" \/>\t\t<\/div>\n\t<\/div>\n\t<figcaption class=\"teaser-caption\">\n\t\t\t\t\t<\/figcaption>\n<\/figure>\n\t\t<\/span>\n\t<\/div>\n                                    <\/div>\n                                                                    <div class=\"swiper-slide\">\n                                        \n\n<div class=\"teaser\">\n\t\t\t<a href=\"https:\/\/www.steula.com\/\" target=\"_blank\">\n\t\t\t<figure>\n\t<div class=\"teaser-img\">\n\t\t<div class=\"img-wrapper\">\n\t\t\t<img loading=\"lazy\" decoding=\"async\" width=\"600\" height=\"200\" src=\"https:\/\/www.museum-re.de\/wp-content\/uploads\/2025\/08\/Steuernagel_Logo.png\" class=\"attachment-full size-full\" alt=\"\" \/>\t\t<\/div>\n\t<\/div>\n\t<figcaption class=\"teaser-caption\">\n\t\t\t\t\t<\/figcaption>\n<\/figure>\n\t\t<\/a>\n\t<\/div>\n                                    <\/div>\n                                                                    <div class=\"swiper-slide\">\n                                        \n\n<div class=\"teaser\">\n\t\t\t<a href=\"http:\/\/www.schloss-vaux.de\" target=\"_blank\">\n\t\t\t<figure>\n\t<div class=\"teaser-img\">\n\t\t<div class=\"img-wrapper\">\n\t\t\t<img loading=\"lazy\" decoding=\"async\" width=\"600\" height=\"200\" src=\"https:\/\/www.museum-re.de\/wp-content\/uploads\/2025\/08\/Logo_VAUX.png\" class=\"attachment-full size-full\" alt=\"\" \/>\t\t<\/div>\n\t<\/div>\n\t<figcaption class=\"teaser-caption\">\n\t\t\t\t\t<\/figcaption>\n<\/figure>\n\t\t<\/a>\n\t<\/div>\n                                    <\/div>\n                                                                    <div class=\"swiper-slide\">\n                                        \n\n<div class=\"teaser\">\n\t\t\t<a href=\"https:\/\/www.wvb.de\/startseite.html\" target=\"_blank\">\n\t\t\t<figure>\n\t<div class=\"teaser-img\">\n\t\t<div class=\"img-wrapper\">\n\t\t\t<img loading=\"lazy\" decoding=\"async\" width=\"600\" height=\"200\" src=\"https:\/\/www.museum-re.de\/wp-content\/uploads\/2025\/08\/WVB_Logo.png\" class=\"attachment-full size-full\" alt=\"\" \/>\t\t<\/div>\n\t<\/div>\n\t<figcaption class=\"teaser-caption\">\n\t\t\t\t\t<\/figcaption>\n<\/figure>\n\t\t<\/a>\n\t<\/div>\n                                    <\/div>\n                                \t\t\t\t\t\t\t<\/div>\n\t\t\t\t\t\t<\/div>\n\t\t\t\t\t<\/div>\n\t\t\t\t\t\t\t\t\t<\/div>\n\t\t\t<\/div>\n\t\t<\/div>\n\t<\/div>\n\n\n<div class=\"ce ce-onecol   pb-xlarge  bgr-white \">\n\t<div class=\"container\">\n\t\t<div class=\"row\">\n\t\t\t<div class=\"col\">\n\t\t\t\t\t\t\t<\/div>\n\t\t<\/div>\n\t<\/div>\n<\/div>\n\n\n<div class=\"ce ce-twocol-img-borderless      \">\n\t<div class=\"twocol-img-borderless\">\n\t\t<figure>\n\t\t\t\t\t\t\t<img loading=\"lazy\" decoding=\"async\" width=\"1500\" height=\"660\" src=\"https:\/\/www.museum-re.de\/wp-content\/uploads\/2023\/08\/1500x660-Stiftung.png\" class=\"attachment-full size-full\" alt=\"\" srcset=\"https:\/\/www.museum-re.de\/wp-content\/uploads\/2023\/08\/1500x660-Stiftung.png 1500w, https:\/\/www.museum-re.de\/wp-content\/uploads\/2023\/08\/1500x660-Stiftung-800x352.png 800w, https:\/\/www.museum-re.de\/wp-content\/uploads\/2023\/08\/1500x660-Stiftung-1024x451.png 1024w, https:\/\/www.museum-re.de\/wp-content\/uploads\/2023\/08\/1500x660-Stiftung-768x338.png 768w\" sizes=\"auto, (max-width: 1500px) 100vw, 1500px\" \/>\t\t\t\t\t<\/figure>\n\t\t<div class=\"container\">\n\t\t\t<div class=\"row\">\n\t\t\t\t<div class=\"col\">\n\t\t\t\t\t<div class=\"twocol-img-borderless-content\">\n\t\t\t\t\t\t<h4 style=\"text-align: left;\">\u201eWenn es uns gelingt, die Kreativit\u00e4t in jungen Menschen zu wecken, haben wir die Chance, die Mitarbeiter und Mitarbeiterinnen zu bekommen, die uns helfen erfolgreich zu werden und damit schlussendlich mehr Wohlstand in unserer Gesellschaft zu schaffen.\u201c<\/h4>\n<p>\u2013 Reinhard Ernst, Unternehmer und Stifter<\/p>\n\t\t\t\t\t<\/div>\n\t\t\t\t<\/div>\n\t\t\t<\/div>\n\t\t<\/div>\n\t<\/div>\n<\/div>\n\n\n<div class=\"ce ce-twocol  pt-xlarge pb-medium  bgr-white \">\n\t<div class=\"container\">\n\t\t<div class=\"row\">\n\t\t\t<div class=\"col col-custom-1\">\n\t\t\t\t<h2>Kontakt:<\/h2>\n<p><strong>Catherine S. Dallmer<\/strong><br \/>\n+ 49 (0)611 763 8888 26<br \/>\n+ 49 175 839 4926<br \/>\n<a  href=\"#\" class=\"q-mail-protect\" data-email=\"Iz45Dx0+JSITVzRJCzItI0lUOkAeQ0c=\" data-email-protected=\"1\" data-render=\"delayed\" target=\"_blank\" rel=\"noopener\"><span class=\"q-mail-local q-mail-reversed\">&#116;&#110;&#101;&#109;&#101;&#103;&#97;&#103;&#110;&#101;<\/span><span class=\"q-mail-at\">&#64;<\/span><bdi class=\"q-mail-domain\">&#109;&#117;&#115;&#101;&#117;&#109;&#45;&#114;&#101;<\/bdi><span class=\"q-mail-tld\">&#100;&#101;<\/span><\/a><\/p>\n<p>&nbsp;<\/p>\n\t\t\t<\/div>\n\t\t\t<div class=\"col col-custom-2\">\n\t\t\t\t<p style=\"text-align: left;\"><span style=\"color: #ff0000;\"><span style=\"color: #000000;\">Oder schicken Sie uns Ihre Anfrage \u00fcber das Kontaktformular:<\/span><br \/>\n<\/span><\/p>\n\n\t\t\t\t\t\t<script>\n\t\t\t\t\t\t\twindow.hsFormsOnReady = window.hsFormsOnReady || [];\n\t\t\t\t\t\t\twindow.hsFormsOnReady.push(()=>{\n\t\t\t\t\t\t\t\thbspt.forms.create({\n\t\t\t\t\t\t\t\t\tportalId: 25488603,\n\t\t\t\t\t\t\t\t\tformId: \"0d28a57a-c9af-40f7-a2c5-7c9a81c0b35b\",\n\t\t\t\t\t\t\t\t\ttarget: \"#hbspt-form-1777612284000-7936201300\",\n\t\t\t\t\t\t\t\t\tregion: \"eu1\",\n\t\t\t\t\t\t\t\t\t\n\t\t\t\t\t\t\t})});\n\t\t\t\t\t\t<\/script>\n\t\t\t\t\t\t<div class=\"hbspt-form\" id=\"hbspt-form-1777612284000-7936201300\"><\/div>\n\t\t\t<\/div>\n\t\t<\/div>\n\t<\/div>\n<\/div>\n\n\n\t<div class=\"ce ce-teaser-slider  min-2-items min-3-items  pt-large pb-xlarge is-threecol  \">\n\t\t<div class=\"container\">\n\t\t\t<div class=\"row\">\n\t\t\t\t<div class=\"col\">\n\t\t\t\t\t<div class=\"teaser-header\">\n\t\t\t\t\t\t\t\t\t\t\t\t\t<h4>Das k\u00f6nnte Sie auch interessieren:<\/h4>\t\t\t\t\t\t\t\t\t\t\t\t<div class=\"swiper-button-next\"><\/div>\n\t\t\t\t\t\t<div class=\"swiper-button-prev\"><\/div>\n\t\t\t\t\t<\/div>\n\t\t\t\t\t<div class=\"swiper\">\n\t\t\t\t\t\t<div class=\"swiper-container\">\n\t\t\t\t\t\t\t<div class=\"swiper-wrapper\">\n                                                                    <div class=\"swiper-slide\">\n                                        \n\n<div class=\"teaser\">\n\t\t\t<a href=\"https:\/\/www.museum-re.de\/de\/museum\/museum\/\" target=\"\">\n\t\t\t<figure>\n\t<div class=\"teaser-img\">\n\t\t<div class=\"img-wrapper\">\n\t\t\t<img loading=\"lazy\" decoding=\"async\" width=\"800\" height=\"500\" src=\"https:\/\/www.museum-re.de\/wp-content\/uploads\/2023\/02\/Museum_Teaser_800500.png\" class=\"attachment-full size-full\" alt=\"\" srcset=\"https:\/\/www.museum-re.de\/wp-content\/uploads\/2023\/02\/Museum_Teaser_800500.png 800w, https:\/\/www.museum-re.de\/wp-content\/uploads\/2023\/02\/Museum_Teaser_800500-768x480.png 768w\" sizes=\"auto, (max-width: 800px) 100vw, 800px\" \/>\t\t<\/div>\n\t<\/div>\n\t<figcaption class=\"teaser-caption\">\n\t\t\t\t\t<h4 class=\"teaser-title\">Museum<\/h4>\t\t\t\t\t<\/figcaption>\n<\/figure>\n\t\t<\/a>\n\t<\/div>\n                                    <\/div>\n                                                                    <div class=\"swiper-slide\">\n                                        \n\n<div class=\"teaser\">\n\t\t\t<a href=\"https:\/\/www.museum-re.de\/de\/kunst\/ausstellungen\/\" target=\"\">\n\t\t\t<figure>\n\t<div class=\"teaser-img\">\n\t\t<div class=\"img-wrapper\">\n\t\t\t<img loading=\"lazy\" decoding=\"async\" width=\"800\" height=\"500\" src=\"https:\/\/www.museum-re.de\/wp-content\/uploads\/2023\/02\/Shimamoto_Teaser.png\" class=\"attachment-full size-full\" alt=\"\" srcset=\"https:\/\/www.museum-re.de\/wp-content\/uploads\/2023\/02\/Shimamoto_Teaser.png 800w, https:\/\/www.museum-re.de\/wp-content\/uploads\/2023\/02\/Shimamoto_Teaser-768x480.png 768w, https:\/\/www.museum-re.de\/wp-content\/uploads\/2023\/02\/Shimamoto_Teaser-300x188.png 300w\" sizes=\"auto, (max-width: 800px) 100vw, 800px\" \/>\t\t<\/div>\n\t<\/div>\n\t<figcaption class=\"teaser-caption\">\n\t\t\t\t\t<h4 class=\"teaser-title\">Aktuelle Ausstellungen<\/h4>\t\t\t\t\t<\/figcaption>\n<\/figure>\n\t\t<\/a>\n\t<\/div>\n                                    <\/div>\n                                                                    <div class=\"swiper-slide\">\n                                        \n\n<div class=\"teaser\">\n\t\t\t<a href=\"https:\/\/www.museum-re.de\/de\/lernen-erleben\/rundgaenge-2\/\" target=\"\">\n\t\t\t<figure>\n\t<div class=\"teaser-img\">\n\t\t<div class=\"img-wrapper\">\n\t\t\t<img loading=\"lazy\" decoding=\"async\" width=\"800\" height=\"500\" src=\"https:\/\/www.museum-re.de\/wp-content\/uploads\/2023\/02\/mre-A-wie-Abstrakt_500313.png\" class=\"attachment-full size-full\" alt=\"\" srcset=\"https:\/\/www.museum-re.de\/wp-content\/uploads\/2023\/02\/mre-A-wie-Abstrakt_500313.png 800w, https:\/\/www.museum-re.de\/wp-content\/uploads\/2023\/02\/mre-A-wie-Abstrakt_500313-768x480.png 768w\" sizes=\"auto, (max-width: 800px) 100vw, 800px\" \/>\t\t<\/div>\n\t<\/div>\n\t<figcaption class=\"teaser-caption\">\n\t\t\t\t\t<h4 class=\"teaser-title\">F\u00fchrungen<\/h4>\t\t\t\t\t<\/figcaption>\n<\/figure>\n\t\t<\/a>\n\t<\/div>\n                                    <\/div>\n                                \t\t\t\t\t\t\t<\/div>\n\t\t\t\t\t\t<\/div>\n\t\t\t\t\t<\/div>\n\t\t\t\t\t\t\t\t\t<\/div>\n\t\t\t<\/div>\n\t\t<\/div>\n\t<\/div>\n","protected":false},"excerpt":{"rendered":"","protected":false},"author":6,"featured_media":0,"parent":0,"menu_order":9,"comment_status":"closed","ping_status":"closed","template":"","meta":{"_acf_changed":false,"content-type":"","_relevanssi_hide_post":"","_relevanssi_hide_content":"","_relevanssi_pin_for_all":"","_relevanssi_pin_keywords":"","_relevanssi_unpin_keywords":"","_relevanssi_related_keywords":"","_relevanssi_related_include_ids":"","_relevanssi_related_exclude_ids":"","_relevanssi_related_no_append":"","_relevanssi_related_not_related":"","_relevanssi_related_posts":"265,272,256","_relevanssi_noindex_reason":"","footnotes":""},"class_list":["post-6071","page","type-page","status-publish","hentry"],"acf":[],"_links":{"self":[{"href":"https:\/\/www.museum-re.de\/de\/wp-json\/wp\/v2\/pages\/6071","targetHints":{"allow":["GET"]}}],"collection":[{"href":"https:\/\/www.museum-re.de\/de\/wp-json\/wp\/v2\/pages"}],"about":[{"href":"https:\/\/www.museum-re.de\/de\/wp-json\/wp\/v2\/types\/page"}],"author":[{"embeddable":true,"href":"https:\/\/www.museum-re.de\/de\/wp-json\/wp\/v2\/users\/6"}],"replies":[{"embeddable":true,"href":"https:\/\/www.museum-re.de\/de\/wp-json\/wp\/v2\/comments?post=6071"}],"version-history":[{"count":96,"href":"https:\/\/www.museum-re.de\/de\/wp-json\/wp\/v2\/pages\/6071\/revisions"}],"predecessor-version":[{"id":34684,"href":"https:\/\/www.museum-re.de\/de\/wp-json\/wp\/v2\/pages\/6071\/revisions\/34684"}],"wp:attachment":[{"href":"https:\/\/www.museum-re.de\/de\/wp-json\/wp\/v2\/media?parent=6071"}],"curies":[{"name":"wp","href":"https:\/\/api.w.org\/{rel}","templated":true}]}}