{"id":65,"date":"2022-09-08T12:22:53","date_gmt":"2022-09-08T10:22:53","guid":{"rendered":"https:\/\/www.museum-re.de\/besuch\/wiesbaden\/"},"modified":"2024-04-28T11:32:16","modified_gmt":"2024-04-28T09:32:16","slug":"wiesbaden-2","status":"publish","type":"page","link":"https:\/\/www.museum-re.de\/de\/besuch\/wiesbaden-2\/","title":{"rendered":"Wiesbaden"},"content":{"rendered":"<div class=\"ce ce-hero       fullwidth\">\n\t<div class=\"container\">\n\t\t<div class=\"row\">\n\t\t\t<div class=\"col\">\n\t\t\t\t<figure>\n\t\t\t\t\t<div class=\"img-wrapper\">\n\t\t\t\t\t\t\t\t\t\t\t\t\t<img loading=\"lazy\" decoding=\"async\" width=\"1800\" height=\"800\" src=\"https:\/\/www.museum-re.de\/wp-content\/uploads\/2024\/04\/Hero_Wiesbaden_Neroberg.png\" class=\"attachment-full size-full\" alt=\"\" srcset=\"https:\/\/www.museum-re.de\/wp-content\/uploads\/2024\/04\/Hero_Wiesbaden_Neroberg.png 1800w, https:\/\/www.museum-re.de\/wp-content\/uploads\/2024\/04\/Hero_Wiesbaden_Neroberg-800x356.png 800w, https:\/\/www.museum-re.de\/wp-content\/uploads\/2024\/04\/Hero_Wiesbaden_Neroberg-1024x455.png 1024w, https:\/\/www.museum-re.de\/wp-content\/uploads\/2024\/04\/Hero_Wiesbaden_Neroberg-768x341.png 768w, https:\/\/www.museum-re.de\/wp-content\/uploads\/2024\/04\/Hero_Wiesbaden_Neroberg-1536x683.png 1536w\" sizes=\"auto, (max-width: 1800px) 100vw, 1800px\" \/>\t\t\t\t\t\t\t\t\t\t\t<\/div>\n\t\t\t\t\t\t\t\t\t<\/figure>\n\t\t\t<\/div>\n\t\t<\/div>\n\t<\/div>\n<\/div>\n\n\n<div class=\"ce ce-onecol      \">\n\t<div class=\"container\">\n\t\t<div class=\"row\">\n\t\t\t<div class=\"col\">\n\t\t\t\t<h1>Wiesbaden<\/h1>\n\t\t\t<\/div>\n\t\t<\/div>\n\t<\/div>\n<\/div>\n\n\n<div class=\"ce ce-twocol      \">\n\t<div class=\"container\">\n\t\t<div class=\"row\">\n\t\t\t<div class=\"col col-custom-1\">\n\t\t\t\t<p>Wiesbaden ist nicht nur die hessische Landeshauptstadt, es ist die Heimat des Stifterehepaares Reinhard und Sonja Ernst und seit Neuestem auch des Museums Reinhard Ernst.<\/p>\n<p>Es ist eine Stadt mit langer Geschichte, vielen Traditionen, voller Herzlichkeit und Interesse f\u00fcr Politik, Kulinarik und Kultur. Viele Institutionen f\u00fchlen sich wohl zwischen Rhein und Taunus und machen es wert, die Stadt zu bereisen und kennenzulernen. Die Anbindung ans Schienennetz, die M\u00f6glichkeit der Rhein-Schifffahrt,<\/p>\n\t\t\t<\/div>\n\t\t\t<div class=\"col col-custom-2\">\n\t\t\t\t<p>hier haltzumachen, aber auch die N\u00e4he zum Frankfurter Flughafen erlauben G\u00e4sten von nah und fern, Wiesbaden zu besuchen.\u00a0Mit dem Museum Reinhard Ernst an der Wilhelmstra\u00dfe 1 gibt es nun einen weiteren Grund, warum lokale und internationale G\u00e4ste sich Wiesbaden f\u00fcr ihren n\u00e4chsten St\u00e4dtetrip vormerken sollten. Das mre, Weltklassearchitektur und ein internationales Zentrum f\u00fcr abstrakte Kunst, erg\u00e4nzt das k\u00fcnstlerische und kulturelle Angebot der Stadt.<\/p>\n<p>&nbsp;<\/p>\n\t\t\t<\/div>\n\t\t<\/div>\n\t<\/div>\n<\/div>\n\n\n<div class=\"ce ce-img-slider      \">\n\t<div class=\"container\">\n\t\t<div class=\"row\">\n\t\t\t<div class=\"col\">\n\t\t\t\t<div class=\"img-slider\">\n\t\t\t\t\t<div class=\"swiper\">\n\t\t\t\t\t\t<div class=\"swiper-container\">\n\t\t\t\t\t\t\t<div class=\"swiper-wrapper\">\n\t\t\t\t\t\t\t\t\t\t\t\t\t\t\t\t\t<div class=\"swiper-slide\">\n\t\t\t\t\t\t\t\t\t\t<figure>\n\t\t\t\t\t\t\t\t\t\t\t<img loading=\"lazy\" decoding=\"async\" width=\"1500\" height=\"1000\" src=\"https:\/\/www.museum-re.de\/wp-content\/uploads\/2023\/03\/Stadtansicht7_Bildergalerie.png\" class=\"attachment-full size-full\" alt=\"\" srcset=\"https:\/\/www.museum-re.de\/wp-content\/uploads\/2023\/03\/Stadtansicht7_Bildergalerie.png 1500w, https:\/\/www.museum-re.de\/wp-content\/uploads\/2023\/03\/Stadtansicht7_Bildergalerie-800x533.png 800w, https:\/\/www.museum-re.de\/wp-content\/uploads\/2023\/03\/Stadtansicht7_Bildergalerie-1024x683.png 1024w, https:\/\/www.museum-re.de\/wp-content\/uploads\/2023\/03\/Stadtansicht7_Bildergalerie-768x512.png 768w, https:\/\/www.museum-re.de\/wp-content\/uploads\/2023\/03\/Stadtansicht7_Bildergalerie-300x200.png 300w\" sizes=\"auto, (max-width: 1500px) 100vw, 1500px\" \/>\t\t\t\t\t\t\t\t\t\t\t\t\t\t\t\t\t\t\t\t\t<\/figure>\n\t\t\t\t\t\t\t\t\t<\/div>\n\t\t\t\t\t\t\t\t\t\t\t\t\t\t\t\t\t<div class=\"swiper-slide\">\n\t\t\t\t\t\t\t\t\t\t<figure>\n\t\t\t\t\t\t\t\t\t\t\t<img loading=\"lazy\" decoding=\"async\" width=\"1920\" height=\"1213\" src=\"https:\/\/www.museum-re.de\/wp-content\/uploads\/2023\/03\/beacda67bbd7449e6d842e620fcf88e5.jpg\" class=\"attachment-full size-full\" alt=\"\" srcset=\"https:\/\/www.museum-re.de\/wp-content\/uploads\/2023\/03\/beacda67bbd7449e6d842e620fcf88e5.jpg 1920w, https:\/\/www.museum-re.de\/wp-content\/uploads\/2023\/03\/beacda67bbd7449e6d842e620fcf88e5-800x505.jpg 800w, https:\/\/www.museum-re.de\/wp-content\/uploads\/2023\/03\/beacda67bbd7449e6d842e620fcf88e5-1024x647.jpg 1024w, https:\/\/www.museum-re.de\/wp-content\/uploads\/2023\/03\/beacda67bbd7449e6d842e620fcf88e5-768x485.jpg 768w, https:\/\/www.museum-re.de\/wp-content\/uploads\/2023\/03\/beacda67bbd7449e6d842e620fcf88e5-1536x970.jpg 1536w, https:\/\/www.museum-re.de\/wp-content\/uploads\/2023\/03\/beacda67bbd7449e6d842e620fcf88e5-300x190.jpg 300w\" sizes=\"auto, (max-width: 1920px) 100vw, 1920px\" \/>\t\t\t\t\t\t\t\t\t\t\t\t\t\t\t\t\t\t\t\t\t\t\t<figcaption>THermine, die kleine Stadtbahn in Wiesbaden.<\/figcaption>\n\t\t\t\t\t\t\t\t\t\t\t\t\t\t\t\t\t\t\t\t\t<\/figure>\n\t\t\t\t\t\t\t\t\t<\/div>\n\t\t\t\t\t\t\t\t\t\t\t\t\t\t\t\t\t<div class=\"swiper-slide\">\n\t\t\t\t\t\t\t\t\t\t<figure>\n\t\t\t\t\t\t\t\t\t\t\t<img loading=\"lazy\" decoding=\"async\" width=\"1920\" height=\"1315\" src=\"https:\/\/www.museum-re.de\/wp-content\/uploads\/2023\/03\/Stadtansicht4_Bildergalerie.png\" class=\"attachment-full size-full\" alt=\"\" srcset=\"https:\/\/www.museum-re.de\/wp-content\/uploads\/2023\/03\/Stadtansicht4_Bildergalerie.png 1920w, https:\/\/www.museum-re.de\/wp-content\/uploads\/2023\/03\/Stadtansicht4_Bildergalerie-800x548.png 800w, https:\/\/www.museum-re.de\/wp-content\/uploads\/2023\/03\/Stadtansicht4_Bildergalerie-1024x701.png 1024w, https:\/\/www.museum-re.de\/wp-content\/uploads\/2023\/03\/Stadtansicht4_Bildergalerie-768x526.png 768w, https:\/\/www.museum-re.de\/wp-content\/uploads\/2023\/03\/Stadtansicht4_Bildergalerie-1536x1052.png 1536w, https:\/\/www.museum-re.de\/wp-content\/uploads\/2023\/03\/Stadtansicht4_Bildergalerie-300x205.png 300w\" sizes=\"auto, (max-width: 1920px) 100vw, 1920px\" \/>\t\t\t\t\t\t\t\t\t\t\t\t\t\t\t\t\t\t\t\t\t\t\t<figcaption>Weinfest Wiesbaden<\/figcaption>\n\t\t\t\t\t\t\t\t\t\t\t\t\t\t\t\t\t\t\t\t\t<\/figure>\n\t\t\t\t\t\t\t\t\t<\/div>\n\t\t\t\t\t\t\t\t\t\t\t\t\t\t\t\t\t<div class=\"swiper-slide\">\n\t\t\t\t\t\t\t\t\t\t<figure>\n\t\t\t\t\t\t\t\t\t\t\t<img loading=\"lazy\" decoding=\"async\" width=\"1500\" height=\"993\" src=\"https:\/\/www.museum-re.de\/wp-content\/uploads\/2023\/03\/Stadtansicht_Bildergalerie.png\" class=\"attachment-full size-full\" alt=\"\" srcset=\"https:\/\/www.museum-re.de\/wp-content\/uploads\/2023\/03\/Stadtansicht_Bildergalerie.png 1500w, https:\/\/www.museum-re.de\/wp-content\/uploads\/2023\/03\/Stadtansicht_Bildergalerie-800x530.png 800w, https:\/\/www.museum-re.de\/wp-content\/uploads\/2023\/03\/Stadtansicht_Bildergalerie-1024x678.png 1024w, https:\/\/www.museum-re.de\/wp-content\/uploads\/2023\/03\/Stadtansicht_Bildergalerie-768x508.png 768w, https:\/\/www.museum-re.de\/wp-content\/uploads\/2023\/03\/Stadtansicht_Bildergalerie-300x199.png 300w\" sizes=\"auto, (max-width: 1500px) 100vw, 1500px\" \/>\t\t\t\t\t\t\t\t\t\t\t\t\t\t\t\t\t\t\t\t\t\t\t<figcaption>Stadtansicht Wiesbaden<\/figcaption>\n\t\t\t\t\t\t\t\t\t\t\t\t\t\t\t\t\t\t\t\t\t<\/figure>\n\t\t\t\t\t\t\t\t\t<\/div>\n\t\t\t\t\t\t\t\t\t\t\t\t\t\t\t\t\t<div class=\"swiper-slide\">\n\t\t\t\t\t\t\t\t\t\t<figure>\n\t\t\t\t\t\t\t\t\t\t\t<img loading=\"lazy\" decoding=\"async\" width=\"1920\" height=\"1309\" src=\"https:\/\/www.museum-re.de\/wp-content\/uploads\/2023\/03\/Stadtansicht6_Bildergalerie.png\" class=\"attachment-full size-full\" alt=\"\" srcset=\"https:\/\/www.museum-re.de\/wp-content\/uploads\/2023\/03\/Stadtansicht6_Bildergalerie.png 1920w, https:\/\/www.museum-re.de\/wp-content\/uploads\/2023\/03\/Stadtansicht6_Bildergalerie-800x545.png 800w, https:\/\/www.museum-re.de\/wp-content\/uploads\/2023\/03\/Stadtansicht6_Bildergalerie-1024x698.png 1024w, https:\/\/www.museum-re.de\/wp-content\/uploads\/2023\/03\/Stadtansicht6_Bildergalerie-768x524.png 768w, https:\/\/www.museum-re.de\/wp-content\/uploads\/2023\/03\/Stadtansicht6_Bildergalerie-1536x1047.png 1536w, https:\/\/www.museum-re.de\/wp-content\/uploads\/2023\/03\/Stadtansicht6_Bildergalerie-300x205.png 300w\" sizes=\"auto, (max-width: 1920px) 100vw, 1920px\" \/>\t\t\t\t\t\t\t\t\t\t\t\t\t\t\t\t\t\t\t\t\t<\/figure>\n\t\t\t\t\t\t\t\t\t<\/div>\n\t\t\t\t\t\t\t\t\t\t\t\t\t\t\t\t\t<div class=\"swiper-slide\">\n\t\t\t\t\t\t\t\t\t\t<figure>\n\t\t\t\t\t\t\t\t\t\t\t<img loading=\"lazy\" decoding=\"async\" width=\"1500\" height=\"1000\" src=\"https:\/\/www.museum-re.de\/wp-content\/uploads\/2023\/03\/Stadtansicht2_Bildergalerie.png\" class=\"attachment-full size-full\" alt=\"\" srcset=\"https:\/\/www.museum-re.de\/wp-content\/uploads\/2023\/03\/Stadtansicht2_Bildergalerie.png 1500w, https:\/\/www.museum-re.de\/wp-content\/uploads\/2023\/03\/Stadtansicht2_Bildergalerie-800x533.png 800w, https:\/\/www.museum-re.de\/wp-content\/uploads\/2023\/03\/Stadtansicht2_Bildergalerie-1024x683.png 1024w, https:\/\/www.museum-re.de\/wp-content\/uploads\/2023\/03\/Stadtansicht2_Bildergalerie-768x512.png 768w, https:\/\/www.museum-re.de\/wp-content\/uploads\/2023\/03\/Stadtansicht2_Bildergalerie-300x200.png 300w\" sizes=\"auto, (max-width: 1500px) 100vw, 1500px\" \/>\t\t\t\t\t\t\t\t\t\t\t\t\t\t\t\t\t\t\t\t\t\t\t<figcaption>Herbstfest Wiesbaden<\/figcaption>\n\t\t\t\t\t\t\t\t\t\t\t\t\t\t\t\t\t\t\t\t\t<\/figure>\n\t\t\t\t\t\t\t\t\t<\/div>\n\t\t\t\t\t\t\t\t\t\t\t\t\t\t\t\t\t<div class=\"swiper-slide\">\n\t\t\t\t\t\t\t\t\t\t<figure>\n\t\t\t\t\t\t\t\t\t\t\t<img loading=\"lazy\" decoding=\"async\" width=\"1500\" height=\"1000\" src=\"https:\/\/www.museum-re.de\/wp-content\/uploads\/2023\/03\/Stadtansicht5_Bildergalerie.png\" class=\"attachment-full size-full\" alt=\"\" srcset=\"https:\/\/www.museum-re.de\/wp-content\/uploads\/2023\/03\/Stadtansicht5_Bildergalerie.png 1500w, https:\/\/www.museum-re.de\/wp-content\/uploads\/2023\/03\/Stadtansicht5_Bildergalerie-800x533.png 800w, https:\/\/www.museum-re.de\/wp-content\/uploads\/2023\/03\/Stadtansicht5_Bildergalerie-1024x683.png 1024w, https:\/\/www.museum-re.de\/wp-content\/uploads\/2023\/03\/Stadtansicht5_Bildergalerie-768x512.png 768w, https:\/\/www.museum-re.de\/wp-content\/uploads\/2023\/03\/Stadtansicht5_Bildergalerie-300x200.png 300w\" sizes=\"auto, (max-width: 1500px) 100vw, 1500px\" \/>\t\t\t\t\t\t\t\t\t\t\t\t\t\t\t\t\t\t\t\t\t<\/figure>\n\t\t\t\t\t\t\t\t\t<\/div>\n\t\t\t\t\t\t\t\t\t\t\t\t\t\t\t<\/div>\n\t\t\t\t\t\t<\/div>\n\t\t\t\t\t\t<div class=\"swiper-pagination\"><\/div>\n\t\t\t\t\t<\/div>\n\t\t\t\t\t<div class=\"swiper-button-next\"><\/div>\n\t\t\t\t\t<div class=\"swiper-button-prev\"><\/div>\n\t\t\t\t<\/div>\n\t\t\t<\/div>\n\t\t<\/div>\n\t<\/div>\n<\/div>\n\n\n\n<div class=\"ce ce-onecol      \">\n\t<div class=\"container\">\n\t\t<div class=\"row\">\n\t\t\t<div class=\"col\">\n\t\t\t\t<p>Fotos: \u00a9tourismus.wiesbaden.de<\/p>\n\t\t\t<\/div>\n\t\t<\/div>\n\t<\/div>\n<\/div>\n\n\n<div class=\"ce ce-twocol  pt-small    \">\n\t<div class=\"container\">\n\t\t<div class=\"row\">\n\t\t\t<div class=\"col col-custom-1\">\n\t\t\t\t<h4>Mit &#8222;plazy&#8220; Wiesbaden entdecken<\/h4>\n\t\t\t<\/div>\n\t\t\t<div class=\"col col-custom-2\">\n\t\t\t\t\t\t\t<\/div>\n\t\t<\/div>\n\t<\/div>\n<\/div>\n\n\n<div class=\"ce ce-twocol   pb-xlarge   \">\n\t<div class=\"container\">\n\t\t<div class=\"row\">\n\t\t\t<div class=\"col col-custom-1\">\n\t\t\t\t<p>Sie sagen, was Sie interessiert \u2013 \u201eplazy\u201c findet die Orte und Erlebnisse, die zu Ihnen passen. Ganz nach dem Motto: Ihre Reise. Ihr Programm.<\/p>\n<p><strong><a href=\"https:\/\/www.plazy.travel\/destination-info\/10353\/was-du-ueber-wiesbaden-wissen-solltest\" target=\"_blank\" rel=\"noopener\">Hier<\/a><\/strong> geht es zu Ihrem pers\u00f6nlichen Travel Guide.<\/p>\n\t\t\t<\/div>\n\t\t\t<div class=\"col col-custom-2\">\n\t\t\t\t\n<div class=\"brlbs-cmpnt-container brlbs-cmpnt-content-blocker brlbs-cmpnt-with-individual-styles\" data-borlabs-cookie-content-blocker-id=\"youtube-content-blocker\" data-borlabs-cookie-content=\"PGRpdiBjbGFzcz0icmVzcG9uc2l2ZS12aWRlbyI+PGlmcmFtZSB0aXRsZT0iRW50ZGVja2UgcGxhenkg4oCTIHRoZSBhcnQgb2YgbGF6eSBwbGFubmluZyIgd2lkdGg9IjUwMCIgaGVpZ2h0PSIyODEiIHNyYz0iaHR0cHM6Ly93d3cueW91dHViZS1ub2Nvb2tpZS5jb20vZW1iZWQvOGFfZDdRNWp1eUE\/ZmVhdHVyZT1vZW1iZWQmc2hvd2luZm89MCIgZnJhbWVib3JkZXI9IjAiIGFsbG93PSJhY2NlbGVyb21ldGVyOyBhdXRvcGxheTsgY2xpcGJvYXJkLXdyaXRlOyBlbmNyeXB0ZWQtbWVkaWE7IGd5cm9zY29wZTsgcGljdHVyZS1pbi1waWN0dXJlOyB3ZWItc2hhcmUiIHJlZmVycmVycG9saWN5PSJzdHJpY3Qtb3JpZ2luLXdoZW4tY3Jvc3Mtb3JpZ2luIiBhbGxvd2Z1bGxzY3JlZW4+PC9pZnJhbWU+PC9kaXY+\">\n<div class=\"brlbs-cmpnt-cb-preset-c brlbs-cmpnt-cb-youtube\">\n<div class=\"brlbs-cmpnt-cb-thumbnail\" style=\"background-image: url('https:\/\/www.museum-re.de\/wp-content\/uploads\/borlabs-cookie\/1\/yt_8a_d7Q5juyA_hqdefault.jpg')\"><\/div>\n<div class=\"brlbs-cmpnt-cb-main\">\n<div class=\"brlbs-cmpnt-cb-play-button\"><\/div>\n<div class=\"brlbs-cmpnt-cb-content\">\n<p class=\"brlbs-cmpnt-cb-description\">Sie sehen gerade einen Platzhalterinhalt von <strong>YouTube<\/strong>. Um auf den eigentlichen Inhalt zuzugreifen, klicken Sie auf die Schaltfl\u00e4che unten. Bitte beachten Sie, dass dabei Daten an Drittanbieter weitergegeben werden.<\/p>\n<p> <a class=\"brlbs-cmpnt-cb-provider-toggle\" href=\"#\" data-borlabs-cookie-show-provider-information role=\"button\">Mehr Informationen<\/a> <\/div>\n<div class=\"brlbs-cmpnt-cb-buttons\"> <a class=\"brlbs-cmpnt-cb-btn\" href=\"#\" data-borlabs-cookie-unblock role=\"button\">Inhalt entsperren<\/a> <a class=\"brlbs-cmpnt-cb-btn\" href=\"#\" data-borlabs-cookie-accept-service role=\"button\" style=\"display: inherit\">Erforderlichen Service akzeptieren und Inhalte entsperren<\/a> <\/div>\n<\/p><\/div>\n<\/p><\/div>\n<\/div>\n\t\t\t<\/div>\n\t\t<\/div>\n\t<\/div>\n<\/div>\n\n\n\t<div class=\"ce ce-teaser-slider  min-2-items min-3-items    is-threecol  \">\n\t\t<div class=\"container\">\n\t\t\t<div class=\"row\">\n\t\t\t\t<div class=\"col\">\n\t\t\t\t\t<div class=\"teaser-header\">\n\t\t\t\t\t\t\t\t\t\t\t\t\t<h4>Das k\u00f6nnte Sie auch interessieren<\/h4>\t\t\t\t\t\t\t\t\t\t\t\t<div class=\"swiper-button-next\"><\/div>\n\t\t\t\t\t\t<div class=\"swiper-button-prev\"><\/div>\n\t\t\t\t\t<\/div>\n\t\t\t\t\t<div class=\"swiper\">\n\t\t\t\t\t\t<div class=\"swiper-container\">\n\t\t\t\t\t\t\t<div class=\"swiper-wrapper\">\n                                                                    <div class=\"swiper-slide\">\n                                        \n\n<div class=\"teaser\">\n\t\t\t<a href=\"https:\/\/www.museum-re.de\/de\/besuch\/besuch-planen\/\" target=\"\">\n\t\t\t<figure>\n\t<div class=\"teaser-img\">\n\t\t<div class=\"img-wrapper\">\n\t\t\t<img loading=\"lazy\" decoding=\"async\" width=\"800\" height=\"500\" src=\"https:\/\/www.museum-re.de\/wp-content\/uploads\/2023\/02\/Besuch-planen_800500.png\" class=\"attachment-full size-full\" alt=\"\" srcset=\"https:\/\/www.museum-re.de\/wp-content\/uploads\/2023\/02\/Besuch-planen_800500.png 800w, https:\/\/www.museum-re.de\/wp-content\/uploads\/2023\/02\/Besuch-planen_800500-768x480.png 768w\" sizes=\"auto, (max-width: 800px) 100vw, 800px\" \/>\t\t<\/div>\n\t<\/div>\n\t<figcaption class=\"teaser-caption\">\n\t\t\t\t\t<h4 class=\"teaser-title\">Besuch planen<\/h4>\t\t\t\t\t<\/figcaption>\n<\/figure>\n\t\t<\/a>\n\t<\/div>\n                                    <\/div>\n                                                                    <div class=\"swiper-slide\">\n                                        \n\n<div class=\"teaser\">\n\t\t\t<a href=\"https:\/\/www.museum-re.de\/de\/besuch\/fuehrungen\/\" target=\"\">\n\t\t\t<figure>\n\t<div class=\"teaser-img\">\n\t\t<div class=\"img-wrapper\">\n\t\t\t<img loading=\"lazy\" decoding=\"async\" width=\"800\" height=\"500\" src=\"https:\/\/www.museum-re.de\/wp-content\/uploads\/2023\/02\/Veranstaltungskalender_800500.png\" class=\"attachment-full size-full\" alt=\"\" srcset=\"https:\/\/www.museum-re.de\/wp-content\/uploads\/2023\/02\/Veranstaltungskalender_800500.png 800w, https:\/\/www.museum-re.de\/wp-content\/uploads\/2023\/02\/Veranstaltungskalender_800500-768x480.png 768w\" sizes=\"auto, (max-width: 800px) 100vw, 800px\" \/>\t\t<\/div>\n\t<\/div>\n\t<figcaption class=\"teaser-caption\">\n\t\t\t\t\t<h4 class=\"teaser-title\">Rundg\u00e4nge<\/h4>\t\t\t\t\t<\/figcaption>\n<\/figure>\n\t\t<\/a>\n\t<\/div>\n                                    <\/div>\n                                                                    <div class=\"swiper-slide\">\n                                        \n\n<div class=\"teaser\">\n\t\t\t<a href=\"https:\/\/www.museum-re.de\/de\/besuch\/gastronomie\/\" target=\"\">\n\t\t\t<figure>\n\t<div class=\"teaser-img\">\n\t\t<div class=\"img-wrapper\">\n\t\t\t<img loading=\"lazy\" decoding=\"async\" width=\"800\" height=\"500\" src=\"https:\/\/www.museum-re.de\/wp-content\/uploads\/2023\/01\/rue1_800500-1.png\" class=\"attachment-full size-full\" alt=\"\" srcset=\"https:\/\/www.museum-re.de\/wp-content\/uploads\/2023\/01\/rue1_800500-1.png 800w, https:\/\/www.museum-re.de\/wp-content\/uploads\/2023\/01\/rue1_800500-1-768x480.png 768w\" sizes=\"auto, (max-width: 800px) 100vw, 800px\" \/>\t\t<\/div>\n\t<\/div>\n\t<figcaption class=\"teaser-caption\">\n\t\t\t\t\t<h4 class=\"teaser-title\">Gastronomie<\/h4>\t\t\t\t\t<\/figcaption>\n<\/figure>\n\t\t<\/a>\n\t<\/div>\n                                    <\/div>\n                                \t\t\t\t\t\t\t<\/div>\n\t\t\t\t\t\t<\/div>\n\t\t\t\t\t<\/div>\n\t\t\t\t\t\t\t\t\t<\/div>\n\t\t\t<\/div>\n\t\t<\/div>\n\t<\/div>\n","protected":false},"excerpt":{"rendered":"","protected":false},"author":1,"featured_media":0,"parent":14,"menu_order":10,"comment_status":"closed","ping_status":"closed","template":"","meta":{"_acf_changed":false,"content-type":"","_relevanssi_hide_post":"","_relevanssi_hide_content":"","_relevanssi_pin_for_all":"","_relevanssi_pin_keywords":"","_relevanssi_unpin_keywords":"","_relevanssi_related_keywords":"","_relevanssi_related_include_ids":"","_relevanssi_related_exclude_ids":"","_relevanssi_related_no_append":"","_relevanssi_related_not_related":"","_relevanssi_related_posts":"265,272,256","_relevanssi_noindex_reason":"","footnotes":""},"class_list":["post-65","page","type-page","status-publish","hentry"],"acf":[],"_links":{"self":[{"href":"https:\/\/www.museum-re.de\/de\/wp-json\/wp\/v2\/pages\/65","targetHints":{"allow":["GET"]}}],"collection":[{"href":"https:\/\/www.museum-re.de\/de\/wp-json\/wp\/v2\/pages"}],"about":[{"href":"https:\/\/www.museum-re.de\/de\/wp-json\/wp\/v2\/types\/page"}],"author":[{"embeddable":true,"href":"https:\/\/www.museum-re.de\/de\/wp-json\/wp\/v2\/users\/1"}],"replies":[{"embeddable":true,"href":"https:\/\/www.museum-re.de\/de\/wp-json\/wp\/v2\/comments?post=65"}],"version-history":[{"count":52,"href":"https:\/\/www.museum-re.de\/de\/wp-json\/wp\/v2\/pages\/65\/revisions"}],"predecessor-version":[{"id":8628,"href":"https:\/\/www.museum-re.de\/de\/wp-json\/wp\/v2\/pages\/65\/revisions\/8628"}],"up":[{"embeddable":true,"href":"https:\/\/www.museum-re.de\/de\/wp-json\/wp\/v2\/pages\/14"}],"wp:attachment":[{"href":"https:\/\/www.museum-re.de\/de\/wp-json\/wp\/v2\/media?parent=65"}],"curies":[{"name":"wp","href":"https:\/\/api.w.org\/{rel}","templated":true}]}}