{"id":67,"date":"2022-09-08T12:23:44","date_gmt":"2022-09-08T10:23:44","guid":{"rendered":"https:\/\/www.museum-re.de\/museum\/museum\/"},"modified":"2024-07-08T12:57:13","modified_gmt":"2024-07-08T10:57:13","slug":"museum","status":"publish","type":"page","link":"https:\/\/www.museum-re.de\/de\/museum\/museum\/","title":{"rendered":"Museum"},"content":{"rendered":"<div class=\"ce ce-hero   pb-medium    fullwidth\">\n\t<div class=\"container\">\n\t\t<div class=\"row\">\n\t\t\t<div class=\"col\">\n\t\t\t\t<figure>\n\t\t\t\t\t<div class=\"img-wrapper\">\n\t\t\t\t\t\t\t\t\t\t\t\t\t<img loading=\"lazy\" decoding=\"async\" width=\"3000\" height=\"1333\" src=\"https:\/\/www.museum-re.de\/wp-content\/uploads\/2024\/05\/2_Museum_Gebaeude_Hero-1.png\" class=\"attachment-full size-full\" alt=\"\" srcset=\"https:\/\/www.museum-re.de\/wp-content\/uploads\/2024\/05\/2_Museum_Gebaeude_Hero-1.png 3000w, https:\/\/www.museum-re.de\/wp-content\/uploads\/2024\/05\/2_Museum_Gebaeude_Hero-1-800x355.png 800w, https:\/\/www.museum-re.de\/wp-content\/uploads\/2024\/05\/2_Museum_Gebaeude_Hero-1-1024x455.png 1024w, https:\/\/www.museum-re.de\/wp-content\/uploads\/2024\/05\/2_Museum_Gebaeude_Hero-1-768x341.png 768w, https:\/\/www.museum-re.de\/wp-content\/uploads\/2024\/05\/2_Museum_Gebaeude_Hero-1-1536x682.png 1536w, https:\/\/www.museum-re.de\/wp-content\/uploads\/2024\/05\/2_Museum_Gebaeude_Hero-1-2048x910.png 2048w\" sizes=\"auto, (max-width: 3000px) 100vw, 3000px\" \/>\t\t\t\t\t\t\t\t\t\t\t<\/div>\n\t\t\t\t\t\t\t\t\t<\/figure>\n\t\t\t<\/div>\n\t\t<\/div>\n\t<\/div>\n<\/div>\n\n\n<div class=\"ce ce-onecol      \">\n\t<div class=\"container\">\n\t\t<div class=\"row\">\n\t\t\t<div class=\"col\">\n\t\t\t\t<h1>Museum<\/h1>\n\t\t\t<\/div>\n\t\t<\/div>\n\t<\/div>\n<\/div>\n\n\n<div class=\"ce ce-twocol      \">\n\t<div class=\"container\">\n\t\t<div class=\"row\">\n\t\t\t<div class=\"col col-custom-1\">\n\t\t\t\t<p>\u00dcber viele Jahre war es nur wenigen verg\u00f6nnt, die hochkar\u00e4tigen internationalen Werke aus der Sammlung Reinhard Ernst zu sehen. In unserem Museum wird dieses Vergn\u00fcgen nun allen Interessierten zuteil.<\/p>\n<p>Reinhard Ernst sammelt ausschlie\u00dflich abstrakte Kunst. Seine Sammlung hat damit ein seltenes und klares Profil. Infolgedessen ist das mre eines der wenigen Museen weltweit, die sich exklusiv der abstrakten Kunst widmen. Viele der K\u00fcnstler:innen der Sammlung Reinhard Ernst geh\u00f6ren zu den wichtigsten des 20. und 21. Jahrhunderts. Sie haben die zentralen Str\u00f6mungen der Abstraktion entscheidend mitgepr\u00e4gt.<br \/>\nIhr Schaffen w\u00fcrdigt das Museum in seinen Ausstellungen, von denen stets gleichzeitig zwei zu sehen sind:<\/p>\n\t\t\t<\/div>\n\t\t\t<div class=\"col col-custom-2\">\n\t\t\t\t<p>Die alle zwei Jahre erneuerten Sammlungspr\u00e4sentationen stellen unterschiedliche Aspekte der Sammlung Reinhard Ernst vor. Bei unseren j\u00e4hrlich wechselnden Sonderausstellungen zeigen wir historische Positionen ebenso wie K\u00fcnstler:innen der Gegenwart.<\/p>\n<p>Es ist unser zentrales Anliegen, den Besucher:innen verst\u00e4ndlich zu machen, was das \u201eAbenteuer Abstrakte Kunst\u201c eigentlich bedeutet. Es ist uns wichtig zu erz\u00e4hlen, wie tiefgreifend sich die Vorstellungen von Kunst und Welt in der zweiten H\u00e4lfte des 20. Jahrhunderts ver\u00e4ndert haben.<\/p>\n<p>&nbsp;<\/p>\n\t\t\t<\/div>\n\t\t<\/div>\n\t<\/div>\n<\/div>\n\n\n<div class=\"ce ce-twocol  pt-large pb-large   \">\n\t<div class=\"container\">\n\t\t<div class=\"row\">\n\t\t\t<div class=\"col col-custom-1\">\n\t\t\t\t<figure><img loading=\"lazy\" decoding=\"async\" class=\"alignnone wp-image-4114 size-full\" src=\"https:\/\/www.museum-re.de\/wp-content\/uploads\/2023\/03\/2-Spalter_Depot.png\" alt=\"\" width=\"800\" height=\"500\" srcset=\"https:\/\/www.museum-re.de\/wp-content\/uploads\/2023\/03\/2-Spalter_Depot.png 800w, https:\/\/www.museum-re.de\/wp-content\/uploads\/2023\/03\/2-Spalter_Depot-768x480.png 768w, https:\/\/www.museum-re.de\/wp-content\/uploads\/2023\/03\/2-Spalter_Depot-300x188.png 300w\" sizes=\"auto, (max-width: 800px) 100vw, 800px\" \/><\/figure>\n\t\t\t<\/div>\n\t\t\t<div class=\"col col-custom-2\">\n\t\t\t\t<figure><img loading=\"lazy\" decoding=\"async\" class=\"alignnone wp-image-4129 size-full\" src=\"https:\/\/www.museum-re.de\/wp-content\/uploads\/2023\/03\/2-Spalter_FrankStella.png\" alt=\"\" width=\"800\" height=\"500\" srcset=\"https:\/\/www.museum-re.de\/wp-content\/uploads\/2023\/03\/2-Spalter_FrankStella.png 800w, https:\/\/www.museum-re.de\/wp-content\/uploads\/2023\/03\/2-Spalter_FrankStella-768x480.png 768w, https:\/\/www.museum-re.de\/wp-content\/uploads\/2023\/03\/2-Spalter_FrankStella-300x188.png 300w\" sizes=\"auto, (max-width: 800px) 100vw, 800px\" \/><\/figure>\n\t\t\t<\/div>\n\t\t<\/div>\n\t<\/div>\n<\/div>\n\n\n<div class=\"ce ce-twocol   pb-small   \">\n\t<div class=\"container\">\n\t\t<div class=\"row\">\n\t\t\t<div class=\"col col-custom-1\">\n\t\t\t\t<p>Die Entstehung der meisterhaften Gem\u00e4lde und Skulpturen liegt erst wenige Jahrzehnte zur\u00fcck \u2013 die Kunst der Sammlung Reinhard Ernst ist gerade einmal rund 75 Jahre alt. Die Werke sind damit Zeugnisse unserer Zeit und greifen k\u00fcnstlerisch Themen unserer Gegenwart auf.<\/p>\n<p>Weil sich diese Gegenwart fortw\u00e4hrend ver\u00e4ndert, erneuern wir regelm\u00e4\u00dfig unsere Sammlungspr\u00e4sentationen. Wir zeigen die abstrakte Kunst \u00fcber zeitliche, geografische und rezeptionsgeschichtliche Grenzen hinweg: von den Anf\u00e4ngen in den 1950er Jahren bis in die Gegenwart. Von Tokio \u00fcber New York bis Wiesbaden. Von renommierten bis zu heute eher unbekannten Positionen.<\/p>\n<p>&nbsp;<\/p>\n\t\t\t<\/div>\n\t\t\t<div class=\"col col-custom-2\">\n\t\t\t\t<p>In diesem Sinne versteht sich das Museum Reinhard Ernst als internationales Zentrum f\u00fcr abstrakte Kunst. Abstraktion zum Staunen, Lernen &amp; Erleben. Und das nicht nur mit den Augen beim Besuch unserer Ausstellungen, sondern bei unserem reichen Vermittlungsprogramm auch mit dem gesamten K\u00f6rper und der eigenen Kreativit\u00e4t.<\/p>\n<p><strong>Unsere herzliche Einladung lautet:<br \/>\nexperience colour \u2013 colour experience!<\/strong><\/p>\n\t\t\t<\/div>\n\t\t<\/div>\n\t<\/div>\n<\/div>\n\n\n<div class=\"ce ce-img-slider      \">\n\t<div class=\"container\">\n\t\t<div class=\"row\">\n\t\t\t<div class=\"col\">\n\t\t\t\t<div class=\"img-slider\">\n\t\t\t\t\t<div class=\"swiper\">\n\t\t\t\t\t\t<div class=\"swiper-container\">\n\t\t\t\t\t\t\t<div class=\"swiper-wrapper\">\n\t\t\t\t\t\t\t\t\t\t\t\t\t\t\t\t\t<div class=\"swiper-slide\">\n\t\t\t\t\t\t\t\t\t\t<figure>\n\t\t\t\t\t\t\t\t\t\t\t<img loading=\"lazy\" decoding=\"async\" width=\"1500\" height=\"1058\" src=\"https:\/\/www.museum-re.de\/wp-content\/uploads\/2024\/04\/2_Impressionen_Museum-Reinhard-Ernst_1500.png\" class=\"attachment-full size-full\" alt=\"Impressionen_Museum-Reinhard-Ernst\" srcset=\"https:\/\/www.museum-re.de\/wp-content\/uploads\/2024\/04\/2_Impressionen_Museum-Reinhard-Ernst_1500.png 1500w, https:\/\/www.museum-re.de\/wp-content\/uploads\/2024\/04\/2_Impressionen_Museum-Reinhard-Ernst_1500-800x564.png 800w, https:\/\/www.museum-re.de\/wp-content\/uploads\/2024\/04\/2_Impressionen_Museum-Reinhard-Ernst_1500-1024x722.png 1024w, https:\/\/www.museum-re.de\/wp-content\/uploads\/2024\/04\/2_Impressionen_Museum-Reinhard-Ernst_1500-768x542.png 768w\" sizes=\"auto, (max-width: 1500px) 100vw, 1500px\" \/>\t\t\t\t\t\t\t\t\t\t\t\t\t\t\t\t\t\t\t\t\t<\/figure>\n\t\t\t\t\t\t\t\t\t<\/div>\n\t\t\t\t\t\t\t\t\t\t\t\t\t\t\t\t\t<div class=\"swiper-slide\">\n\t\t\t\t\t\t\t\t\t\t<figure>\n\t\t\t\t\t\t\t\t\t\t\t<img loading=\"lazy\" decoding=\"async\" width=\"1500\" height=\"1058\" src=\"https:\/\/www.museum-re.de\/wp-content\/uploads\/2024\/04\/1_Impressionen_Museum-Reinhard-Ernst_1500_2.png\" class=\"attachment-full size-full\" alt=\"\" srcset=\"https:\/\/www.museum-re.de\/wp-content\/uploads\/2024\/04\/1_Impressionen_Museum-Reinhard-Ernst_1500_2.png 1500w, https:\/\/www.museum-re.de\/wp-content\/uploads\/2024\/04\/1_Impressionen_Museum-Reinhard-Ernst_1500_2-800x564.png 800w, https:\/\/www.museum-re.de\/wp-content\/uploads\/2024\/04\/1_Impressionen_Museum-Reinhard-Ernst_1500_2-1024x722.png 1024w, https:\/\/www.museum-re.de\/wp-content\/uploads\/2024\/04\/1_Impressionen_Museum-Reinhard-Ernst_1500_2-768x542.png 768w\" sizes=\"auto, (max-width: 1500px) 100vw, 1500px\" \/>\t\t\t\t\t\t\t\t\t\t\t\t\t\t\t\t\t\t\t\t\t<\/figure>\n\t\t\t\t\t\t\t\t\t<\/div>\n\t\t\t\t\t\t\t\t\t\t\t\t\t\t\t\t\t<div class=\"swiper-slide\">\n\t\t\t\t\t\t\t\t\t\t<figure>\n\t\t\t\t\t\t\t\t\t\t\t<img loading=\"lazy\" decoding=\"async\" width=\"1500\" height=\"1058\" src=\"https:\/\/www.museum-re.de\/wp-content\/uploads\/2024\/04\/2_Impressionen_Menschen_Galerie.png\" class=\"attachment-full size-full\" alt=\"Impressionen_Museum-Reinhard-Ernst\" srcset=\"https:\/\/www.museum-re.de\/wp-content\/uploads\/2024\/04\/2_Impressionen_Menschen_Galerie.png 1500w, https:\/\/www.museum-re.de\/wp-content\/uploads\/2024\/04\/2_Impressionen_Menschen_Galerie-800x564.png 800w, https:\/\/www.museum-re.de\/wp-content\/uploads\/2024\/04\/2_Impressionen_Menschen_Galerie-1024x722.png 1024w, https:\/\/www.museum-re.de\/wp-content\/uploads\/2024\/04\/2_Impressionen_Menschen_Galerie-768x542.png 768w\" sizes=\"auto, (max-width: 1500px) 100vw, 1500px\" \/>\t\t\t\t\t\t\t\t\t\t\t\t\t\t\t\t\t\t\t\t\t<\/figure>\n\t\t\t\t\t\t\t\t\t<\/div>\n\t\t\t\t\t\t\t\t\t\t\t\t\t\t\t\t\t<div class=\"swiper-slide\">\n\t\t\t\t\t\t\t\t\t\t<figure>\n\t\t\t\t\t\t\t\t\t\t\t<img loading=\"lazy\" decoding=\"async\" width=\"1500\" height=\"1058\" src=\"https:\/\/www.museum-re.de\/wp-content\/uploads\/2024\/04\/Impressionen_Menschen_Galerie.png\" class=\"attachment-full size-full\" alt=\"Impressionen_Museum-Reinhard-Ernst\" srcset=\"https:\/\/www.museum-re.de\/wp-content\/uploads\/2024\/04\/Impressionen_Menschen_Galerie.png 1500w, https:\/\/www.museum-re.de\/wp-content\/uploads\/2024\/04\/Impressionen_Menschen_Galerie-800x564.png 800w, https:\/\/www.museum-re.de\/wp-content\/uploads\/2024\/04\/Impressionen_Menschen_Galerie-1024x722.png 1024w, https:\/\/www.museum-re.de\/wp-content\/uploads\/2024\/04\/Impressionen_Menschen_Galerie-768x542.png 768w\" sizes=\"auto, (max-width: 1500px) 100vw, 1500px\" \/>\t\t\t\t\t\t\t\t\t\t\t\t\t\t\t\t\t\t\t\t\t<\/figure>\n\t\t\t\t\t\t\t\t\t<\/div>\n\t\t\t\t\t\t\t\t\t\t\t\t\t\t\t<\/div>\n\t\t\t\t\t\t<\/div>\n\t\t\t\t\t\t<div class=\"swiper-pagination\"><\/div>\n\t\t\t\t\t<\/div>\n\t\t\t\t\t<div class=\"swiper-button-next\"><\/div>\n\t\t\t\t\t<div class=\"swiper-button-prev\"><\/div>\n\t\t\t\t<\/div>\n\t\t\t<\/div>\n\t\t<\/div>\n\t<\/div>\n<\/div>\n\n\n\n\t<div class=\"ce ce-teaser-slider  min-2-items min-3-items  pt-xlarge  is-threecol  \">\n\t\t<div class=\"container\">\n\t\t\t<div class=\"row\">\n\t\t\t\t<div class=\"col\">\n\t\t\t\t\t<div class=\"teaser-header\">\n\t\t\t\t\t\t\t\t\t\t\t\t\t<h4>Das k\u00f6nnte Sie auch interessieren:<\/h4>\t\t\t\t\t\t\t\t\t\t\t\t<div class=\"swiper-button-next\"><\/div>\n\t\t\t\t\t\t<div class=\"swiper-button-prev\"><\/div>\n\t\t\t\t\t<\/div>\n\t\t\t\t\t<div class=\"swiper\">\n\t\t\t\t\t\t<div class=\"swiper-container\">\n\t\t\t\t\t\t\t<div class=\"swiper-wrapper\">\n                                                                    <div class=\"swiper-slide\">\n                                        \n\n<div class=\"teaser\">\n\t\t\t<a href=\"https:\/\/shop.museum-re.de\/de\" target=\"\">\n\t\t\t<figure>\n\t<div class=\"teaser-img\">\n\t\t<div class=\"img-wrapper\">\n\t\t\t<img loading=\"lazy\" decoding=\"async\" width=\"500\" height=\"313\" src=\"https:\/\/www.museum-re.de\/wp-content\/uploads\/2023\/01\/Shop_Teaser_500313.png\" class=\"attachment-full size-full\" alt=\"\" \/>\t\t<\/div>\n\t<\/div>\n\t<figcaption class=\"teaser-caption\">\n\t\t\t\t\t<h4 class=\"teaser-title\">Shop<\/h4>\t\t\t\t\t<\/figcaption>\n<\/figure>\n\t\t<\/a>\n\t<\/div>\n                                    <\/div>\n                                                                    <div class=\"swiper-slide\">\n                                        \n\n<div class=\"teaser\">\n\t\t\t<a href=\"https:\/\/www.museum-re.de\/de\/besuch\/gastronomie\/\" target=\"\">\n\t\t\t<figure>\n\t<div class=\"teaser-img\">\n\t\t<div class=\"img-wrapper\">\n\t\t\t<img loading=\"lazy\" decoding=\"async\" width=\"800\" height=\"500\" src=\"https:\/\/www.museum-re.de\/wp-content\/uploads\/2023\/01\/rue1_800500-1.png\" class=\"attachment-full size-full\" alt=\"\" srcset=\"https:\/\/www.museum-re.de\/wp-content\/uploads\/2023\/01\/rue1_800500-1.png 800w, https:\/\/www.museum-re.de\/wp-content\/uploads\/2023\/01\/rue1_800500-1-768x480.png 768w\" sizes=\"auto, (max-width: 800px) 100vw, 800px\" \/>\t\t<\/div>\n\t<\/div>\n\t<figcaption class=\"teaser-caption\">\n\t\t\t\t\t<h4 class=\"teaser-title\">Gastronomie<\/h4>\t\t\t\t\t<\/figcaption>\n<\/figure>\n\t\t<\/a>\n\t<\/div>\n                                    <\/div>\n                                                                    <div class=\"swiper-slide\">\n                                        \n\n<div class=\"teaser\">\n\t\t\t<a href=\"https:\/\/www.museum-re.de\/de\/museum\/anmieten\/\" target=\"\">\n\t\t\t<figure>\n\t<div class=\"teaser-img\">\n\t\t<div class=\"img-wrapper\">\n\t\t\t<img loading=\"lazy\" decoding=\"async\" width=\"500\" height=\"313\" src=\"https:\/\/www.museum-re.de\/wp-content\/uploads\/2023\/01\/Maki-Forum_500313.png\" class=\"attachment-full size-full\" alt=\"\" \/>\t\t<\/div>\n\t<\/div>\n\t<figcaption class=\"teaser-caption\">\n\t\t\t\t\t<h4 class=\"teaser-title\">Anmieten<\/h4>\t\t\t\t\t<\/figcaption>\n<\/figure>\n\t\t<\/a>\n\t<\/div>\n                                    <\/div>\n                                \t\t\t\t\t\t\t<\/div>\n\t\t\t\t\t\t<\/div>\n\t\t\t\t\t<\/div>\n\t\t\t\t\t\t\t\t\t<\/div>\n\t\t\t<\/div>\n\t\t<\/div>\n\t<\/div>\n","protected":false},"excerpt":{"rendered":"","protected":false},"author":1,"featured_media":0,"parent":16,"menu_order":0,"comment_status":"closed","ping_status":"closed","template":"","meta":{"_acf_changed":false,"content-type":"","_relevanssi_hide_post":"","_relevanssi_hide_content":"","_relevanssi_pin_for_all":"","_relevanssi_pin_keywords":"","_relevanssi_unpin_keywords":"","_relevanssi_related_keywords":"","_relevanssi_related_include_ids":"","_relevanssi_related_exclude_ids":"","_relevanssi_related_no_append":"","_relevanssi_related_not_related":"","_relevanssi_related_posts":"256,272,265","_relevanssi_noindex_reason":"","footnotes":""},"class_list":["post-67","page","type-page","status-publish","hentry"],"acf":[],"_links":{"self":[{"href":"https:\/\/www.museum-re.de\/de\/wp-json\/wp\/v2\/pages\/67","targetHints":{"allow":["GET"]}}],"collection":[{"href":"https:\/\/www.museum-re.de\/de\/wp-json\/wp\/v2\/pages"}],"about":[{"href":"https:\/\/www.museum-re.de\/de\/wp-json\/wp\/v2\/types\/page"}],"author":[{"embeddable":true,"href":"https:\/\/www.museum-re.de\/de\/wp-json\/wp\/v2\/users\/1"}],"replies":[{"embeddable":true,"href":"https:\/\/www.museum-re.de\/de\/wp-json\/wp\/v2\/comments?post=67"}],"version-history":[{"count":69,"href":"https:\/\/www.museum-re.de\/de\/wp-json\/wp\/v2\/pages\/67\/revisions"}],"predecessor-version":[{"id":12604,"href":"https:\/\/www.museum-re.de\/de\/wp-json\/wp\/v2\/pages\/67\/revisions\/12604"}],"up":[{"embeddable":true,"href":"https:\/\/www.museum-re.de\/de\/wp-json\/wp\/v2\/pages\/16"}],"wp:attachment":[{"href":"https:\/\/www.museum-re.de\/de\/wp-json\/wp\/v2\/media?parent=67"}],"curies":[{"name":"wp","href":"https:\/\/api.w.org\/{rel}","templated":true}]}}