{"id":73,"date":"2022-09-08T12:23:45","date_gmt":"2022-09-08T10:23:45","guid":{"rendered":"https:\/\/www.museum-re.de\/museum\/reinhard-sonja-ernst-stiftung\/"},"modified":"2024-04-27T16:18:05","modified_gmt":"2024-04-27T14:18:05","slug":"reinhard-sonja-ernst-stiftung","status":"publish","type":"page","link":"https:\/\/www.museum-re.de\/de\/museum\/reinhard-sonja-ernst-stiftung\/","title":{"rendered":"Reinhard &#038; Sonja Ernst-Stiftung"},"content":{"rendered":"<div class=\"ce ce-onecol      \">\n\t<div class=\"container\">\n\t\t<div class=\"row\">\n\t\t\t<div class=\"col\">\n\t\t\t\t<h1>Reinhard &amp; Sonja Ernst-Stiftung<\/h1>\n\t\t\t<\/div>\n\t\t<\/div>\n\t<\/div>\n<\/div>\n\n\n<div class=\"ce ce-twocol  pt-large  layout-7-5  \">\n\t<div class=\"container\">\n\t\t<div class=\"row\">\n\t\t\t<div class=\"col col-custom-1\">\n\t\t\t\t<figure id=\"attachment_5666\" aria-describedby=\"caption-attachment-5666\" class=\"wp-caption alignnone\"><img loading=\"lazy\" decoding=\"async\" class=\"wp-image-5666 size-full\" src=\"https:\/\/www.museum-re.de\/wp-content\/uploads\/2023\/05\/REundSE_ret.png\" alt=\"\" width=\"800\" height=\"500\" srcset=\"https:\/\/www.museum-re.de\/wp-content\/uploads\/2023\/05\/REundSE_ret.png 800w, https:\/\/www.museum-re.de\/wp-content\/uploads\/2023\/05\/REundSE_ret-768x480.png 768w\" sizes=\"auto, (max-width: 800px) 100vw, 800px\" \/><figcaption id=\"caption-attachment-5666\" class=\"wp-caption-text\">Foto: Tanja Nitzke<\/figcaption><\/figure>\n\t\t\t<\/div>\n\t\t\t<div class=\"col col-custom-2\">\n\t\t\t\t<h2 style=\"text-align: left;\">\u201eUnser gemeinsamer Lebensweg hat uns M\u00f6glichkeiten er\u00f6ffnet, die wir durch unsere Stiftung nutzen. Das Leben hat es gut mit uns gemeint. Wir wollen andere Menschen an unserem Erfolg teilhaben lassen.\u201c<\/h2>\n<p>\u2013 Reinhard &amp; Sonja Ernst<\/p>\n\t\t\t<\/div>\n\t\t<\/div>\n\t<\/div>\n<\/div>\n\n\n<div class=\"ce ce-twocol  pt-xlarge  layout-7-5  \">\n\t<div class=\"container\">\n\t\t<div class=\"row\">\n\t\t\t<div class=\"col col-custom-1\">\n\t\t\t\t<p>Die Reinhard &amp; Sonja Ernst-Stiftung f\u00f6rdert Projekte, die den Werten des Stifterehepaares Ausdruck verleihen. Dazu z\u00e4hlen Kunst und Kultur sowie Orte des Zusammenlebens, des Lernens und der Denkmalschutz.<\/p>\n<p>Das Ehepaar Ernst will seine Zuwendungen, sein Engagement und seine Netzwerke m\u00f6glichst effektiv f\u00fcr die Gemeinschaft einsetzen. Diesen Gedanken verwirklicht die Stiftung dank ihres Verm\u00f6gens in ausschlie\u00dflich eigenen Projekten, die der Gemeinschaft dienen. Mit jedem Projekt verbindet die Gr\u00fcnder eine besondere Beziehung, wodurch die Arbeit der Stiftung authentisch und effektiv ist.<\/p>\n\t\t\t<\/div>\n\t\t\t<div class=\"col col-custom-2\">\n\t\t\t\t<figure><img loading=\"lazy\" decoding=\"async\" class=\"alignnone wp-image-3793 size-full\" src=\"https:\/\/www.museum-re.de\/wp-content\/uploads\/2023\/03\/ernst_stiftung_logo.png\" alt=\"\" width=\"2000\" height=\"608\" srcset=\"https:\/\/www.museum-re.de\/wp-content\/uploads\/2023\/03\/ernst_stiftung_logo.png 2000w, https:\/\/www.museum-re.de\/wp-content\/uploads\/2023\/03\/ernst_stiftung_logo-800x243.png 800w, https:\/\/www.museum-re.de\/wp-content\/uploads\/2023\/03\/ernst_stiftung_logo-1024x311.png 1024w, https:\/\/www.museum-re.de\/wp-content\/uploads\/2023\/03\/ernst_stiftung_logo-768x233.png 768w, https:\/\/www.museum-re.de\/wp-content\/uploads\/2023\/03\/ernst_stiftung_logo-1536x467.png 1536w, https:\/\/www.museum-re.de\/wp-content\/uploads\/2023\/03\/ernst_stiftung_logo-300x91.png 300w\" sizes=\"auto, (max-width: 2000px) 100vw, 2000px\" \/><\/figure>\n\t\t\t<\/div>\n\t\t<\/div>\n\t<\/div>\n<\/div>\n\n\n\t<div class=\"ce ce-teaser-slider  min-2-items min-3-items  pt-medium  is-threecol  \">\n\t\t<div class=\"container\">\n\t\t\t<div class=\"row\">\n\t\t\t\t<div class=\"col\">\n\t\t\t\t\t<div class=\"teaser-header\">\n\t\t\t\t\t\t\t\t\t\t\t\t\t<h2>Stiftungsprojekte<\/h2>\t\t\t\t\t\t\t\t\t\t\t\t<div class=\"swiper-button-next\"><\/div>\n\t\t\t\t\t\t<div class=\"swiper-button-prev\"><\/div>\n\t\t\t\t\t<\/div>\n\t\t\t\t\t<div class=\"swiper\">\n\t\t\t\t\t\t<div class=\"swiper-container\">\n\t\t\t\t\t\t\t<div class=\"swiper-wrapper\">\n                                                                    <div class=\"swiper-slide\">\n                                        \n\n<div class=\"teaser\">\n\t\t\t<a href=\"https:\/\/www.ernst-stiftung.de\/projekte\/kunst-kultur\/musikschule-eppstein\/\" target=\"_blank\">\n\t\t\t<figure>\n\t<div class=\"teaser-img\">\n\t\t<div class=\"img-wrapper\">\n\t\t\t<img loading=\"lazy\" decoding=\"async\" width=\"1280\" height=\"854\" src=\"https:\/\/www.museum-re.de\/wp-content\/uploads\/2023\/02\/stiftung_01.jpg\" class=\"attachment-full size-full\" alt=\"\" srcset=\"https:\/\/www.museum-re.de\/wp-content\/uploads\/2023\/02\/stiftung_01.jpg 1280w, https:\/\/www.museum-re.de\/wp-content\/uploads\/2023\/02\/stiftung_01-800x534.jpg 800w, https:\/\/www.museum-re.de\/wp-content\/uploads\/2023\/02\/stiftung_01-1024x683.jpg 1024w, https:\/\/www.museum-re.de\/wp-content\/uploads\/2023\/02\/stiftung_01-768x512.jpg 768w, https:\/\/www.museum-re.de\/wp-content\/uploads\/2023\/02\/stiftung_01-300x200.jpg 300w\" sizes=\"auto, (max-width: 1280px) 100vw, 1280px\" \/>\t\t<\/div>\n\t<\/div>\n\t<figcaption class=\"teaser-caption\">\n\t\t\t\t\t<h4 class=\"teaser-title\">Musikschule in Eppstein<\/h4>\t\t\t\t\t<\/figcaption>\n<\/figure>\n\t\t<\/a>\n\t<\/div>\n                                    <\/div>\n                                                                    <div class=\"swiper-slide\">\n                                        \n\n<div class=\"teaser\">\n\t\t\t<a href=\"https:\/\/www.ernst-stiftung.de\/projekte\/gesellschaft\/haus-der-hoffnung\/\" target=\"_blank\">\n\t\t\t<figure>\n\t<div class=\"teaser-img\">\n\t\t<div class=\"img-wrapper\">\n\t\t\t<img loading=\"lazy\" decoding=\"async\" width=\"1280\" height=\"854\" src=\"https:\/\/www.museum-re.de\/wp-content\/uploads\/2023\/02\/stiftung_02.jpg\" class=\"attachment-full size-full\" alt=\"\" srcset=\"https:\/\/www.museum-re.de\/wp-content\/uploads\/2023\/02\/stiftung_02.jpg 1280w, https:\/\/www.museum-re.de\/wp-content\/uploads\/2023\/02\/stiftung_02-800x534.jpg 800w, https:\/\/www.museum-re.de\/wp-content\/uploads\/2023\/02\/stiftung_02-1024x683.jpg 1024w, https:\/\/www.museum-re.de\/wp-content\/uploads\/2023\/02\/stiftung_02-768x512.jpg 768w, https:\/\/www.museum-re.de\/wp-content\/uploads\/2023\/02\/stiftung_02-300x200.jpg 300w\" sizes=\"auto, (max-width: 1280px) 100vw, 1280px\" \/>\t\t<\/div>\n\t<\/div>\n\t<figcaption class=\"teaser-caption\">\n\t\t\t\t\t<h4 class=\"teaser-title\">Haus der Hoffnung in Natori<\/h4>\t\t\t\t\t<\/figcaption>\n<\/figure>\n\t\t<\/a>\n\t<\/div>\n                                    <\/div>\n                                                                    <div class=\"swiper-slide\">\n                                        \n\n<div class=\"teaser\">\n\t\t\t<a href=\"https:\/\/www.ernst-stiftung.de\/projekte\/baudenkmaeler\/\" target=\"_blank\">\n\t\t\t<figure>\n\t<div class=\"teaser-img\">\n\t\t<div class=\"img-wrapper\">\n\t\t\t<img loading=\"lazy\" decoding=\"async\" width=\"1280\" height=\"854\" src=\"https:\/\/www.museum-re.de\/wp-content\/uploads\/2023\/02\/stiftung_03.jpg\" class=\"attachment-full size-full\" alt=\"\" srcset=\"https:\/\/www.museum-re.de\/wp-content\/uploads\/2023\/02\/stiftung_03.jpg 1280w, https:\/\/www.museum-re.de\/wp-content\/uploads\/2023\/02\/stiftung_03-800x534.jpg 800w, https:\/\/www.museum-re.de\/wp-content\/uploads\/2023\/02\/stiftung_03-1024x683.jpg 1024w, https:\/\/www.museum-re.de\/wp-content\/uploads\/2023\/02\/stiftung_03-768x512.jpg 768w, https:\/\/www.museum-re.de\/wp-content\/uploads\/2023\/02\/stiftung_03-300x200.jpg 300w\" sizes=\"auto, (max-width: 1280px) 100vw, 1280px\" \/>\t\t<\/div>\n\t<\/div>\n\t<figcaption class=\"teaser-caption\">\n\t\t\t\t\t<h4 class=\"teaser-title\">Baudenkm\u00e4ler<\/h4>\t\t\t\t\t<\/figcaption>\n<\/figure>\n\t\t<\/a>\n\t<\/div>\n                                    <\/div>\n                                \t\t\t\t\t\t\t<\/div>\n\t\t\t\t\t\t<\/div>\n\t\t\t\t\t<\/div>\n\t\t\t\t\t\t\t\t\t<\/div>\n\t\t\t<\/div>\n\t\t<\/div>\n\t<\/div>\n\n\n<div class=\"ce ce-twocol  pt-medium    \">\n\t<div class=\"container\">\n\t\t<div class=\"row\">\n\t\t\t<div class=\"col col-custom-1\">\n\t\t\t\t<p>Die gemeinn\u00fctzige Stiftungsarbeit zeigt sich an verschiedenen Beispielen: Das \u201eHaus der Hoffnung\u201c in der japanischen Stadt Natori wurde von der Reinhard &amp; Sonja Ernst-Stiftung finanziert und der Stadt geschenkt. Nach der verheerenden Reaktor- und Tsunamikatastrophe 2011 ist es bis heute eine wichtige Begegnungsst\u00e4tte f\u00fcr viele Kinder und alte Menschen. Schon f\u00fcr dieses Projekt arbeiteten Reinhard Ernst und der Architekt Fumihiko Maki eng zusammen.<br \/>\nDer Stadt Eppstein, dem ehemals langj\u00e4hrigen Wohnort der Familie Ernst, schenkte die Stiftung ein Musikschulhaus. Der Bau wurde g\u00e4nzlich von der Stiftung finanziert und der Stadt bezugsfertig \u00fcbergeben.<\/p>\n\t\t\t<\/div>\n\t\t\t<div class=\"col col-custom-2\">\n\t\t\t\t<p>Neben diesen von der Stiftung eigens erbauten Begegnungsorten sind Sanierung und Erhalt denkmalgesch\u00fctzter Geb\u00e4ude, wie des Walderdorffer Hofs in Limburg an der Lahn, weitere grundlegende Beispiele f\u00fcr den Stiftungszweck.<br \/>\nDie Reinhard &amp; Sonja Ernst-Stiftung ist alleinige Tr\u00e4gerin des Museums Reinhard Ernst. Die kompletten Bau- und Unterhaltskosten werden von der Stiftung finanziert.<\/p>\n<p>Weitere Informationen zur Reinhard &amp; Sonja Ernst-Stiftung finden Sie <strong><a href=\"https:\/\/www.ernst-stiftung.de\/\" target=\"_blank\" rel=\"noopener\">hier<\/a><\/strong>.<\/p>\n\t\t\t<\/div>\n\t\t<\/div>\n\t<\/div>\n<\/div>\n\n\n\t<div class=\"ce ce-teaser-slider  min-2-items min-3-items  pt-large pb-large is-threecol  \">\n\t\t<div class=\"container\">\n\t\t\t<div class=\"row\">\n\t\t\t\t<div class=\"col\">\n\t\t\t\t\t<div class=\"teaser-header\">\n\t\t\t\t\t\t\t\t\t\t\t\t\t<h4>Das k\u00f6nnte Sie auch interessieren:<\/h4>\t\t\t\t\t\t\t\t\t\t\t\t<div class=\"swiper-button-next\"><\/div>\n\t\t\t\t\t\t<div class=\"swiper-button-prev\"><\/div>\n\t\t\t\t\t<\/div>\n\t\t\t\t\t<div class=\"swiper\">\n\t\t\t\t\t\t<div class=\"swiper-container\">\n\t\t\t\t\t\t\t<div class=\"swiper-wrapper\">\n                                                                    <div class=\"swiper-slide\">\n                                        \n\n<div class=\"teaser\">\n\t\t\t<a href=\"https:\/\/www.museum-re.de\/de\/lernen-erleben\/farblabor\/\" target=\"\">\n\t\t\t<figure>\n\t<div class=\"teaser-img\">\n\t\t<div class=\"img-wrapper\">\n\t\t\t<img loading=\"lazy\" decoding=\"async\" width=\"800\" height=\"500\" src=\"https:\/\/www.museum-re.de\/wp-content\/uploads\/2024\/04\/2_Schulen-und-Bildungsorte_800500.png\" class=\"attachment-full size-full\" alt=\"\" srcset=\"https:\/\/www.museum-re.de\/wp-content\/uploads\/2024\/04\/2_Schulen-und-Bildungsorte_800500.png 800w, https:\/\/www.museum-re.de\/wp-content\/uploads\/2024\/04\/2_Schulen-und-Bildungsorte_800500-768x480.png 768w\" sizes=\"auto, (max-width: 800px) 100vw, 800px\" \/>\t\t<\/div>\n\t<\/div>\n\t<figcaption class=\"teaser-caption\">\n\t\t\t\t\t<h4 class=\"teaser-title\">Farblabor<\/h4>\t\t\t\t\t<\/figcaption>\n<\/figure>\n\t\t<\/a>\n\t<\/div>\n                                    <\/div>\n                                                                    <div class=\"swiper-slide\">\n                                        \n\n<div class=\"teaser\">\n\t\t\t<a href=\"https:\/\/www.museum-re.de\/de\/besuch\/fuehrungen\/\" target=\"\">\n\t\t\t<figure>\n\t<div class=\"teaser-img\">\n\t\t<div class=\"img-wrapper\">\n\t\t\t<img loading=\"lazy\" decoding=\"async\" width=\"800\" height=\"500\" src=\"https:\/\/www.museum-re.de\/wp-content\/uploads\/2024\/04\/Zustiftung_Ausstellung_800500.png\" class=\"attachment-full size-full\" alt=\"\" srcset=\"https:\/\/www.museum-re.de\/wp-content\/uploads\/2024\/04\/Zustiftung_Ausstellung_800500.png 800w, https:\/\/www.museum-re.de\/wp-content\/uploads\/2024\/04\/Zustiftung_Ausstellung_800500-768x480.png 768w\" sizes=\"auto, (max-width: 800px) 100vw, 800px\" \/>\t\t<\/div>\n\t<\/div>\n\t<figcaption class=\"teaser-caption\">\n\t\t\t\t\t<h4 class=\"teaser-title\">Rundg\u00e4nge &amp; Workshops<\/h4>\t\t\t\t\t<\/figcaption>\n<\/figure>\n\t\t<\/a>\n\t<\/div>\n                                    <\/div>\n                                                                    <div class=\"swiper-slide\">\n                                        \n\n<div class=\"teaser\">\n\t\t\t<a href=\"https:\/\/www.museum-re.de\/de\/lernen-erleben\/kinder\/\" target=\"\">\n\t\t\t<figure>\n\t<div class=\"teaser-img\">\n\t\t<div class=\"img-wrapper\">\n\t\t\t<img loading=\"lazy\" decoding=\"async\" width=\"800\" height=\"500\" src=\"https:\/\/www.museum-re.de\/wp-content\/uploads\/2024\/04\/Farbe-in-Bewegung-Familienzeit_800500.png\" class=\"attachment-full size-full\" alt=\"\" srcset=\"https:\/\/www.museum-re.de\/wp-content\/uploads\/2024\/04\/Farbe-in-Bewegung-Familienzeit_800500.png 800w, https:\/\/www.museum-re.de\/wp-content\/uploads\/2024\/04\/Farbe-in-Bewegung-Familienzeit_800500-768x480.png 768w\" sizes=\"auto, (max-width: 800px) 100vw, 800px\" \/>\t\t<\/div>\n\t<\/div>\n\t<figcaption class=\"teaser-caption\">\n\t\t\t\t\t<h4 class=\"teaser-title\">Kinder &amp; Familien<\/h4>\t\t\t\t\t<\/figcaption>\n<\/figure>\n\t\t<\/a>\n\t<\/div>\n                                    <\/div>\n                                \t\t\t\t\t\t\t<\/div>\n\t\t\t\t\t\t<\/div>\n\t\t\t\t\t<\/div>\n\t\t\t\t\t\t\t\t\t<\/div>\n\t\t\t<\/div>\n\t\t<\/div>\n\t<\/div>\n","protected":false},"excerpt":{"rendered":"","protected":false},"author":1,"featured_media":0,"parent":16,"menu_order":3,"comment_status":"closed","ping_status":"closed","template":"","meta":{"_acf_changed":false,"content-type":"","_relevanssi_hide_post":"","_relevanssi_hide_content":"","_relevanssi_pin_for_all":"","_relevanssi_pin_keywords":"","_relevanssi_unpin_keywords":"","_relevanssi_related_keywords":"","_relevanssi_related_include_ids":"","_relevanssi_related_exclude_ids":"","_relevanssi_related_no_append":"","_relevanssi_related_not_related":"","_relevanssi_related_posts":"256,265,1243,272","_relevanssi_noindex_reason":"","footnotes":""},"class_list":["post-73","page","type-page","status-publish","hentry"],"acf":[],"_links":{"self":[{"href":"https:\/\/www.museum-re.de\/de\/wp-json\/wp\/v2\/pages\/73","targetHints":{"allow":["GET"]}}],"collection":[{"href":"https:\/\/www.museum-re.de\/de\/wp-json\/wp\/v2\/pages"}],"about":[{"href":"https:\/\/www.museum-re.de\/de\/wp-json\/wp\/v2\/types\/page"}],"author":[{"embeddable":true,"href":"https:\/\/www.museum-re.de\/de\/wp-json\/wp\/v2\/users\/1"}],"replies":[{"embeddable":true,"href":"https:\/\/www.museum-re.de\/de\/wp-json\/wp\/v2\/comments?post=73"}],"version-history":[{"count":64,"href":"https:\/\/www.museum-re.de\/de\/wp-json\/wp\/v2\/pages\/73\/revisions"}],"predecessor-version":[{"id":8512,"href":"https:\/\/www.museum-re.de\/de\/wp-json\/wp\/v2\/pages\/73\/revisions\/8512"}],"up":[{"embeddable":true,"href":"https:\/\/www.museum-re.de\/de\/wp-json\/wp\/v2\/pages\/16"}],"wp:attachment":[{"href":"https:\/\/www.museum-re.de\/de\/wp-json\/wp\/v2\/media?parent=73"}],"curies":[{"name":"wp","href":"https:\/\/api.w.org\/{rel}","templated":true}]}}